{"id":5118,"date":"2024-12-15T09:35:03","date_gmt":"2024-12-15T09:35:03","guid":{"rendered":"https:\/\/pp8.kluczbork.pl\/?page_id=5118"},"modified":"2025-07-14T14:35:19","modified_gmt":"2025-07-14T14:35:19","slug":"od-maluchow-do-starszakow","status":"publish","type":"page","link":"https:\/\/pp8.kluczbork.pl\/?page_id=5118","title":{"rendered":"Od maluch\u00f3w do starszak\u00f3w &#8211; podniesienie jako\u015bci edukacji przedszkolnej w Gminie Kluczbork."},"content":{"rendered":"\t\t<div data-elementor-type=\"wp-page\" data-elementor-id=\"5118\" class=\"elementor elementor-5118\" data-elementor-settings=\"[]\">\n\t\t\t\t\t\t\t<div class=\"elementor-section-wrap\">\n\t\t\t\t\t\t\t<section class=\"elementor-section elementor-top-section elementor-element elementor-element-ddc50c3 elementor-section-boxed elementor-section-height-default elementor-section-height-default\" data-id=\"ddc50c3\" data-element_type=\"section\">\n\t\t\t\t\t\t<div class=\"elementor-container elementor-column-gap-default\">\n\t\t\t\t\t<div class=\"elementor-column elementor-col-100 elementor-top-column elementor-element elementor-element-672b7fb\" data-id=\"672b7fb\" data-element_type=\"column\">\n\t\t\t<div class=\"elementor-widget-wrap elementor-element-populated\">\n\t\t\t\t\t\t\t\t<div class=\"elementor-element elementor-element-b118f28 elementor-grid-3 elementor-grid-tablet-2 elementor-grid-mobile-1 elementor-widget elementor-widget-gyan_post_grid\" data-id=\"b118f28\" data-element_type=\"widget\" data-settings=\"{&quot;columns&quot;:&quot;3&quot;,&quot;columns_tablet&quot;:&quot;2&quot;,&quot;columns_mobile&quot;:&quot;1&quot;}\" data-widget_type=\"gyan_post_grid.default\">\n\t\t\t\t<div class=\"elementor-widget-container\">\n\t\t\t        <div class=\"gyan-post-grid-container gyan-post-grid-s1 gyan-post-grid-container-b118f28\" data-layout=\"grid\" data-rtl=\"false\">\n\n            \n            <div class=\"gyan-post-grid gyan-elementor-grid\">\n                            <\/div><div class=\"clear\"><\/div>\n        <\/div>\n\n                      <div class=\"gyan-pagination-holder\"><\/div>\n        \n        \t\t<\/div>\n\t\t\t\t<\/div>\n\t\t\t\t<div class=\"elementor-element elementor-element-138d375 elementor-widget elementor-widget-text-editor\" data-id=\"138d375\" data-element_type=\"widget\" data-widget_type=\"text-editor.default\">\n\t\t\t\t<div class=\"elementor-widget-container\">\n\t\t\t\t\t\t\t\t<p><img loading=\"lazy\" decoding=\"async\" src=\"https:\/\/pp8.kluczbork.pl\/wp-content\/uploads\/2024\/12\/logo-projektu-300x32.jpg\" alt=\"\" width=\"300\" height=\"32\" \/><\/p><p><a href=\"https:\/\/pp8.kluczbork.pl\/wp-content\/uploads\/2024\/12\/Informacja-dotyczaca-projektu.pdf\">Informacja dotycz\u0105ca projektu<\/a>\u00a0\u00a0<\/p><p><a href=\"https:\/\/pp8.kluczbork.pl\/wp-content\/uploads\/2025\/04\/Klauzula-informacyjna-uczestnika-projektu.pdf\">Klauzula informacyjna uczestnika projektu<\/a><\/p><p><a href=\"https:\/\/pp8.kluczbork.pl\/wp-content\/uploads\/2024\/12\/informacja-o-rekrutacji.pdf\">informacja o rekrutacji<\/a>\u00a0<\/p><p><a href=\"https:\/\/pp8.kluczbork.pl\/wp-content\/uploads\/2024\/12\/Regulamin-rekrutacji-Od-maluchow-do-starszakow-podniesienie-jakosci-edukacji-przedszkolnej-w-Gminie-Kluczbork.pdf\">Regulamin rekrutacji Od maluch\u00f3w do starszak\u00f3w-podniesienie jako\u015bci edukacji przedszkolnej w Gminie Kluczbork.<\/a>\u00a0<\/p><p><a href=\"https:\/\/pp8.kluczbork.pl\/wp-content\/uploads\/2024\/12\/zarzadzenia-dotyczace-rekrutacji-do-projektu-przedszkolnego.pdf\">zarz\u0105dzenia dotycz\u0105ce rekrutacji do projektu przedszkolnego<\/a><\/p><p><a href=\"https:\/\/pp8.kluczbork.pl\/wp-content\/uploads\/2025\/01\/DOFINANSOWANIE-ZE-SRODKOW-EUROPEJSKIEGO-FUNDUSZU-SPOLECZNEGO-PLUS-W-RAMACH-FUNDUSZY-EUROPEJSKICH-DLA-OPOLSKIEGO-2021-styczen-2025r.pdf\">DOFINANSOWANIE ZE \u015aRODK\u00d3W EUROPEJSKIEGO FUNDUSZU SPO\u0141ECZNEGO PLUS W RAMACH FUNDUSZY EUROPEJSKICH DLA OPOLSKIEGO 2021 stycze\u0144 2025r.<\/a><\/p><p><span style=\"color: #000080;\"><strong><a style=\"color: #000080;\" href=\"https:\/\/pp8.kluczbork.pl\/wp-content\/uploads\/2025\/02\/DEKLARACJA-DOSTEPNOSCI-MIEJSC-REALIZACJI-PROJEKTU_.pdf\">RAPORT O STANIE DOST\u0118PNO\u015aCI<\/a><\/strong><\/span><\/p><p><a href=\"https:\/\/flic.kr\/s\/aHBqjC146C\">Zaj\u0119cia Logopedyczne<\/a><\/p><p><a href=\"https:\/\/flic.kr\/s\/aHBqjC19EW\">Zaj\u0119cia Spo\u0142eczno-Emocjonalne<\/a><\/p><p><a href=\"https:\/\/flic.kr\/s\/aHBqjC19F2\">Zaj\u0119cia Korekcyjno-Kompensacyjne gr.I<\/a><\/p><p><a href=\"https:\/\/flic.kr\/s\/aHBqjC19Lh\">Zaj\u0119cia Przyrodnicze gr.II<\/a><\/p><p><a href=\"https:\/\/flic.kr\/s\/aHBqjC14ey\">Zaj\u0119cia \u00a0Rozwijaj\u0105ce Kreatywno\u015b\u0107<\/a><\/p><p><a href=\"https:\/\/flic.kr\/s\/aHBqjC14a5\">Zaj\u0119cia z Kodowania i Programowania<\/a><\/p><p><a href=\"https:\/\/flic.kr\/s\/aHBqjC14aq\">Zaj\u0119cia z Przedsi\u0119biorczo\u015bci i Preorientacji Zawodowej gr. I<\/a><\/p><p><a href=\"https:\/\/flic.kr\/s\/aHBqjC19KL\">Zaj\u0119cia z Przedsi\u0119biorczo\u015bci i Preorientacji Zawodowej gr. II<\/a><\/p><p><a href=\"https:\/\/pp8.kluczbork.pl\/?p=5412\">Wycieczka do RCRE w Opolu<\/a><\/p><p><a href=\"https:\/\/pp8.kluczbork.pl\/?p=5517\">Pierwsza Pomoc<\/a><\/p><p><a href=\"https:\/\/pp8.kluczbork.pl\/wp-content\/uploads\/2025\/07\/czerwiec-2025-Pierwsza-pomoc-przedmedyczna-w-ramach-projektu-Od-malucho-do-starszakow.pdf\">czerwiec 2025 Pierwsza pomoc przedmedyczna w ramach projektu- Od maluch\u00f3w do starszak\u00f3w&#8230;<\/a><\/p><p><a href=\"https:\/\/pp8.kluczbork.pl\/wp-content\/uploads\/2025\/07\/Dzien-Dziecka-18.06.2025r.pdf\">Dzie\u0144 Dziecka 18.06.2025r.<\/a><\/p>\t\t\t\t\t\t<\/div>\n\t\t\t\t<\/div>\n\t\t\t\t\t<\/div>\n\t\t<\/div>\n\t\t\t\t\t\t\t<\/div>\n\t\t<\/section>\n\t\t\t\t\t\t<\/div>\n\t\t\t\t\t<\/div>\n\t\t","protected":false},"excerpt":{"rendered":"<p>Informacja dotycz\u0105ca projektu\u00a0\u00a0 Klauzula informacyjna uczestnika projektu informacja o rekrutacji\u00a0 Regulamin rekrutacji Od maluch\u00f3w do starszak\u00f3w-podniesienie jako\u015bci edukacji przedszkolnej w Gminie Kluczbork.\u00a0 zarz\u0105dzenia dotycz\u0105ce rekrutacji do projektu przedszkolnego DOFINANSOWANIE ZE \u015aRODK\u00d3W EUROPEJSKIEGO FUNDUSZU SPO\u0141ECZNEGO PLUS W RAMACH FUNDUSZY EUROPEJSKICH DLA OPOLSKIEGO 2021 stycze\u0144 2025r. RAPORT O STANIE DOST\u0118PNO\u015aCI Zaj\u0119cia Logopedyczne [&hellip;]<\/p>\n","protected":false},"author":16,"featured_media":0,"parent":0,"menu_order":0,"comment_status":"closed","ping_status":"closed","template":"","meta":{"ngg_post_thumbnail":0,"footnotes":""},"_links":{"self":[{"href":"https:\/\/pp8.kluczbork.pl\/index.php?rest_route=\/wp\/v2\/pages\/5118"}],"collection":[{"href":"https:\/\/pp8.kluczbork.pl\/index.php?rest_route=\/wp\/v2\/pages"}],"about":[{"href":"https:\/\/pp8.kluczbork.pl\/index.php?rest_route=\/wp\/v2\/types\/page"}],"author":[{"embeddable":true,"href":"https:\/\/pp8.kluczbork.pl\/index.php?rest_route=\/wp\/v2\/users\/16"}],"replies":[{"embeddable":true,"href":"https:\/\/pp8.kluczbork.pl\/index.php?rest_route=%2Fwp%2Fv2%2Fcomments&post=5118"}],"version-history":[{"count":99,"href":"https:\/\/pp8.kluczbork.pl\/index.php?rest_route=\/wp\/v2\/pages\/5118\/revisions"}],"predecessor-version":[{"id":5566,"href":"https:\/\/pp8.kluczbork.pl\/index.php?rest_route=\/wp\/v2\/pages\/5118\/revisions\/5566"}],"wp:attachment":[{"href":"https:\/\/pp8.kluczbork.pl\/index.php?rest_route=%2Fwp%2Fv2%2Fmedia&parent=5118"}],"curies":[{"name":"wp","href":"https:\/\/api.w.org\/{rel}","templated":true}]}}