{"id":4107,"date":"2023-04-16T17:51:09","date_gmt":"2023-04-16T17:51:09","guid":{"rendered":"https:\/\/pp8.kluczbork.pl\/?page_id=4107"},"modified":"2026-03-06T18:52:17","modified_gmt":"2026-03-06T18:52:17","slug":"rekrutacja-do-przedszkola","status":"publish","type":"page","link":"https:\/\/pp8.kluczbork.pl\/?page_id=4107","title":{"rendered":"Rekrutacja do przedszkola"},"content":{"rendered":"<p><span style=\"color: #3366ff;\"><span style=\"caret-color: #3366ff;\"><b>INFORMATOR O REKRUTACJI DZIECI DO PRZEDSZKOLA<br \/>\n<\/b><\/span><\/span><\/p>\n<p><span style=\"font-size: 18pt;\"><a href=\"https:\/\/pp8.kluczbork.pl\/wp-content\/uploads\/2025\/01\/informator_pp.pdf\">informator_pp<\/a><\/span><\/p>\n<p><span style=\"color: #3366ff;\"><a style=\"color: #3366ff;\" href=\"https:\/\/pp8.kluczbork.pl\/wp-content\/uploads\/2026\/01\/Rekrutacja-2026.pdf\"><span style=\"font-size: 14pt;\"><strong>Szczeg\u00f3\u0142owe Informacje<\/strong><\/span><\/a><\/span><\/p>\n<p><span style=\"color: #ff0000; font-family: 'comic sans ms', sans-serif; font-size: 14pt;\"><strong>Rekrutacja w przedszkolach i szko\u0142ach podstawowych z oddzia\u0142ami przedszkolnymi<br \/>\n<\/strong><strong>odbywa si\u0119 za pomoc\u0105:<\/strong><\/span><\/p>\n<ul>\n<li><span style=\"font-family: 'comic sans ms', sans-serif; font-size: 14pt;\"><span style=\"text-decoration: underline;\"><strong>systemu elektronicznego<\/strong><\/span>&nbsp;\u2013 we wszystkich przedszkolach, wpisuj\u0105c na stronie<\/span><\/li>\n<\/ul>\n<p><span style=\"font-family: 'comic sans ms', sans-serif; font-size: 14pt;\"><strong>naboru: &nbsp;https:\/\/nabor.pcss.pl\/kluczbork<\/strong><\/span><\/p>\n<p><span style=\"font-family: 'comic sans ms', sans-serif; font-size: 14pt;\"><span style=\"color: #ff0000;\"><strong>Od 23 marca<\/strong>&nbsp;\u2013&nbsp;<strong>Rejestracja w systemie<\/strong>&nbsp;<\/span>wniosk\u00f3w o przyj\u0119cie dziecka do przedszkola:<\/span><\/p>\n<p><span style=\"font-family: 'comic sans ms', sans-serif; font-size: 14pt;\"><strong>Kluczbork&nbsp;\u2013&nbsp;<span style=\"color: #ff0000;\"><a style=\"color: #ff0000;\" href=\"https:\/\/nabor.pcss.pl\/kluczbork\/przedszkole\/Info\/70308\" target=\"_blank\" rel=\"noopener\">https:\/\/nabor.pcss.pl\/kluczbork\/przedszkole\/Info\/70308<\/a><\/span><\/strong><\/span><\/p>\n<p><span style=\"font-family: 'comic sans ms', sans-serif; font-size: 14pt;\"><strong>Ligota G\u00f3rna&nbsp;\u2013<span style=\"color: #ff0000;\">&nbsp;<a style=\"color: #ff0000;\" href=\"https:\/\/nabor.pcss.pl\/kluczbork\/przedszkole\/Info\/101562\" target=\"_blank\" rel=\"noopener\">https:\/\/nabor.pcss.pl\/kluczbork\/przedszkole\/Info\/101562<\/a><\/span><\/strong><\/span><\/p>\n<p><span style=\"font-family: 'comic sans ms', sans-serif; font-size: 14pt;\"><strong>Smardy G\u00f3rne&nbsp;\u2013&nbsp;&nbsp;<span style=\"color: #ff0000;\"><a style=\"color: #ff0000;\" href=\"https:\/\/nabor.pcss.pl\/kluczbork\/przedszkole\/Info\/101563\" target=\"_blank\" rel=\"noopener\">https:\/\/nabor.pcss.pl\/kluczbork\/przedszkole\/Info\/101563<\/a><\/span><\/strong><\/span><\/p>\n<ul>\n<li><span style=\"font-family: 'comic sans ms', sans-serif; font-size: 14pt;\"><span style=\"text-decoration: underline;\"><strong>tradycyjnie<\/strong>&nbsp;(w formie papierowej)<\/span> \u2013 tylko w oddzia\u0142ach przedszkolnych i oddzia\u0142ach zamiejscowych w publicznych szko\u0142ach podstawowych.<\/span><\/li>\n<\/ul>\n<p><span style=\"font-family: 'comic sans ms', sans-serif; font-size: 14pt;\"><strong><span style=\"color: #ff0000;\">2 MARCA \u2013 16 MARCA<\/span> \u2013<\/strong>&nbsp;&nbsp;<span style=\"color: #ff0000;\"><a style=\"color: #ff0000;\" href=\"https:\/\/pp8.kluczbork.pl\/wp-content\/uploads\/2023\/02\/deklaracja-pozostania-w-przedszkolu.pdf\" target=\"_blank\" rel=\"noopener\">deklaracja pozostania w przedszkolu<\/a><\/span><\/span><\/p>\n<p><span style=\"font-family: 'comic sans ms', sans-serif; font-size: 14pt;\"><span style=\"color: #800000; font-size: 18pt;\"><strong>od 23 marca do 27 kwietnia<\/strong><\/span> \u2013 Rejestracja w systemie wniosk\u00f3w o przyj\u0119cie dziecka do przedszkola<\/span><\/p>\n","protected":false},"excerpt":{"rendered":"<p>INFORMATOR O REKRUTACJI DZIECI DO PRZEDSZKOLA informator_pp Szczeg\u00f3\u0142owe Informacje Rekrutacja w przedszkolach i szko\u0142ach podstawowych z oddzia\u0142ami przedszkolnymi odbywa si\u0119 za pomoc\u0105: systemu elektronicznego&nbsp;\u2013 we wszystkich przedszkolach, wpisuj\u0105c na stronie naboru: &nbsp;https:\/\/nabor.pcss.pl\/kluczbork Od 23 marca&nbsp;\u2013&nbsp;Rejestracja w systemie&nbsp;wniosk\u00f3w o przyj\u0119cie dziecka do przedszkola: Kluczbork&nbsp;\u2013&nbsp;https:\/\/nabor.pcss.pl\/kluczbork\/przedszkole\/Info\/70308 Ligota G\u00f3rna&nbsp;\u2013&nbsp;https:\/\/nabor.pcss.pl\/kluczbork\/przedszkole\/Info\/101562 Smardy G\u00f3rne&nbsp;\u2013&nbsp;&nbsp;https:\/\/nabor.pcss.pl\/kluczbork\/przedszkole\/Info\/101563 tradycyjnie&nbsp;(w formie papierowej) [&hellip;]<\/p>\n","protected":false},"author":15,"featured_media":0,"parent":0,"menu_order":0,"comment_status":"closed","ping_status":"closed","template":"","meta":{"ngg_post_thumbnail":0,"footnotes":""},"_links":{"self":[{"href":"https:\/\/pp8.kluczbork.pl\/index.php?rest_route=\/wp\/v2\/pages\/4107"}],"collection":[{"href":"https:\/\/pp8.kluczbork.pl\/index.php?rest_route=\/wp\/v2\/pages"}],"about":[{"href":"https:\/\/pp8.kluczbork.pl\/index.php?rest_route=\/wp\/v2\/types\/page"}],"author":[{"embeddable":true,"href":"https:\/\/pp8.kluczbork.pl\/index.php?rest_route=\/wp\/v2\/users\/15"}],"replies":[{"embeddable":true,"href":"https:\/\/pp8.kluczbork.pl\/index.php?rest_route=%2Fwp%2Fv2%2Fcomments&post=4107"}],"version-history":[{"count":14,"href":"https:\/\/pp8.kluczbork.pl\/index.php?rest_route=\/wp\/v2\/pages\/4107\/revisions"}],"predecessor-version":[{"id":5776,"href":"https:\/\/pp8.kluczbork.pl\/index.php?rest_route=\/wp\/v2\/pages\/4107\/revisions\/5776"}],"wp:attachment":[{"href":"https:\/\/pp8.kluczbork.pl\/index.php?rest_route=%2Fwp%2Fv2%2Fmedia&parent=4107"}],"curies":[{"name":"wp","href":"https:\/\/api.w.org\/{rel}","templated":true}]}}