{"id":2255,"date":"2022-04-13T12:18:00","date_gmt":"2022-04-13T12:18:00","guid":{"rendered":"https:\/\/pp8.kluczbork.pl\/?page_id=2255"},"modified":"2025-02-26T10:46:23","modified_gmt":"2025-02-26T10:46:23","slug":"dostepnosc-strony","status":"publish","type":"page","link":"https:\/\/pp8.kluczbork.pl\/?page_id=2255","title":{"rendered":"RAPORT O STANIE DOST\u0118PNO\u015aCI"},"content":{"rendered":"\t\t<div data-elementor-type=\"wp-page\" data-elementor-id=\"2255\" class=\"elementor elementor-2255\" data-elementor-settings=\"[]\">\n\t\t\t\t\t\t\t<div class=\"elementor-section-wrap\">\n\t\t\t\t\t\t\t<section class=\"elementor-section elementor-top-section elementor-element elementor-element-34a6913 elementor-section-boxed elementor-section-height-default elementor-section-height-default\" data-id=\"34a6913\" data-element_type=\"section\">\n\t\t\t\t\t\t<div class=\"elementor-container elementor-column-gap-default\">\n\t\t\t\t\t<div class=\"elementor-column elementor-col-100 elementor-top-column elementor-element elementor-element-3faa0ea\" data-id=\"3faa0ea\" data-element_type=\"column\">\n\t\t\t<div class=\"elementor-widget-wrap elementor-element-populated\">\n\t\t\t\t\t\t\t\t<div class=\"elementor-element elementor-element-0227061 elementor-widget elementor-widget-text-editor\" data-id=\"0227061\" data-element_type=\"widget\" data-widget_type=\"text-editor.default\">\n\t\t\t\t<div class=\"elementor-widget-container\">\n\t\t\t\t\t\t\t\t<p style=\"text-align: center;\"><strong><span style=\"font-size: 14pt;\"><a href=\"https:\/\/pp8.kluczbork.pl\/wp-content\/uploads\/2025\/02\/Dostepnosc-budynkow.pdf\">Dost\u0119pno\u015b\u0107 Budynk\u00f3w<\/a>\u00a0 &#8211; 2025<\/span><\/strong><\/p><p style=\"text-align: center;\"><b>DEKLARACJA DOST\u0118PNO\u015aCI CYFROWEJ<\/b><\/p><p style=\"text-align: center;\"><b>\u2013 O\u015aWIADCZENIE W SPRAWIE DOST\u0118PNO\u015aCI<\/b><\/p><p style=\"text-align: center;\"><b>WST\u0118P<\/b><\/p><p style=\"text-align: center;\">Publiczne Przedszkole nr 8 im. Kubusia Puchatka w Kluczborku<\/p><p style=\"text-align: center;\">z Oddzia\u0142ami Zamiejscowymi w Ligocie G\u00f3rnej i Smardach G\u00f3rnych\u00a0<\/p><p style=\"text-align: center;\">zobowi\u0105zuje si\u0119 zapewni\u0107 dost\u0119pno\u015b\u0107 swojej strony internetowej<\/p><p style=\"text-align: center;\">zgodnie z\u00a0ustaw\u0105 z dnia 4 kwietnia 2019 r. o dost\u0119pno\u015bci<\/p><p style=\"text-align: center;\">cyfrowej stron internetowych i aplikacji mobilnych podmiot\u00f3w publicznych.<\/p><p style=\"text-align: center;\">O\u015bwiadczenie w sprawie dost\u0119pno\u015bci ma zastosowanie<\/p><p style=\"text-align: center;\">do\u00a0strony internetowej Publicznego Przedszkola nr 8<\/p><p style=\"text-align: center;\">im. Kubusia Puchatka w Kluczborku z Oddzia\u0142ami Zamiejscowymi<\/p><p style=\"text-align: center;\">w Ligocie G\u00f3rnej i\u00a0Smardach G\u00f3rnych\u00a0<\/p><p style=\"text-align: center;\">\u00a0<a href=\"https:\/\/www.pp8.kluczbork.pl\/\">https:\/\/www.pp8.kluczbork.pl<\/a><\/p><p style=\"text-align: center;\"><b>DATY PUBLIKACJI I AKTUALIZACJI<\/b><\/p><p style=\"text-align: center;\">Data publikacji strony internetowej:\u00a015.08.2014 r.<\/p><p style=\"text-align: center;\"><i><\/i>Data ostatniej istotnej aktualizacji:\u00a023.09.2020 r.<\/p><p style=\"text-align: center;\"><b>STATUS POD WZGL\u0118DEM ZGODNO\u015aCI Z USTAW\u0104<\/b><\/p><p style=\"text-align: center;\">Strona internetowa jest\u00a0cz\u0119\u015bciowo zgodna\u00a0z ustaw\u0105<\/p><p style=\"text-align: center;\">z dnia 4 kwietnia 2019 r. o dost\u0119pno\u015bci cyfrowej stron internetowych<\/p><p style=\"text-align: center;\">i aplikacji mobilnych podmiot\u00f3w publicznych z powodu niezgodno\u015bci<\/p><p style=\"text-align: center;\">lub wy\u0142\u0105cze\u0144 wymienionych poni\u017cej.<\/p><p style=\"text-align: center;\">W Publicznym Przedszkolu nr 8 im. Kubusia Puchatka w Kluczborku<\/p><p style=\"text-align: center;\">z Oddzia\u0142ami Zamiejscowymi w\u00a0Ligocie G\u00f3rnej i Smardach G\u00f3rnych<\/p><p style=\"text-align: center;\">\u00a0 dla strony\u00a0<a href=\"https:\/\/www.pp8.kluczbork.pl\/\">https:\/\/www.pp8.kluczbork.pl<\/a><b>\u00a0<\/b>przeprowadzono samoocen\u0119<\/p><p style=\"text-align: center;\">dost\u0119pno\u015bci dla os\u00f3b niepe\u0142nosprawnych oraz skorzystano<\/p><p style=\"text-align: center;\">z dost\u0119pnego narz\u0119dzia do oceny strony:\u00a0<b>audyt-seo.home.pl,\u00a0<\/b>\u00a0<\/p><p style=\"text-align: center;\">z kt\u00f3rego wynika, \u017ce strona internetowa\u00a0<a href=\"https:\/\/www.pp8.kluczbork.pl\/\">https:\/\/www.pp8.kluczbork.pl<\/a><b>\u00a0<\/b>\u00a0<\/p><p style=\"text-align: center;\">spe\u0142nia wymagania w\u00a071%\u00a0<a href=\"https:\/\/audyt-seo.home.pl\/4b1be4ecbbd3819d756bc014a2c518eb\">(Test)<\/a>.<\/p><p style=\"text-align: center;\">&#8211; Brak opis\u00f3w zdj\u0119\u0107, tekstu alternatywnego<\/p><p style=\"text-align: center;\">dla czytnik\u00f3w obs\u0142ugiwanych przez osoby niepe\u0142nosprawne;<\/p><p style=\"text-align: center;\">&#8211; Brak mo\u017cliwo\u015bci wys\u0142ania formularza z pomini\u0119ciem przycisku \u201eWy\u015blij\u201d;<\/p><p style=\"text-align: center;\">&#8211; Formant formularza nie ma etykiety, kt\u00f3ra mog\u0142aby okre\u015bla\u0107 jego cel,<\/p><p style=\"text-align: center;\">a tak\u017ce brakuje alternatywnego tytu\u0142u;<\/p><p style=\"text-align: center;\">&#8211; Umieszczone w serwisie filmy pochodz\u0105 z serwisu<\/p><p style=\"text-align: center;\">YouTube i nie maj\u0105 do\u0142\u0105czonych napis\u00f3w dla os\u00f3b nies\u0142ysz\u0105cych.<\/p><p style=\"text-align: center;\"><b>DATA SPORZ\u0104DZENIA DEKLARACJI I METODA<\/b><\/p><p style=\"text-align: center;\"><b>OCENY DOST\u0118PNO\u015aCI CYFROWEJ<\/b><\/p><p style=\"text-align: center;\">O\u015bwiadczenie sporz\u0105dzono dnia:\u00a023.09.2020r.<\/p><p style=\"text-align: center;\">Deklaracj\u0119 sporz\u0105dzono na podstawie samooceny<\/p><p style=\"text-align: center;\">przeprowadzonej przez podmiot publiczny.<\/p><p style=\"text-align: center;\"><b>SKR\u00d3TY KLAWIATUROWE<\/b><\/p><p style=\"text-align: center;\">Na stronie internetowej mo\u017cna u\u017cywa\u0107 standardowych skr\u00f3t\u00f3w klawiaturowych przegl\u0105darki.<\/p><p style=\"text-align: center;\"><b>INFORMACJE ZWROTNE I DANE KONTAKTOWE<\/b><\/p><p style=\"text-align: center;\">W przypadku problem\u00f3w z dost\u0119pno\u015bci\u0105 strony internetowej prosimy o kontakt.<\/p><p style=\"text-align: center;\">Osoba odpowiedzialna Ma\u0142gorzata St\u0119pie\u0144,<\/p><p style=\"text-align: center;\"><i><\/i>z kt\u00f3r\u0105 mo\u017cna si\u0119 skontaktowa\u0107 poprzez adres e-mail\u00a0<\/p><p style=\"text-align: center;\"><span id=\"cloak2316\"><a href=\"mailto:pp8@ao.kluczbork.pl\">pp8@ao.kluczbork.pl<\/a><\/span>\u00a0lub numer telefonu 77\u00a0418 29 65.\u00a0\u00a0<\/p><p style=\"text-align: center;\">T\u0105 sam\u0105 drog\u0105 mo\u017cna sk\u0142ada\u0107 wnioski o udost\u0119pnienie<\/p><p style=\"text-align: center;\">informacji niedost\u0119pnej oraz sk\u0142ada\u0107 skargi na brak zapewnienia dost\u0119pno\u015bci.<\/p><p style=\"text-align: center;\"><b>INFORMACJE NA TEMAT PROCEDURY<\/b><\/p><p style=\"text-align: center;\">Ka\u017cdy ma prawo do wyst\u0105pienia z \u017c\u0105daniem zapewnienia<\/p><p style=\"text-align: center;\">dost\u0119pno\u015bci cyfrowej strony internetowej,<\/p><p style=\"text-align: center;\">aplikacji mobilnej lub jakiego\u015b ich elementu.<\/p><p style=\"text-align: center;\">Mo\u017cna tak\u017ce za\u017c\u0105da\u0107 udost\u0119pnienia informacji za pomoc\u0105<\/p><p style=\"text-align: center;\">alternatywnego sposobu dost\u0119pu, na przyk\u0142ad przez odczytanie niedost\u0119pnego<\/p><p style=\"text-align: center;\">cyfrowo dokumentu, opisanie zawarto\u015bci filmu bez audiodeskrypcji itp.<\/p><p style=\"text-align: center;\">\u017b\u0105danie powinno zawiera\u0107 dane osoby zg\u0142aszaj\u0105cej \u017c\u0105danie,<\/p><p style=\"text-align: center;\">wskazanie, o kt\u00f3r\u0105 stron\u0119 internetow\u0105 lub aplikacj\u0119 mobiln\u0105 chodzi<\/p><p style=\"text-align: center;\">oraz spos\u00f3b kontaktu. Je\u017celi osoba \u017c\u0105daj\u0105ca zg\u0142asza potrzeb\u0119<\/p><p style=\"text-align: center;\">otrzymania informacji za pomoc\u0105 alternatywnego sposobu dost\u0119pu,<\/p><p style=\"text-align: center;\">powinna tak\u017ce okre\u015bli\u0107 dogodny dla niej spos\u00f3b przedstawienia tej informacji.<\/p><p style=\"text-align: center;\">Podmiot publiczny powinien zrealizowa\u0107 \u017c\u0105danie niezw\u0142ocznie,<\/p><p style=\"text-align: center;\">nie p\u00f3\u017aniej ni\u017c w ci\u0105gu 7 dni od dnia wyst\u0105pienia z \u017c\u0105daniem.<\/p><p style=\"text-align: center;\">Je\u017celi dotrzymanie tego terminu nie jest mo\u017cliwe, podmiot publiczny<\/p><p style=\"text-align: center;\">niezw\u0142ocznie informuje o tym wnosz\u0105cego \u017c\u0105danie,<\/p><p style=\"text-align: center;\">kiedy realizacja \u017c\u0105dania b\u0119dzie mo\u017cliwa, przy czym termin ten<\/p><p style=\"text-align: center;\">nie mo\u017ce by\u0107 d\u0142u\u017cszy ni\u017c 2 miesi\u0105ce od dnia wyst\u0105pienia z \u017c\u0105daniem.<\/p><p style=\"text-align: center;\">Je\u017celi zapewnienie dost\u0119pno\u015bci cyfrowej nie jest mo\u017cliwe,<\/p><p style=\"text-align: center;\">podmiot publiczny mo\u017ce zaproponowa\u0107 alternatywny spos\u00f3b dost\u0119pu do informacji.<\/p><p style=\"text-align: center;\">W przypadku, gdy podmiot publiczny odm\u00f3wi realizacji \u017c\u0105dania<\/p><p style=\"text-align: center;\">zapewnienia dost\u0119pno\u015bci lub alternatywnego sposobu dost\u0119pu do informacji,<\/p><p style=\"text-align: center;\">wnosz\u0105cy \u017c\u0105danie mo\u017cne z\u0142o\u017cy\u0107 skarg\u0119 w\u00a0sprawie zapewniana<\/p><p style=\"text-align: center;\">dost\u0119pno\u015bci cyfrowej strony internetowej, aplikacji mobilnej<\/p><p style=\"text-align: center;\">lub elementu strony internetowej, lub aplikacji mobilnej.<\/p><p style=\"text-align: center;\">Po wyczerpaniu wskazanej wy\u017cej procedury mo\u017cna<\/p><p style=\"text-align: center;\">tak\u017ce z\u0142o\u017cy\u0107 wniosek do Rzecznika Praw Obywatelskich.<\/p><p style=\"text-align: center;\"><a href=\"https:\/\/www.rpo.gov.pl\/\">Klikaj\u0105c ten link przejd\u017a do strony Rzecznika Praw Obywatelskich<\/a><\/p><p style=\"text-align: center;\"><b>DOST\u0118PNO\u015a\u0106 ARCHITEKTONICZNA\u00a0\u00a0<\/b><\/p><p style=\"text-align: center;\">Publiczne Przedszkole nr 8 im. Kubusia Puchatka w Kluczborku<\/p><p style=\"text-align: center;\">z Oddzia\u0142ami Zamiejscowymi w Ligocie G\u00f3rnej i Smardach G\u00f3rnych\u00a0<\/p><p style=\"text-align: center;\">mie\u015bci si\u0119 na Ossowskiego 3i w Kluczborku, 46-200 Kluczbork.<\/p><p style=\"text-align: center;\">Budynek wyposa\u017cony jest w jedno wej\u015bcie g\u0142\u00f3wne.<\/p><p style=\"text-align: center;\">Wej\u015bcie g\u0142\u00f3wne nie posiada podjazdu dla niepe\u0142nosprawnych<\/p><p style=\"text-align: center;\">oraz wideofonu. Sekretariat znajduje si\u0119 na parterze w odleg\u0142o\u015bci 4 m<\/p><p style=\"text-align: center;\">na lewo od wej\u015bcia g\u0142\u00f3wnego.<\/p><p style=\"text-align: center;\">Przed terenem Przedszkola nie wyznaczone jest miejsce parkingowe<\/p><p style=\"text-align: center;\">dla os\u00f3b niepe\u0142nosprawnych.<\/p>\t\t\t\t\t\t<\/div>\n\t\t\t\t<\/div>\n\t\t\t\t\t<\/div>\n\t\t<\/div>\n\t\t\t\t\t\t\t<\/div>\n\t\t<\/section>\n\t\t\t\t\t\t<\/div>\n\t\t\t\t\t<\/div>\n\t\t","protected":false},"excerpt":{"rendered":"<p>Dost\u0119pno\u015b\u0107 Budynk\u00f3w&nbsp; &#8211; 2025 DEKLARACJA DOST\u0118PNO\u015aCI CYFROWEJ \u2013 O\u015aWIADCZENIE W SPRAWIE DOST\u0118PNO\u015aCI WST\u0118P Publiczne Przedszkole nr 8 im. Kubusia Puchatka w Kluczborku z Oddzia\u0142ami Zamiejscowymi w Ligocie G\u00f3rnej i Smardach G\u00f3rnych&nbsp; zobowi\u0105zuje si\u0119 zapewni\u0107 dost\u0119pno\u015b\u0107 swojej strony internetowej zgodnie z&nbsp;ustaw\u0105 z dnia 4 kwietnia 2019 r. o dost\u0119pno\u015bci cyfrowej stron [&hellip;]<\/p>\n","protected":false},"author":1,"featured_media":0,"parent":2202,"menu_order":0,"comment_status":"closed","ping_status":"closed","template":"","meta":{"ngg_post_thumbnail":0,"footnotes":""},"_links":{"self":[{"href":"https:\/\/pp8.kluczbork.pl\/index.php?rest_route=\/wp\/v2\/pages\/2255"}],"collection":[{"href":"https:\/\/pp8.kluczbork.pl\/index.php?rest_route=\/wp\/v2\/pages"}],"about":[{"href":"https:\/\/pp8.kluczbork.pl\/index.php?rest_route=\/wp\/v2\/types\/page"}],"author":[{"embeddable":true,"href":"https:\/\/pp8.kluczbork.pl\/index.php?rest_route=\/wp\/v2\/users\/1"}],"replies":[{"embeddable":true,"href":"https:\/\/pp8.kluczbork.pl\/index.php?rest_route=%2Fwp%2Fv2%2Fcomments&post=2255"}],"version-history":[{"count":13,"href":"https:\/\/pp8.kluczbork.pl\/index.php?rest_route=\/wp\/v2\/pages\/2255\/revisions"}],"predecessor-version":[{"id":5367,"href":"https:\/\/pp8.kluczbork.pl\/index.php?rest_route=\/wp\/v2\/pages\/2255\/revisions\/5367"}],"up":[{"embeddable":true,"href":"https:\/\/pp8.kluczbork.pl\/index.php?rest_route=\/wp\/v2\/pages\/2202"}],"wp:attachment":[{"href":"https:\/\/pp8.kluczbork.pl\/index.php?rest_route=%2Fwp%2Fv2%2Fmedia&parent=2255"}],"curies":[{"name":"wp","href":"https:\/\/api.w.org\/{rel}","templated":true}]}}