{"id":2245,"date":"2022-04-13T12:09:15","date_gmt":"2022-04-13T12:09:15","guid":{"rendered":"https:\/\/pp8.kluczbork.pl\/?page_id=2245"},"modified":"2022-04-13T12:13:31","modified_gmt":"2022-04-13T12:13:31","slug":"nasze-osiagniecia","status":"publish","type":"page","link":"https:\/\/pp8.kluczbork.pl\/?page_id=2245","title":{"rendered":"Nasze Osi\u0105gni\u0119cia"},"content":{"rendered":"\t\t<div data-elementor-type=\"wp-page\" data-elementor-id=\"2245\" class=\"elementor elementor-2245\" data-elementor-settings=\"[]\">\n\t\t\t\t\t\t\t<div class=\"elementor-section-wrap\">\n\t\t\t\t\t\t\t<section class=\"elementor-section elementor-top-section elementor-element elementor-element-4a8b7b5 elementor-section-boxed elementor-section-height-default elementor-section-height-default\" data-id=\"4a8b7b5\" data-element_type=\"section\">\n\t\t\t\t\t\t<div class=\"elementor-container elementor-column-gap-default\">\n\t\t\t\t\t<div class=\"elementor-column elementor-col-100 elementor-top-column elementor-element elementor-element-41b69bf\" data-id=\"41b69bf\" data-element_type=\"column\">\n\t\t\t<div class=\"elementor-widget-wrap elementor-element-populated\">\n\t\t\t\t\t\t\t\t<div class=\"elementor-element elementor-element-e378d3d elementor-widget elementor-widget-text-editor\" data-id=\"e378d3d\" data-element_type=\"widget\" data-widget_type=\"text-editor.default\">\n\t\t\t\t<div class=\"elementor-widget-container\">\n\t\t\t\t\t\t\t\t<h2 style=\"text-align: center;\"><span class=\"subheading-category\">Nasze Osi\u0105gni\u0119cia<\/span><\/h2><p style=\"text-align: center;\">I miejsce w Powiecie<\/p><p style=\"text-align: center;\">&#8222;Przedszkole na Medal 2019&#8221;<\/p><p style=\"text-align: center;\">w Konkursie organizowanym<\/p><p style=\"text-align: center;\">przez NTO &#8211;\u00a0Oddzia\u0142 Smardy G.<\/p><p style=\"text-align: center;\"><a href=\"https:\/\/www.pp8.kluczbork.pl\/Obrazki\/2019-2020\/Styczen\/Smardy\/Medal\" target=\"_blank\" rel=\"noopener\">Zdj\u0119cie<\/a><\/p><h2 class=\"dd-postheader\" style=\"text-align: center;\"><span class=\"dd-postheadericon\">Konkursy plastyczne 2018\/2019<\/span><\/h2><p style=\"text-align: center;\" align=\"center\"><strong>Konkursy plastyczne 2018\/2019<\/strong><\/p><p style=\"text-align: center;\" align=\"center\"><strong>Udzia\u0142 dzieci z P. Przedszkola nr 8<\/strong><\/p><p style=\"text-align: center;\" align=\"center\"><strong>im. Kubusia Puchatka w Kluczborku<\/strong><\/p><p style=\"text-align: center;\" align=\"center\">\u00a0<\/p><p style=\"text-align: center;\">1<strong>.\u201dM\u00f3j przyjaciel pies\u201d<\/strong>\u00a0\u2013 mi\u0119dzygrupowy konkurs plastyczny<\/p><p style=\"text-align: center;\">Org. PP nr 8 w Kluczborku<\/p><p style=\"text-align: center;\">\u00a0<\/p><p style=\"text-align: center;\">\u00a0<\/p><p style=\"text-align: center;\">2.\u00a0<strong>\u201ePrzedszkolak dba o swoje bezpiecze\u0144stwo\u201d-<\/strong>\u00a0org. PP nr 8 w Kluczborku.<\/p><p style=\"text-align: center;\">3.\u00a0<strong>\u201eJakie znasz zawody?\u201d<\/strong>\u00a0\u2013 og\u00f3lnopolski konkurs plastyczny, org. Izba Rzemie\u015blnicza w Opolu.\u00a0\u00a0\u00a0<strong>Grzegorz Janoszka, Aleksander \u017bukowski, Leon Wilk<\/strong>\u00a0(podzi\u0119kowania).<\/p><p style=\"text-align: center;\">\u00a0<\/p><p style=\"text-align: center;\">4<strong>. \u201eZdrowo jemy- szybko ro\u015bniemy\u201d<\/strong>\u00a0\u2013 gminny konkurs plastyczny, org. PP nr 7 z GWzOP w Kluczborku.\u00a0<strong>Aleksandra Trefo\u0144, Kaja Kot, Sandra Nasiadko<\/strong>\u00a0(podzi\u0119kowania).<\/p><p style=\"text-align: center;\">\u00a0<\/p><p style=\"text-align: center;\">5.\u00a0<strong>\u201eWielkanoc na \u0141\u0105ce\u201d<\/strong>\u00a0\u2013 gminny konkurs plastyczny, org. PSP z ODP im. JPII w Kuniowie<strong>. Zofia Lachowicz, Emilia Kasprzak, Aleksandra Trefo\u0144<\/strong>\u00a0(podzi\u0119kowania).<\/p><p style=\"text-align: center;\">\u00a0<\/p><p style=\"text-align: center;\">6.\u00a0<strong>\u201eWielkanocna pisanka\u201d<\/strong>\u00a0\u2013 konkurs wewn\u0105trzprzedszkolny PP nr 8 w Kluczborku.<\/p><p style=\"text-align: center;\">\u00a0<\/p><p style=\"text-align: center;\">\u00a0<\/p><p style=\"text-align: center;\">7.\u00a0<strong>\u201eMatematyczne wierszyki\u201d<\/strong>\u00a0\u2013 konkurs wewn\u0105trzprzedszkolny PP nr 8 w Kluczborku.<\/p><p style=\"text-align: center;\">\u00a0<\/p><p style=\"text-align: center;\">8.\u00a0<strong>\u201eNasze Naturalne \u015arodowisko Otula Flaga Bia\u0142o- Czerwona\u201d<\/strong>\u00a0\u2013 wojew\u00f3dzki konkurs plastyczny org. Wojew\u00f3dzki Fundusz Ochrony \u015arodowiska i Gospodarki Wodnej w Opolu.\u00a0<strong>Aleksander \u017bukowski<\/strong>\u00a0(podzi\u0119kowanie).<\/p><h2 class=\"dd-postheader\" style=\"text-align: center;\"><span class=\"dd-postheadericon\">Konkursy I 2017\/2018<\/span><\/h2><p style=\"text-align: center;\">KONKURSY, ZAWODY, SPOTKANIA DZIECI<\/p><p style=\"text-align: center;\">Z P.PRZEDSZKOLA NR 8<\/p><p style=\"text-align: center;\">W KLUCZBORKU<\/p><p style=\"text-align: center;\">W I P\u00d3\u0141ROCZU ROKU SZKOLNEGO 2017\/2018<\/p><p style=\"text-align: center;\">\u00a0<\/p><p style=\"text-align: center;\">1. V Edycja Kluczborskiego Biegu Prze\u0142ajowego o \u201eZ\u0142ot\u0105 Bar\u0107\u201d<\/p><p style=\"text-align: center;\">(Jezierski Szymon, Kot Kaja i Maja, Kupzok Emilia, \u0141akomski Karol ,<\/p><p style=\"text-align: center;\">Ma\u0142awska Zuzanna,\u00a0Ma\u0144ka Julia, Milena Ziomko, Mirkiewicz Aleksandra, Norkowski Wojciech, Oleksi\u0144ska Zofia,\u00a0Pilok Marta,<\/p><p style=\"text-align: center;\">Placety Grzegorz, Prusak Tatiana , Rubin Hanna, Rubin Jan,<\/p><p style=\"text-align: center;\">Zdaniewicz Basia).<\/p><p style=\"text-align: center;\">Org. Dyrektor OSiR w Kluczborku, Dyrektor AO w Kluczborku<\/p><p style=\"text-align: center;\">\u00a0<\/p><p style=\"text-align: center;\">2. Gminne Spotkania z Poezj\u0105 Dzieci\u0119c\u0105.<\/p><p style=\"text-align: center;\">\u00a0\u00a0 \u201eBajka, wierszyk nam podpowie, jak o bezpiecze\u0144stwo zadba\u0107 swoje\u201d.<\/p><p style=\"text-align: center;\">(Baj Ewa ,Jezierski Szymon ,Kasprzak Emilia, Lasota Ignacy, Cichosz Alicja, Kot Kaja ,R\u00f3\u017ca\u0144ski Jakub, Trefo\u0144 Aleksandra, Strzelczyk Monika<\/p><p style=\"text-align: center;\">Org .Publiczne P.\u00a0\u00a0 nr1 w Kluczborku, KDK<\/p><p style=\"text-align: center;\">\u00a0<\/p><p style=\"text-align: center;\">3.Miko\u0142ajkowe zawody sportowe.<\/p><p style=\"text-align: center;\">Grupy 6- latk\u00f3w: \u201eKubusie\u201d, \u201dPrzyjaciele Kubusia\u201d<\/p><p style=\"text-align: center;\">Org .Publiczna Szko\u0142a Podstawowa nr 2 im .J. Korczaka w Kluczborku.<\/p><h2 class=\"dd-postheader\" style=\"text-align: center;\"><span class=\"dd-postheadericon\">Konkursy II 2017\/2018<\/span><\/h2><p class=\"Standard\" style=\"text-align: center;\" align=\"center\">KONKURSY, FESTIWALE, OLIMPIADY 2017\/2018<\/p><p class=\"Standard\" style=\"text-align: center;\" align=\"center\">II p\u00f3\u0142rocze<\/p><p class=\"Standard\" style=\"text-align: center;\" align=\"center\">Udzia\u0142 dzieci z P. Przedszkola nr 8 im.\u00a0<em>Kubusia Puchatka<\/em>\u00a0w Kluczborku<\/p><p class=\"Standard\" style=\"text-align: center;\">1. \u201e\u017bo\u0142nierze wykl\u0119ci-zapomniani bohaterowie\u201d<\/p><p class=\"Standard\" style=\"text-align: center;\">Konkurs plastyczny z okazji Narodowego Dnia Pami\u0119ci \u017bo\u0142nierzy Wykl\u0119tych<\/p><p class=\"Standard\" style=\"text-align: center;\">Org. ZHR, OSiR \u2013 Kluczbork<\/p><p class=\"Standard\" style=\"text-align: center;\">\u00a0\u00a0\u00a0\u00a0 III miejsce &#8211; Aleksandra Trefo\u0144 [5 l.]<p class=\"Standard\" style=\"text-align: center;\">2. \u201eJakie znasz zawody?\u201d \u2013 Izba Rzemie\u015blnicza w Opolu<\/p><p class=\"Standard\" style=\"text-align: center;\">Podzi\u0119kowania za udzia\u0142: Maja Kot [6l.], Kaja Kot [5l.]<p class=\"Standard\" style=\"text-align: center;\">3. \u201eWielkanocna pisanka\u201d org. P. Przedszkole nr 8 w Kluczborku<\/p><p class=\"Standard\" style=\"text-align: center;\">\u00a0\u00a0 (62 dzieci z P.P. nr 8)<\/p><p class=\"Standard\" style=\"text-align: center;\">4. 9 Wojew\u00f3dzki Festiwal Piosenki Dzieci\u0119cej \u201eWeso\u0142e Nutki\u201d<\/p><p class=\"Standard\" style=\"text-align: center;\">Org. Kluczborski Dom Kultury (Przyjaciele Kubusia &#8211; 6l)<\/p><p class=\"Standard\" style=\"text-align: center;\">5. X Quiz Przyrodniczo-Ekologiczny \u201eZielona D\u0142o\u0144\u201d pt. \u201ePi\u0119kna nasza Polska ca\u0142a\u201d<\/p><p class=\"Standard\" style=\"text-align: center;\">Org. P. Przedszkole nr 7 Kluczbork (dzieci 6 l.)<\/p><p class=\"Standard\" style=\"text-align: center;\">6. \u201ePi\u0119kna nasza Polska ca\u0142a oczami przedszkolak\u00f3w\u201d &#8211; Gminny Konkurs\u00a0\u00a0 Plastyczny \u2013 org. P. Przedszkole nr 7 w Kluczborku (dzieci 6l.)<\/p><p class=\"Standard\" style=\"text-align: center;\">7. 1 Marca &#8211; Narodowy Dzie\u0144 Pami\u0119ci \u201e\u017bo\u0142nierzy Wykl\u0119tych\u2019\u2019<\/p><p class=\"Standard\" style=\"text-align: center;\">\u00a0\u00a0 \u201ePatriotyzm i niepodleg\u0142o\u015b\u0107 oczami przedszkolak\u00f3w\u2019\u2019<\/p><p class=\"Standard\" style=\"text-align: center;\">Org. P. Przedszkole nr 8 w Kluczborku<\/p><p class=\"Standard\" style=\"text-align: center;\">8. \u201eMoja Sp\u00f3\u0142dzielnia, Moje Osiedle, M\u00f3j Dom &#8211; konkurs plastyczny z okazji 60-lecia Sp\u00f3\u0142dzielni Mieszkaniowej \u201ePrzysz\u0142o\u015b\u0107\u201d w Kluczborku<\/p><p class=\"Standard\" style=\"text-align: center;\">9. \u201eMoja Sowa\u201d- konkurs plastyczny<\/p><p class=\"Standard\" style=\"text-align: center;\">\u00a0\u00a0 Org. PGL LP Nadle\u015bnictwo Rudziniec<\/p><p class=\"Standard\" style=\"text-align: center;\">10. XI Wielkanocny konkurs plastyczny<\/p><p class=\"Standard\" style=\"text-align: center;\">\u201ePalmy, palemki wielkanocne\u2019\u2019<\/p><p class=\"Standard\" style=\"text-align: center;\">Org. P. Szko\u0142a z OP. Im. B\u0142. Jana Paw\u0142a II w Kuniowie<\/p><p class=\"Standard\" style=\"text-align: center;\">II miejsce &#8211; Alicja Cichosz (5l.)<\/p><p class=\"Standard\" style=\"text-align: center;\">11. XV POWIATOWA SPARTAKIADA SPORTOWA PRZEDSZKOLAK\u00d3W<\/p><p class=\"Standard\" style=\"text-align: center;\">\u00a0\u00a0\u00a0\u00a0 Org. P. Przedszkole nr 2 w Kluczborku (6l.)<\/p><p class=\"Standard\" style=\"text-align: center;\">12. X Gminny Konkurs Wiedzy o Unii Europejskiej<\/p><p class=\"Standard\" style=\"text-align: center;\">\u201eSwoj\u0105 Polsk\u0119 dobrze znamy, inne kraje odwiedzamy\u201d<\/p><p class=\"Standard\" style=\"text-align: center;\">Org. P. Przedszkole nr 8 w Kluczborku<\/p><p class=\"Standard\" style=\"text-align: center;\">13.Moje Emocje\u2019\u2019 \u2013gminny konkurs plastyczny<\/p><p class=\"Standard\" style=\"text-align: center;\">Org.P.Przedszkole nr 8 w Kluczborku<\/p><p class=\"Standard\" style=\"text-align: center;\">14.XVII Festiwal Przedszkolnych Talent\u00f3w Muzycznych<\/p><p class=\"Standard\" style=\"text-align: center;\">Org. P.Przedszkole nr 5 w Kluczborku\u00a0\u00a0 ( Kr\u00f3liczki- 5l.)<\/p><p class=\"Standard\" style=\"text-align: center;\">15.Og\u00f3lnopolski konkurs dla przedszkoli na symbol<\/p><p class=\"Standard\" style=\"text-align: center;\">\u201eOg\u00f3lnopolskiego Policyjnego Dnia Odblask\u00f3w\u201d<\/p><p class=\"Standard\" style=\"text-align: center;\">Org .Biuro Ruchu Drogowego Komendy G\u0142\u00f3wnej Policji.<\/p><p class=\"Standard\" style=\"text-align: center;\">16.Taniec z GWIAZDKAMI &#8211; II MISTRZOSTWA Polski w Ta\u0144cu Dzieci<\/p><p class=\"Standard\" style=\"text-align: center;\">Przedszkolnych i Wczesnoszkolnych<\/p><p class=\"Standard\" style=\"text-align: center;\">Org.Stowarzyszenie Rozwoju i Wspierania Os\u00f3b Uzdolnionych Artystycznie<\/p><p class=\"Standard\" style=\"text-align: center;\">\u201eTALENT\u201d \u2013 Kluczbork<\/p><p class=\"Standard\" style=\"text-align: center;\">17. Konkurs rysunkowy zorganizowany podczas Pikniku Europejskiego w\u00a0\u00a0 Kluczborku<\/p><p class=\"Standard\" style=\"text-align: center;\">Org.Powiat Kluczborski<\/p><p class=\"Standard\" style=\"text-align: center;\">III miejsce-Tatiana Prusak (6l.)<\/p><p class=\"Standard\" style=\"text-align: center;\">18. Powiatowy Konkurs Plastyczny<\/p><p class=\"Standard\" style=\"text-align: center;\">\u201ePowiat moim domem\u201d \u2013org.Stowarzyszenie Rozwoju i Wspierania Os\u00f3b Uzdolnionych Artystycznie \u201eTALENT\u201d P.Przedszkole nr 2 w Kluczborku<\/p><p class=\"Standard\" style=\"text-align: center;\">19. \u201eM\u00f3j ulubiony zabytek\u201d-<\/p><p class=\"Standard\" style=\"text-align: center;\">Org. Wojew\u00f3dzki Urz\u0105d Ochrony Zabytk\u00f3w Opole<\/p><p class=\"Standard\" style=\"text-align: center;\">20. \u201eZbieramy makulatur\u0119\u201d &#8211; oszcz\u0119dzamy lasy<\/p><p class=\"Standard\" style=\"text-align: center;\">Org. P.Przedszkole nr8 w Kluczborku<\/p><h2 class=\"dd-postheader\" style=\"text-align: center;\"><span class=\"dd-postheadericon\">Konkursy 2016\/2017<\/span><\/h2><p style=\"text-align: center;\" align=\"center\">KONKURSY, OLIMPIADY, FESTIWALE<\/p><p style=\"text-align: center;\" align=\"center\">Reprezentanci Publicznego Przedszkola nr 8<\/p><p style=\"text-align: center;\" align=\"center\">w Kluczborku w roku 2016\/2017<\/p><p style=\"text-align: center;\" align=\"center\">\u00a0<\/p><p style=\"text-align: center;\">1.\u201dTaniec z Gwiazdkami\u201d II Mistrzostwa Polski w Ta\u0144cu Dzieci Przedszkolnych i Wczesnoszkolnych<\/p><p style=\"text-align: center;\">\u2013 org .Stowarzyszenie Rozwoju i Wspierania Os\u00f3b Uzdolnionych Artystycznie \u201dTalent\u201d Kluczbork.<\/p><p style=\"text-align: center;\" align=\"center\">Zuzanna Z .Liliana O. Kaja K. Emilia K .Zofia O. Sandra K .Tymon J. Marcin L.<\/p><p style=\"text-align: center;\" align=\"center\">Szymon B.<\/p><p style=\"text-align: center;\">2.\u201dJakie znasz zawody\u201d? \u2013org .Izba Rzemie\u015blnicza Opole<\/p><p style=\"text-align: center;\" align=\"center\">Ska\u0142a K. ,Kami\u0144ski D. ,Soko\u0142owski M. , Puszewicz Z.<\/p><p style=\"text-align: center;\">3.\u201dSmog- jak go widz\u0105 przedszkolacy\u201d \u2013 org .P. Przedszkole nr 7<\/p><p style=\"text-align: center;\" align=\"center\">Gerges N .,Matysiak A .,Gasi\u0144ska R.<\/p><p style=\"text-align: center;\">4.IX Quiz Przyrodniczo \u2013Ekologiczny \u201dZielona D\u0142o\u0144 \u201dpt: \u201dCzyste \u2013powietrze- zdrowe dzieci\u201d<\/p><p style=\"text-align: center;\" align=\"center\">Brzozowska K. ,Su\u0142kowska O. Marciniszyn L. ,Kowalczyk J.<\/p><p style=\"text-align: center;\">5.XIII Powiatowa Spartakiada Sportowa Przedszkolak\u00f3w- org .P .Przedszkole nr2<\/p><p style=\"text-align: center;\" align=\"center\">Grupa 6latki \u201eM\u0105dre Sowy\u201d<\/p><p style=\"text-align: center;\" align=\"center\">6.\u00a0\u00a0 8 Wojew\u00f3dzki Festiwal Piosenki Dzieci\u0119cej \u201eWeso\u0142e Nutki \u201d-org .Kluczborski\u00a0\u00a0 Dom Kultury<\/p><p style=\"text-align: center;\" align=\"center\">Wilk L.<\/p><p style=\"text-align: center;\">7.\u201dKurczaczek wielkanocny\u201d \u2013 org . Publiczna Szko\u0142a Podstawowa w Kuniowie<\/p><p style=\"text-align: center;\" align=\"center\">Brzozowska K. ,Radwa\u0144ski K., Ciesielski B., Kot Maja \u2013<strong>III\u00a0<\/strong>miejsce<\/p><p style=\"text-align: center;\" align=\"center\">\u00a0<\/p><p style=\"text-align: center;\" align=\"center\">8. XIII GMINNY KONKURS RECYTATORSKI\u201d POLSKIEJ POEZJI LUBIANEJ\u201d &#8211; Dorota Gellner \u2013<\/p><p style=\"text-align: center;\" align=\"center\">org .Publiczna Szko\u0142a Podstawowa w Kuniowie<\/p><p style=\"text-align: center;\" align=\"center\">Kowalczyk Jakub-wyr\u00f3\u017cnienie<\/p><p style=\"text-align: center;\">9. XVI FESTIWAL PRZEDSZKOLNYCH TALENT\u00d3W MUZYCZNYCH \u2013org .P .Przedszkole nr.5<\/p><p style=\"text-align: center;\" align=\"center\">Wilk L. ,Zab\u0142ocka Z .,Oleszczuk L .,Kury\u0142o K. Kupczok E. ,Brunelli M. ,Kost S.<\/p><p style=\"text-align: center;\" align=\"center\">\u00a0<\/p><p style=\"text-align: center;\" align=\"center\">10.IV POWIATOWY KONKURS PLASTYCZNY \u201eKO\u0143 &#8211; Org .O\u015brodek Hipoterapii i Rekreacji Konnej \u201dGodziemba\u201d<\/p><p style=\"text-align: center;\" align=\"center\">Janas O. ,Su\u0142kowska O. ,Pietrzyk U., Zab\u0142ocka Z .,Radwa\u0144ski K.<\/p><p style=\"text-align: center;\" align=\"center\">\u00a0<\/p><p style=\"text-align: center;\" align=\"center\">11. IV WOJEW\u00d3DZKI PRZEGL\u0104D TANECZNY PRZEDSZKOLAK\u00d3W \u201eBALERINA 2017\u201d<\/p><p style=\"text-align: center;\" align=\"center\">Su\u0142kowska O .,Janas O.\u00a0\u00a0 ,Dukiewicz\u00a0\u00a0 N.,Pianka E. ,Granat J. ,Siedlarz D.,Soko\u0142owski M. ,Szajda K .,Lechowicz M., Kowalczyk J ,Brzozowska K.-<\/p><p style=\"text-align: center;\" align=\"center\"><strong>III<\/strong>\u00a0miejsce<\/p><p style=\"text-align: center;\">\u00a0<\/p><p style=\"text-align: center;\">12.\u201dSpartakiada\u201d-org.Publiczna Szko\u0142a Podstawowa nr 2 w Kluczborku<\/p><p style=\"text-align: center;\" align=\"center\">Grupy dzieci 5 letnich<\/p><p style=\"text-align: center;\">\u00a0<\/p><p style=\"text-align: center;\">13.\u201dJestem bezpieczny w domu ,w przedszkolu i na drodze\u201d org.P Przedszkole nr 8 w Kluczborku<\/p><p style=\"text-align: center;\" align=\"center\">Pietrzyk Urszula- 1 miejsce<\/p><p style=\"text-align: center;\" align=\"center\">J\u00f3\u017cwiak Wiktoria -2 miejsce<\/p><p style=\"text-align: center;\" align=\"center\">Wyr\u00f3\u017cnienia :Hofman S., Matysiak A.<\/p><p style=\"text-align: center;\">14.Powiatowy Konkurs Plastyczny \u201dPowiat moim domem\u201d- org. P. Przedszkole nr 2 w\u00a0Kluczborku<\/p><h2 class=\"dd-postheader\" style=\"text-align: center;\"><span class=\"dd-postheadericon\">Smardy G\u00f3rne<\/span><\/h2><p style=\"text-align: center;\">Nasze Osi\u0119gni\u0119cia 2019!<\/p><p style=\"text-align: center;\"><a href=\"https:\/\/www.pp8.kluczbork.pl\/Obrazki\/2019-2020\/Listopad\/Smardy\/Dyplomy\" target=\"_blank\" rel=\"noopener\">Zdj\u0119cia<\/a><\/p><h2 class=\"dd-postheader\" style=\"text-align: center;\"><span class=\"dd-postheadericon\">Certyfikat Bezpieczne Przedszkole<\/span><\/h2><p style=\"text-align: center;\">\u00a0<\/p><p style=\"text-align: center;\">W roku szkolnym\u00a02018\/2019<\/p><p style=\"text-align: center;\">nasze przedszkole otrzyma\u0142o\u00a0<\/p><p style=\"text-align: center;\"><a href=\"https:\/\/www.pp8.kluczbork.pl\/Obrazki\/2018-2019\/Czerwiec\/Certyfikat.pdf\" target=\"_blank\" rel=\"noopener\">CERTYFIKAT<\/a><\/p><p style=\"text-align: center;\"><a href=\"https:\/\/www.pp8.kluczbork.pl\/Obrazki\/2018-2019\/Czerwiec\/Certyfikat.pdf\" target=\"_blank\" rel=\"noopener\">BEZPIECZNE PRZEDSZKOLE<\/a><\/p><h2 class=\"dd-postheader\" style=\"text-align: center;\"><span class=\"dd-postheadericon\">Konkursy 2015-2016<\/span><\/h2><p style=\"text-align: center;\"><strong>Nasze Przedszkolaki bra\u0142y udzia\u0142<\/strong><\/p><p style=\"text-align: center;\"><strong>r\u00f3\u017cnych Konkursach, Przegl\u0105dach itp<\/strong><\/p><p style=\"text-align: center;\"><strong>zdobywaj\u0105c liczne nagrody i wyr\u00f3\u017cnienia.<\/strong><\/p><p style=\"text-align: center;\"><a href=\"https:\/\/www.pp8.kluczbork.pl\/Obrazki\/2015-2016\/Czerwiec\/KONKURSY.pdf\" target=\"_blank\" rel=\"noopener\">Zobacz<\/a><\/p><h2 class=\"dd-postheader\" style=\"text-align: center;\"><span class=\"dd-postheadericon\">Certyfikat \u201eZielona Flaga\u201d<\/span><\/h2><p style=\"text-align: center;\"><strong>\u201eZielona Flaga&#8221;<\/strong>\u00a0jest mi\u0119dzynarodowym tytu\u0142em,<\/p><p style=\"text-align: center;\">kt\u00f3ry nadawany jest szko\u0142om na ca\u0142ym \u015bwiecie<\/p><p style=\"text-align: center;\">w ramach\u00a0<strong>Programu\u00a0<\/strong><strong>Eco-Schools.<\/strong><\/p><p style=\"text-align: center;\"><a href=\"https:\/\/www.pp8.kluczbork.pl\/Obrazki\/2015-2016\/Czerwiec\/Asia\/Zywnosc.pdf\" target=\"_blank\" rel=\"noopener\">Raport z Programu<\/a><\/p><p style=\"text-align: center;\"><a href=\"https:\/\/www.pp8.kluczbork.pl\/Obrazki\/2015-2016\/Czerwiec\/Asia\/Certyfikat.pdf\" target=\"_blank\" rel=\"noopener\">Certyfikat<\/a><\/p><h2 class=\"dd-postheader\" style=\"text-align: center;\"><span class=\"dd-postheadericon\">Konkursy 2014\/2015<\/span><\/h2><p style=\"text-align: center;\" align=\"center\"><strong>Osi\u0105gni\u0119cia dzieci z P.P. nr 8 w Kluczborku z OZ Ligocie G. i Smardach G.<\/strong><\/p><p style=\"text-align: center;\" align=\"center\"><strong>w konkursach\/olimpiadach\/festiwalach\/spartakiadach w roku szkolnym 2014\/2015<\/strong><\/p><p style=\"text-align: center;\" align=\"center\">\u00a0<\/p><p style=\"text-align: center;\" align=\"center\">\u00a0<\/p><p style=\"text-align: center;\" align=\"center\">\u00a0<\/p><p style=\"text-align: center;\">&#8211; Konkurs plastyczny\u00a0<strong>\u201e\u017bo\u0142nierze wykl\u0119ci\u201d<\/strong>, org. ZHR, UM Kluczbork.<\/p><p style=\"text-align: center;\"><strong>Zuzanna Cyrka<\/strong>\u00a0\u2013\u00a0<strong>2 x II miejsce<\/strong>\u00a0(6l.)<\/p><p style=\"text-align: center;\"><strong>Maja Szymkowia<\/strong>k\u00a0\u2013\u00a0<strong>I miejsce<\/strong>\u00a0(6l.)<\/p><p style=\"text-align: center;\">\u00a0<\/p><p style=\"text-align: center;\">\u00a0<\/p><p style=\"text-align: center;\">&#8211; Konkurs plastyczny \u201eJakie znasz zawody?\u201d, org. Izba Rzemie\u015blnicza w Opolu.<\/p><p style=\"text-align: center;\"><strong>Wyr\u00f3\u017cnienie \u2013 Natalia Gerges (4l<\/strong>.)<\/p><p style=\"text-align: center;\">\u00a0<\/p><p style=\"text-align: center;\">&#8211; Konkurs plastyczny \u201eZaj\u0105czek wielkanocny\u201d, org. P.S. Podstawowa z OP im. b\u0142. Jana Paw\u0142a II<\/p><p style=\"text-align: center;\">w Kuniowie.<\/p><p style=\"text-align: center;\"><strong>Oliwia Kurpik \u2013 I miejsce (5l.)<\/strong><\/p><p style=\"text-align: center;\">\u00a0<\/p><p style=\"text-align: center;\">&#8211; Konkurs plastyczny<strong>\u00a0\u201eM\u00f3j bezpieczny \u015bwiat\u201d<\/strong>, org. P.P. nr 8 w Kluczborku<\/p><p style=\"text-align: center;\"><strong>Zuzanna Cyrka \u2013 III miejsce (6l.)<\/strong><\/p><p style=\"text-align: center;\"><strong>Dominika Habrych \u2013 wyr\u00f3\u017cnienie (4l.)<\/strong><\/p><p style=\"text-align: center;\">\u00a0<\/p><p style=\"text-align: center;\">\u00a0<\/p><p style=\"text-align: center;\">&#8211; Konkurs plastyczny\u00a0<strong>\u201ePozdrowienia z Kluczborka\u201d,<\/strong>\u00a0org. P.P. nr 8 w Kluczborku<\/p><p style=\"text-align: center;\">\u00a0<\/p><p style=\"text-align: center;\"><strong>Patrycja Paradowska \u2013 I miejsce (6l.)<\/strong><\/p><p style=\"text-align: center;\"><strong>Oliwia Su\u0142kowska \u2013 II miejsce (4l.)<\/strong><\/p><p style=\"text-align: center;\"><strong>Oliwia Ma\u0144ka \u2013 III miejsce (5l.)<\/strong><\/p><p style=\"text-align: center;\">\u00a0<\/p><p style=\"text-align: center;\">9. konkurs plastyczny \u201ePok\u00f3j marze\u0144\u201d, org. NTO<\/p><p style=\"text-align: center;\">Nierozstrzygni\u0119ty<\/p><p style=\"text-align: center;\">&#8211; \u00a0<strong>XIV Festiwal Przedszkolnych Talent\u00f3w Muzycznych<\/strong>, org. P.P. nr 5 w Kluczborku<\/p><p style=\"text-align: center;\"><strong>Maja Szymkowiak (6l.), Anna Czerwiak (6l.) &#8211; II miejsce<\/strong><\/p><p style=\"text-align: center;\">\u00a0<\/p><p style=\"text-align: center;\">&#8211;\u00a0<strong>II Wojew\u00f3dzki Przegl\u0105d Taneczny Przedszkolak\u00f3w \u2013 Balerina 2015<\/strong>, org. Stowarzyszenie mi\u0142o\u015bnik\u00f3w ta\u0144ca Sukces, Starostwo Powiatowe w Kluczborku, Studio Ta\u0144ca i Ruchu Patiga, OSiR Kluczbork.<\/p><p style=\"text-align: center;\">\u00a0<\/p><p style=\"text-align: center;\"><strong>Kategoria zesp\u00f3\u0142\u00a0(5l.) \u2013\u00a0II miejsce:<\/strong><\/p><p style=\"text-align: center;\">Kamil Klajnert, Kaja Grobelna, Tomasz Kury\u0142o, Maja Rubin, Kacper Kwiatkowski, Wiktoria Wenerska, Beniamin G\u0142owacki, Marta \u015awiat\u0142y, Kuba \u0141atka, Antonina Lasota, Emilia Pawlicka, Jakub Borkiewicz\u00a0\u00a0<\/p><p style=\"text-align: center;\">\u00a0<\/p><p style=\"text-align: center;\"><strong>Kategoria Cheerlederki\u00a0\u2013\u00a0I miejsce<\/strong>:<\/p><p style=\"text-align: center;\">Martyna Gacmanga, Milena Paszek, Hanna Gnosowska, Weronika Mizerna (5l.)<\/p><h2 class=\"dd-postheader\" style=\"text-align: center;\"><span class=\"dd-postheadericon\">Nasze Certyfikaty<\/span><\/h2><p class=\"tresc\" style=\"text-align: center;\" align=\"center\"><strong>Uzyskane Certyfikaty<\/strong><\/p><p class=\"tresc\" style=\"text-align: center;\" align=\"center\">\u00a0<\/p><p style=\"text-align: center;\">\u00a0<\/p><p style=\"text-align: center;\">\u00a0\u201e<strong>Kubusiowi przyjaciele natury\u201d<\/strong>\u00a0&#8211;\u00a0<\/p><p style=\"text-align: center;\">edycja programu w latach: 2010\/11; 2011\/12;\u00a0 2012\/13; 2013\/14; 2014\/15;2015\/2016<\/p><p style=\"text-align: center;\">\u00a0\u00a0\u00a0<strong>\u201ePlac\u00f3wki przyjaznej \u015brodowisku\u201d\u00a0<\/strong><\/p><p style=\"text-align: center;\">&#8211; certyfikat po\u015bwiadczaj\u0105cy, \u017ce plac\u00f3wka uczestniczy w projekcie,<\/p><p style=\"text-align: center;\">kt\u00f3rego celem jest szerzenie wiedzy w\u015br\u00f3d dzieci.\u00a0 Wyd. DAXEN;<\/p><p style=\"text-align: center;\">\u00a0<\/p><p style=\"text-align: center;\">\u00a0<strong>\u201eLidera Edukacji Fundamentalnej&#8221;<\/strong>\u00a0&#8211;\u00a0certyfikat potwierdzaj\u0105cy przyznanie tytu\u0142u.<\/p><p style=\"text-align: center;\">\u00a0<\/p><p style=\"text-align: center;\">\u00a0<strong>\u00a0\u201ePrzedszkole Przyjazne \u017bywieniu i Aktywno\u015bci Fizycznej\u201d<\/strong>\u00a0&#8211;\u00a0za prowadzenie i rozwijanie dzia\u0142a\u0144 promuj\u0105cych prawid\u0142owe \u017cywienie i aktywno\u015b\u0107 fizyczn\u0105 w ramach projektu \u201ezachowaj r\u00f3wnowag\u0119\u201d;<\/p><p style=\"text-align: center;\">\u00a0\u00a0<\/p><p style=\"text-align: center;\"><strong>\u201eBezpieczne przedszkole\u201d<\/strong>\u00a0\u2013 projekt &#8211; zdrowie oraz aktywno\u015b\u0107 najm\u0142odszych;<\/p><p style=\"text-align: center;\">\u00a0\u00a0<\/p><p style=\"text-align: center;\">\u201e<strong>Wielki Bal Ksi\u0119\u017cniczek\u201d<\/strong>\u00a0&#8211; udzia\u0142 w projekcie\u00a0<\/p><p style=\"text-align: center;\">\u00a0<\/p><p style=\"text-align: center;\">\u201e<strong>Bezpieczny przejazd \u2013 zatrzymaj si\u0119 i \u017cyj\u201d<\/strong>\u00a0&#8211; certyfikat potwierdzaj\u0105cy przeprowadzenie zaj\u0119\u0107 edukacyjnych w zakresie bezpiecze\u0144stwa na przejazdach oraz w\u0142a\u015bciwego zachowania si\u0119 na terenie kolejowym \u2013 w ramach kampanii spo\u0142ecznej;<\/p><p style=\"text-align: center;\">\u00a0<\/p><p style=\"text-align: center;\"><strong>Europejska Odznaka Jako\u015bci<\/strong><strong>\u00a0w Projekcie mi\u0119dzynarodowy<\/strong><strong>\u00a0&#8222;10 krok\u00f3w do ekologii&#8221; .<\/strong><\/p><p style=\"text-align: center;\">\u00a0<\/p><p style=\"text-align: center;\"><strong>&#8222;Dbamy o J\u0119zyk Polski&#8221;<\/strong>\u00a0&#8211; \u00a0projekt logopedyczny organizowanym przez wyd. Daxen;<\/p><p style=\"text-align: center;\">\u00a0<\/p><p style=\"text-align: center;\"><strong>&#8222;Bezpieczne Dziecko &#8211; Bezpieczny Przedszkolak&#8221;<\/strong>\u00a0&#8211; tytu\u0142 Bezpieczne Przedszkole 2015;<\/p><p style=\"text-align: center;\">\u00a0<\/p><p style=\"text-align: center;\">\u00a0<\/p><p style=\"text-align: center;\">\u00a0<\/p><p style=\"text-align: center;\">\u00a0<\/p><p style=\"text-align: center;\">\u00a0<\/p><p style=\"text-align: center;\">\u00a0\u00a0<img loading=\"lazy\" decoding=\"async\" src=\"https:\/\/www.pp8.kluczbork.pl\/images\/3-1.jpg\" alt=\"\" width=\"300\" height=\"232\" \/><img loading=\"lazy\" decoding=\"async\" src=\"https:\/\/www.pp8.kluczbork.pl\/images\/2.jpg\" alt=\"\" width=\"200\" height=\"286\" \/><\/p><p style=\"text-align: center;\">\u00a0<\/p><p style=\"text-align: center;\">\u00a0<\/p><p style=\"text-align: center;\">\u00a0<\/p><p style=\"text-align: center;\">\u00a0<\/p><p style=\"text-align: center;\"><img loading=\"lazy\" decoding=\"async\" src=\"https:\/\/www.pp8.kluczbork.pl\/images\/Logopedia.jpg\" alt=\"\" width=\"182\" height=\"132\" \/><img loading=\"lazy\" decoding=\"async\" src=\"https:\/\/www.pp8.kluczbork.pl\/images\/img408.jpg\" alt=\"\" width=\"197\" height=\"143\" \/><\/p><p style=\"text-align: center;\">\u00a0<\/p><p style=\"text-align: center;\"><img loading=\"lazy\" decoding=\"async\" src=\"https:\/\/www.pp8.kluczbork.pl\/images\/img542.jpg\" alt=\"\" width=\"195\" height=\"142\" \/>\u00a0<img loading=\"lazy\" decoding=\"async\" src=\"https:\/\/www.pp8.kluczbork.pl\/images\/img543.jpg\" alt=\"\" width=\"112\" height=\"154\" \/><\/p><h2 class=\"dd-postheader\" style=\"text-align: center;\"><span class=\"dd-postheadericon\">Konkursy<\/span><\/h2><p style=\"text-align: center;\" align=\"center\"><strong>Osi\u0105gni\u0119cia naszych wychowank\u00f3w\u00a0<\/strong><\/p><p style=\"text-align: center;\" align=\"center\"><strong>w roku szkolnym 2013\/2014<\/strong><\/p><p style=\"text-align: center;\" align=\"center\">\u00a0<\/p><p style=\"text-align: center;\" align=\"center\">\u00a0<\/p><p style=\"text-align: center;\"><strong>I miejsce<\/strong>\u00a0\u2013 \u00a0 Zuzanna Kaczmarz, Nikola Pukaj\u0142o,<\/p><p style=\"text-align: center;\"><strong>II miejsce<\/strong>\u00a0\u2013 \u00a0Alicja Matysiak, Wiktoria Balicka,<\/p><p style=\"text-align: center;\"><strong>III miejsce<\/strong>\u00a0\u2013 Emilia Pawlicka, Oliwer Marweg,<\/p><p style=\"text-align: center;\">\u00a0 \u00a0 \u00a0 \u00a0 \u00a0 \u00a0 Karol Podk\u00f3wka<\/p><p style=\"text-align: center;\">&#8211; w konkursie plastycznym pt.\u00a0<strong>\u201eBy czyta\u0107 si\u0119 chcia\u0142o zak\u0142adk\u0119 zrobi\u0119 wspania\u0142\u0105\u201d;<\/strong><\/p><p style=\"text-align: center;\">\u00a0<\/p><p style=\"text-align: center;\">\u00a0<\/p><p style=\"text-align: center;\"><strong>II miejsce<\/strong>\u00a0&#8211;\u00a0<strong>Kacper Boduch, Filip Firszt, Kacper Jarz\u0105b, Daniel Mi\u015bta,<\/strong><\/p><p style=\"text-align: center;\"><strong>\u00a0 \u00a0 \u00a0 \u00a0 \u00a0 \u00a0 \u00a0 \u00a0 \u00a0 Marcin Przyby\u0142,\u00a0<\/strong><strong>Szymon Nikoforow, Kacper Kochman<\/strong><\/p><p style=\"text-align: center;\">\u00a0 \u00a0 \u00a0 \u00a0 \u00a0 \u00a0\u2013\u00a0<strong>w X Powiatowej \u00a0Spartakiadzie\u00a0 Sportowej\u00a0 Przedszkolak\u00f3w;<\/strong><\/p><p style=\"text-align: center;\">\u00a0<\/p><p style=\"text-align: center;\"><strong>\u201eSymbole narodowe\u201d<\/strong>\u00a0\u2013 konkurs plastyczny grupowy<\/p><p style=\"text-align: center;\">HERB:<\/p><p style=\"text-align: center;\"><strong>I miejsce<\/strong>\u00a0\u2013 Hanna Gnosowska,<\/p><p style=\"text-align: center;\"><strong>II miejsce<\/strong>\u00a0\u2013 Gabriela Dziedzic,<\/p><p style=\"text-align: center;\"><strong>III miejsce<\/strong>\u00a0\u2013 Kuba Bor\u00f3wka,<\/p><p style=\"text-align: center;\">GOD\u0141O:<\/p><p style=\"text-align: center;\">\u00a0<strong>I miejsce<\/strong>\u00a0\u2013 Zuzanna Kaczmarz,<\/p><p style=\"text-align: center;\"><strong>II miejsce<\/strong>\u00a0\u2013 Oliwia Brodawka<strong>,<\/strong><\/p><p style=\"text-align: center;\"><strong>III miejsce<\/strong>\u00a0\u2013 Antonina Lasota,<\/p><p style=\"text-align: center;\">FLAGA:<\/p><p style=\"text-align: center;\">\u00a0<strong>I miejsce<\/strong>\u00a0\u2013 Karolina Makie\u0142a,<\/p><p style=\"text-align: center;\"><strong>II miejsce<\/strong>\u00a0&#8211;\u00a0 Roksana Gasi\u0144ska,<\/p><p style=\"text-align: center;\"><strong>III miejsce<\/strong>\u00a0\u2013 Oliwia Su\u0142kowska,<\/p><p style=\"text-align: center;\">\u00a0<\/p><p style=\"text-align: center;\"><strong>III miejsce<\/strong>\u00a0&#8211;\u00a0<strong>Martyna Lech<\/strong>\u00a0 &#8211; w konkursie plastycznym\u00a0 &#8211;\u00a0<\/p><p style=\"text-align: center;\"><strong>\u00a0 \u00a0 \u00a0 \u00a0 \u00a0 \u00a0 \u00a0 \u00a0 \u00a0 \u00a0 \u00a0 \u00a0 \u00a0 \u00a0 \u00a0 \u00a0 \u00a0 \u00a0 \u00a0 \u00a0 \u00a0 \u00a0 \u00a0 \u00a0 \u00a0VII Wielkanocny Konkurs Plastyczny<\/strong><\/p><p style=\"text-align: center;\"><strong>\u00a0 \u00a0 \u00a0 \u00a0 \u00a0 \u00a0 \u00a0 \u00a0 \u00a0 \u00a0 \u00a0 \u00a0 \u00a0 \u00a0 \u00a0 \u00a0 \u00a0 \u00a0 \u00a0 \u00a0 \u00a0 \u00a0 \u00a0 \u00a0 \u00a0\u201eKoszyczek Wielkanocny\u201d;<\/strong><\/p><p style=\"text-align: center;\">\u00a0<\/p><p style=\"text-align: center;\"><strong>Wyr\u00f3\u017cnienie:<\/strong>\u00a0<strong>Kaja Adamska, Gabriela Dziedzic, Martyna Garbowska,<\/strong><\/p><p style=\"text-align: center;\"><strong>\u00a0 \u00a0 \u00a0 \u00a0 \u00a0 \u00a0 \u00a0 \u00a0 \u00a0 \u00a0 \u00a0 \u00a0 Martyna Lech,\u00a0<\/strong><strong>Amelia Rosiak, Daria Wo\u015b, Emilia \u017bukowska\u00a0<\/strong>\u00a0&#8211;\u00a0<\/p><p style=\"text-align: center;\"><strong>\u00a0 \u00a0 \u00a0 \u00a0 \u00a0 \u00a0 \u00a0 \u00a0 \u00a0 \u00a0 \u00a0 \u00a0 w XIII Festiwalu Przedszkolnych \u00a0Talent\u00f3w Muzycznych;<\/strong><\/p><p style=\"text-align: center;\">\u00a0<\/p><p style=\"text-align: center;\"><strong>III miejsce<\/strong>\u00a0\u2013 Zuzanna Kaczmarz \u00a0w konkursie plastycznym\u00a0<\/p><p style=\"text-align: center;\"><strong>\u00a0 \u00a0 \u00a0 \u00a0 \u00a0 \u00a0 \u00a0 \u00a0 \u00a0 \u00a0 \u00a0 \u00a0w \u201eUlubienie bohaterowie bajek i ba\u015bni\u201d.<\/strong><\/p><p style=\"text-align: center;\">.<\/p><p style=\"text-align: center;\" align=\"center\">\u00a0<\/p><p style=\"text-align: center;\" align=\"center\">\u00a0<\/p><p style=\"text-align: center;\" align=\"center\"><strong>Osi\u0105gni\u0119cia naszych wychowank\u00f3w<\/strong><\/p><p style=\"text-align: center;\" align=\"center\"><strong>w roku szkolnym 2012\/13<\/strong><\/p><p style=\"text-align: center;\" align=\"center\">\u00a0<\/p><p style=\"text-align: center;\"><strong>I miejsce &#8211;<\/strong>\u00a0<strong>Daria Wo\u015b &#8211;\u00a0w\u00a0<\/strong>Mi\u0119dzyprzedszkolnym konkursie plastyczny<\/p><p style=\"text-align: center;\">\u00a0 \u00a0 \u00a0 \u00a0 \u00a0 \u00a0 \u00a0 \u00a0 \u00a0 \u00a0 \u00a0 \u00a0 \u00a0 \u00a0 \u00a0 \u00a0 \u00a0 \u00a0 \u00a0\u00a0<strong>\u201eM\u00f3j przyjaciel Mi\u015b\u201d;<\/strong><\/p><p style=\"text-align: center;\">\u00a0<\/p><p style=\"text-align: center;\"><strong>III miejsce<\/strong>\u00a0 &#8211;\u00a0<strong>Martyna Garbowska\u00a0 w \u00a0<\/strong>konkursie plastycznym<\/p><p style=\"text-align: center;\"><strong>\u00a0 \u00a0 \u00a0 \u00a0 \u00a0 \u00a0 \u00a0 \u00a0 \u00a0 \u00a0 \u00a0\u201eNajpi\u0119kniejsze zak\u0105tki mojego miasta\u201d;<\/strong><\/p><p style=\"text-align: center;\">\u00a0<\/p><p style=\"text-align: center;\"><strong>III miejsce<\/strong>\u00a0 &#8211;\u00a0<strong>Marta Klici\u0144ska<\/strong>\u00a0<strong>w VI Wielkanocnym Konkursie Plastycznym<\/strong><\/p><p style=\"text-align: center;\"><strong>\u00a0 \u00a0 \u00a0 \u00a0 \u00a0 \u00a0 \u00a0 \u00a0 \u00a0 \u00a0 \u00a0 \u00a0\u201eKolorowe Pisanki\u201d;<\/strong><\/p><p style=\"text-align: center;\">\u00a0<\/p><p style=\"text-align: center;\"><strong>II miejsce &#8211; Kacper<\/strong>\u00a0<strong>Szpa\u0142ek<\/strong>\u00a0w konkursie plastycznym \u201eMamo, Tato nie pal\u201d;<\/p><p style=\"text-align: center;\">\u00a0<\/p><p style=\"text-align: center;\"><strong>II miejsce<\/strong>\u00a0\u2013\u00a0Widowisko Taneczne\u00a0<strong>\u201eKoty i Batmany\u201d<\/strong>\u00a0(Zuzia, Patrycja, Ania, Marta, Asia, Oliwia, Mateusz M., Miko\u0142aj, Mateusz K., Krzysiu, Dominik, Kuba S., Damian, Mateusz Cz., Adam \u2013 grupa\u00a0 \u201eM\u0105dre Sowy\u201d;<\/p><p style=\"text-align: center;\">\u00a0<\/p><p style=\"text-align: center;\"><strong>I miejsce<\/strong>\u00a0\u2013\u00a0cheerliderki \u201eRocky\u201d\u00a0(Zuzia M., Patrycja, Ania, Marta L., Asia, Oliwia<\/p><p style=\"text-align: center;\">\u00a0 \u00a0 \u00a0 \u00a0 \u00a0 \u00a0 \u00a0 \u00a0 \u00a0\u2013 grupa \u201eM\u0105dre Sowy\u201d\u00a0<\/p><p style=\"text-align: center;\">\u00a0<\/p><p style=\"text-align: center;\"><strong>I miejsce<\/strong>\u00a0&#8211;\u00a0<strong>Jakub Bor\u00f3wka<\/strong>\u00a0\u2013 w konkursie plastycznym<\/p><p style=\"text-align: center;\"><strong>\u00a0 \u00a0 \u00a0 \u00a0 \u00a0 \u00a0 \u00a0 \u00a0 \u00a0 \u00a0 \u00a0 \u00a0 \u00a0 \u00a0 \u00a0 \u00a0 \u00a0 \u00a0 \u00a0 \u00a0 \u00a0 \u00a0 \u00a0 \u00a0 \u00a0\u201eBohaterowie utwor\u00f3w J. Brzechwy<\/strong><\/p><p style=\"text-align: center;\"><strong>\u00a0 \u00a0 \u00a0 \u00a0 \u00a0 \u00a0 \u00a0 \u00a0 \u00a0 \u00a0 \u00a0 \u00a0 \u00a0 \u00a0 \u00a0 \u00a0 \u00a0 \u00a0 \u00a0 \u00a0 \u00a0 \u00a0 \u00a0 \u00a0 \u00a0 i J. Tuwima\u201d.<\/strong><\/p>\t\t\t\t\t\t<\/div>\n\t\t\t\t<\/div>\n\t\t\t\t\t<\/div>\n\t\t<\/div>\n\t\t\t\t\t\t\t<\/div>\n\t\t<\/section>\n\t\t\t\t\t\t<\/div>\n\t\t\t\t\t<\/div>\n\t\t","protected":false},"excerpt":{"rendered":"<p>Nasze Osi\u0105gni\u0119cia I miejsce w Powiecie &#8222;Przedszkole na Medal 2019&#8221; w Konkursie organizowanym przez NTO &#8211;\u00a0Oddzia\u0142 Smardy G. Zdj\u0119cie Konkursy plastyczne 2018\/2019 Konkursy plastyczne 2018\/2019 Udzia\u0142 dzieci z P. Przedszkola nr 8 im. Kubusia Puchatka w Kluczborku \u00a0 1.\u201dM\u00f3j przyjaciel pies\u201d\u00a0\u2013 mi\u0119dzygrupowy konkurs plastyczny Org. PP nr 8 w Kluczborku [&hellip;]<\/p>\n","protected":false},"author":1,"featured_media":0,"parent":2202,"menu_order":0,"comment_status":"closed","ping_status":"closed","template":"","meta":{"ngg_post_thumbnail":0,"footnotes":""},"_links":{"self":[{"href":"https:\/\/pp8.kluczbork.pl\/index.php?rest_route=\/wp\/v2\/pages\/2245"}],"collection":[{"href":"https:\/\/pp8.kluczbork.pl\/index.php?rest_route=\/wp\/v2\/pages"}],"about":[{"href":"https:\/\/pp8.kluczbork.pl\/index.php?rest_route=\/wp\/v2\/types\/page"}],"author":[{"embeddable":true,"href":"https:\/\/pp8.kluczbork.pl\/index.php?rest_route=\/wp\/v2\/users\/1"}],"replies":[{"embeddable":true,"href":"https:\/\/pp8.kluczbork.pl\/index.php?rest_route=%2Fwp%2Fv2%2Fcomments&post=2245"}],"version-history":[{"count":4,"href":"https:\/\/pp8.kluczbork.pl\/index.php?rest_route=\/wp\/v2\/pages\/2245\/revisions"}],"predecessor-version":[{"id":2249,"href":"https:\/\/pp8.kluczbork.pl\/index.php?rest_route=\/wp\/v2\/pages\/2245\/revisions\/2249"}],"up":[{"embeddable":true,"href":"https:\/\/pp8.kluczbork.pl\/index.php?rest_route=\/wp\/v2\/pages\/2202"}],"wp:attachment":[{"href":"https:\/\/pp8.kluczbork.pl\/index.php?rest_route=%2Fwp%2Fv2%2Fmedia&parent=2245"}],"curies":[{"name":"wp","href":"https:\/\/api.w.org\/{rel}","templated":true}]}}