{"id":2229,"date":"2022-04-13T12:01:11","date_gmt":"2022-04-13T12:01:11","guid":{"rendered":"https:\/\/pp8.kluczbork.pl\/?page_id=2229"},"modified":"2024-01-02T09:01:58","modified_gmt":"2024-01-02T09:01:58","slug":"programy","status":"publish","type":"page","link":"https:\/\/pp8.kluczbork.pl\/?page_id=2229","title":{"rendered":"Programy"},"content":{"rendered":"<h2 style=\"text-align: center;\">Programy<\/h2>\n<p style=\"font-weight: 400;\"><strong>Programy realizowane w naszym przedszkolu:<\/strong><\/p>\n<p style=\"font-weight: 400;\"><strong><span style=\"color: #ff0000;\">\u2013 Program Edukacji Przedszkolnej&nbsp;&nbsp;\u201ePlaneta Dzieci\u201d aut. Jolanty Wasilewskiej, wyd. WSiP;<\/span><\/strong><\/p>\n<p style=\"font-weight: 400;\"><strong>&#8211; Program Preorientacji Zawodowej Przedszkola \u2013 <\/strong>program wieloletni aut. Violetta Marcinkowska, Ma\u0142gorzata St\u0119pie\u0144, Ewa Tro\u015bcianka;<\/p>\n<p style=\"font-weight: 400;\"><strong>Programy og\u00f3lnopolskie:<\/strong><\/p>\n<p style=\"font-weight: 400;\"><strong>&#8211; \u201eCzytaj\u0105ce Przedszkole\u201d \u2013 \u201eCa\u0142a Polska czyta dzieciom\u201d ;<\/strong><\/p>\n<p style=\"font-weight: 400;\"><strong>&#8211; \u201eKubusiowi Przyjaciele Natury\u201d<\/strong> \u2013 program og\u00f3lnopolski \u2013 XIV edycja program ekologiczny;<\/p>\n<p style=\"font-weight: 400;\"><strong>&#8211; \u201eCzyste Powietrze wok\u00f3\u0142 nas\u201d<\/strong> \u2013 grupy starsze;<\/p>\n<p style=\"font-weight: 400;\"><strong>&#8211; \u201eSk\u0105d si\u0119 bior\u0105 produkty ekologiczne\u201d<\/strong> \u2013 grupy starsze;<\/p>\n<p style=\"font-weight: 400;\">&#8211; <strong>\u201eMa\u0142y Mi\u015b w \u015bwiecie wielkiej literatury\u201d;<\/strong><\/p>\n<p style=\"font-weight: 400;\"><strong>Programy w\u0142asne i Innowacje pedagogiczne:<\/strong><\/p>\n<p style=\"font-weight: 400;\">&#8211; innowacja pedagogiczna <strong>\u201eMa\u0142a ojczyzna przedszkolaka \u2013 to moje miasto, moje przedszkole, moja rodzina\u201d;<\/strong><\/p>\n<p style=\"font-weight: 400;\"><strong>&#8211; <\/strong>innowacja pedagogiczna <strong>\u201eZaradny Przedszkolak\u201d<\/strong><\/p>\n<p style=\"font-weight: 400;\">&#8211; program w\u0142asny&nbsp; <strong>\u201ePrzedszkole moim drugim domem\u201d<\/strong><\/p>\n<p style=\"font-weight: 400;\">&#8211; program w\u0142asny&nbsp; <strong>\u201eGrafomotoryka ma\u0142ego smyka\u201d.<\/strong><\/p>\n<p style=\"font-weight: 400;\">&#8211; program w\u0142asny&nbsp; <strong>\u201ePodr\u00f3\u017c do krainy ba\u015bni\u201d<\/strong><\/p>\n<p style=\"font-weight: 400;\">&#8211; program w\u0142asny \u2013 <strong>\u201eGrafomotoryka ma\u0142ego smyka;<\/strong><\/p>\n<p style=\"font-weight: 400;\">&#8211; program w\u0142asny \u2013 <strong>\u201eSzlaczki, zygzaczki\u201d.<\/strong><\/p>\n<p style=\"font-weight: 400;\">&#8211; program w\u0142asny&nbsp; <strong>\u201eMagiczna moc bajek i&nbsp;ba\u015bni\u201d<\/strong><\/p>\n<p style=\"font-weight: 400;\">&#8211; program w\u0142asny <strong>\u201e\u017byjemy zdrowo na sportowo\u201d<\/strong><\/p>\n<p style=\"font-weight: 400;\">&#8211; program w\u0142asny&nbsp;&nbsp; <strong>\u201eSprawne r\u0119ce\u201d<\/strong><\/p>\n<p style=\"font-weight: 400;\">&#8211; Program autorski zaj\u0119\u0107 Klubu pt. <strong>\u201eEuropejskie \u00d3semeczki\u201d<\/strong>;<\/p>\n<p style=\"font-weight: 400;\">&#8211; Program Nauczania religii \u201e<strong>Kocham dobrego Boga\u201d.<\/strong><\/p>\n<p style=\"font-weight: 400;\"><a href=\"https:\/\/podstawaprogramowa.pl\/Przedszkole\"><strong>PODSTAWA PROGRAMOWA<\/strong><\/a><\/p>\n<p style=\"font-weight: 400;\"><a href=\"https:\/\/podstawaprogramowa.pl\/Przedszkole\"><strong>WYCHOWANIA PRZEDSZKOLNEGO<\/strong><\/a><\/p>\n<p style=\"font-weight: 400;\">Przedszkole wsp\u00f3\u0142pracuje z rodzicami<\/p>\n<p style=\"font-weight: 400;\">i Poradni\u0105 Psychologiczno&nbsp;&#8211; Pedagogiczn\u0105<\/p>\n<p style=\"font-weight: 400;\">oraz innymi instytucjami \u015bwiadcz\u0105cymi pomoc<\/p>\n<p style=\"font-weight: 400;\">i wsparcie zgodnie z ich potrzebami.&nbsp;<\/p>\n","protected":false},"excerpt":{"rendered":"<p>Programy Programy realizowane w naszym przedszkolu: \u2013 Program Edukacji Przedszkolnej&nbsp;&nbsp;\u201ePlaneta Dzieci\u201d aut. Jolanty Wasilewskiej, wyd. WSiP; &#8211; Program Preorientacji Zawodowej Przedszkola \u2013 program wieloletni aut. Violetta Marcinkowska, Ma\u0142gorzata St\u0119pie\u0144, Ewa Tro\u015bcianka; Programy og\u00f3lnopolskie: &#8211; \u201eCzytaj\u0105ce Przedszkole\u201d \u2013 \u201eCa\u0142a Polska czyta dzieciom\u201d ; &#8211; \u201eKubusiowi Przyjaciele Natury\u201d \u2013 program og\u00f3lnopolski \u2013 [&hellip;]<\/p>\n","protected":false},"author":1,"featured_media":0,"parent":2202,"menu_order":0,"comment_status":"closed","ping_status":"closed","template":"","meta":{"ngg_post_thumbnail":0,"footnotes":""},"_links":{"self":[{"href":"https:\/\/pp8.kluczbork.pl\/index.php?rest_route=\/wp\/v2\/pages\/2229"}],"collection":[{"href":"https:\/\/pp8.kluczbork.pl\/index.php?rest_route=\/wp\/v2\/pages"}],"about":[{"href":"https:\/\/pp8.kluczbork.pl\/index.php?rest_route=\/wp\/v2\/types\/page"}],"author":[{"embeddable":true,"href":"https:\/\/pp8.kluczbork.pl\/index.php?rest_route=\/wp\/v2\/users\/1"}],"replies":[{"embeddable":true,"href":"https:\/\/pp8.kluczbork.pl\/index.php?rest_route=%2Fwp%2Fv2%2Fcomments&post=2229"}],"version-history":[{"count":7,"href":"https:\/\/pp8.kluczbork.pl\/index.php?rest_route=\/wp\/v2\/pages\/2229\/revisions"}],"predecessor-version":[{"id":4698,"href":"https:\/\/pp8.kluczbork.pl\/index.php?rest_route=\/wp\/v2\/pages\/2229\/revisions\/4698"}],"up":[{"embeddable":true,"href":"https:\/\/pp8.kluczbork.pl\/index.php?rest_route=\/wp\/v2\/pages\/2202"}],"wp:attachment":[{"href":"https:\/\/pp8.kluczbork.pl\/index.php?rest_route=%2Fwp%2Fv2%2Fmedia&parent=2229"}],"curies":[{"name":"wp","href":"https:\/\/api.w.org\/{rel}","templated":true}]}}