{"id":2219,"date":"2022-04-13T11:59:27","date_gmt":"2022-04-13T11:59:27","guid":{"rendered":"https:\/\/pp8.kluczbork.pl\/?page_id=2219"},"modified":"2026-01-19T20:28:44","modified_gmt":"2026-01-19T20:28:44","slug":"pracownicy-przedszkola","status":"publish","type":"page","link":"https:\/\/pp8.kluczbork.pl\/?page_id=2219","title":{"rendered":"Pracownicy Przedszkola"},"content":{"rendered":"<h2 style=\"text-align: center;\">Pracownicy Przedszkola<\/h2>\n<p><span style=\"color: #993300;\"><strong>mgr Tro\u015bcianka Ewa&nbsp;\u2013&nbsp;dyrektor przedszkola<br \/>\n<\/strong><\/span><span style=\"color: #993300;\"><strong>mgr St\u0119pie\u0144 Ma\u0142gorzata&nbsp;\u2013&nbsp;z-ca dyrektora<\/strong><\/span><\/p>\n<p><span style=\"color: #3366ff;\"><strong>Nauczyciele:<\/strong><\/span><\/p>\n<p><span style=\"color: #993366;\">mgr Herbe\u0107 Agnieszka &nbsp;<br \/>\n<\/span><span style=\"color: #993366;\">mgr Lewandowska El\u017cbieta<br \/>\n<\/span><span style=\"color: #993366;\">mgr Majowicz Malwina<br \/>\n<\/span><span style=\"color: #993366;\">mgr Marcinkowska Violetta<br \/>\n<\/span><span style=\"color: #993366;\">mgr Mizerna Agata<br \/>\nmgr &nbsp;Olejnik Marzena<br \/>\n<\/span><span style=\"color: #993366;\">mgr Piszcza\u0142ka Magdalena<br \/>\n<\/span><span style=\"color: #993366;\">mgr Rychter Beata<br \/>\n<\/span><span style=\"color: #993366;\">mgr Rygiel Alicja<br \/>\n<\/span><span style=\"color: #993366;\">mgr&nbsp;Rzymkiewicz Ewa<br \/>\n<\/span><span style=\"color: #993366;\">mgr Soko\u0142owska&nbsp;Beata<br \/>\n<\/span><span style=\"color: #993366;\">mgr Surmi\u0144ska Katarzyna<br \/>\n<\/span><span style=\"color: #993366;\">mgr Weso\u0142owska Izabela<br \/>\n<\/span><span style=\"color: #993366;\">mgr Zalwert Sylwia<br \/>\n<\/span><span style=\"color: #800080;\">mgr Michalok Anita &#8211; psycholog&nbsp;<\/span><br \/>\n<span style=\"color: #800080;\">Katecheta \u2013 &nbsp;Marzena Kalinowska<br \/>\n&nbsp; &nbsp; &nbsp; &nbsp; &nbsp; &nbsp; &nbsp; &nbsp; &nbsp; &nbsp; &nbsp;&#8211; &nbsp; ks. Krzysztof Jankowski<\/span><\/p>\n<p><strong><span style=\"color: #339966;\">Oddzia\u0142 Zamiejscowy w&nbsp;Ligocie G\u00f3rnej:<\/span><\/strong><\/p>\n<p><span style=\"color: #993366;\">Nauczycielki:<br \/>\n<\/span><span style=\"color: #993366;\">&nbsp; &nbsp; &nbsp; &nbsp; &nbsp; &nbsp; &nbsp; &nbsp; &nbsp; &nbsp; &nbsp; &nbsp; &nbsp;mgr Lewandowska El\u017cbieta&nbsp;<br \/>\n<\/span><span style=\"color: #993366;\">&nbsp; &nbsp; &nbsp; &nbsp; &nbsp; &nbsp; &nbsp; &nbsp; &nbsp; &nbsp; &nbsp; &nbsp; &nbsp;mgr &nbsp;Zalwert Sylwia<br \/>\n<\/span>&nbsp; &nbsp; &nbsp; &nbsp; &nbsp; &nbsp; &nbsp; &nbsp; &nbsp; &nbsp; &nbsp; &nbsp; <span style=\"color: #993366;\">&nbsp;mgr &nbsp;Majowicz Malwina<\/span><\/p>\n<p><span style=\"color: #993366;\"><strong>Katecheta: Marzena Kalinowska<\/strong><\/span><\/p>\n<p><span style=\"color: #ff6600;\">Pomoc nauczyciela: &nbsp;Klimek Katarzyna<br \/>\n<\/span><span style=\"color: #ff6600;\">Wo\u017ana oddzia\u0142owa: &nbsp;Paluch \u017baneta<br \/>\n<\/span><span style=\"color: #ff6600;\">Konserwator &#8211; Mazepa&nbsp;Maciej<\/span><\/p>\n<p><span style=\"color: #339966;\"><strong>Oddzia\u0142 Zamiejscowy w&nbsp;Smardach G\u00f3rnych:<\/strong><\/span><\/p>\n<p>&nbsp;<span style=\"color: #993366;\">Nauczycielka: mgr Rygiel Alicja &nbsp;&nbsp;<br \/>\n<\/span><span style=\"color: #993366;\">&nbsp; &nbsp; &nbsp; &nbsp; &nbsp; &nbsp; &nbsp; &nbsp; &nbsp; &nbsp; &nbsp; &nbsp; &nbsp; &nbsp;mgr &nbsp;Herbe\u0107 Agnieszka<br \/>\n&nbsp; &nbsp; &nbsp; &nbsp; &nbsp; &nbsp; &nbsp; &nbsp; &nbsp; &nbsp; &nbsp; &nbsp; &nbsp; &nbsp;mgr Agata Mizerna<\/span><\/p>\n<p><span style=\"color: #993366;\">Katecheta:&nbsp;ks. Krzysztof Jakubowski<\/span><\/p>\n<p><span style=\"color: #ff6600;\">Pomoc nauczyciela &#8211; <span style=\"color: #333399;\">&nbsp;<span style=\"color: #e07f1d;\">Cichy Bernadetta<br \/>\n<\/span><\/span><\/span><span style=\"color: #ff6600;\">Wo\u017ana Oddzia\u0142owa: Gierczyk Beata<br \/>\n<\/span><span style=\"color: #ff6600;\">Konserwator &#8211; &nbsp;Machaj Jan<\/span><\/p>\n<p><span style=\"color: #000080;\"><strong>Obs\u0142uga administracyjna:<\/strong><\/span><\/p>\n<p><span style=\"color: #008080;\">Sekretarz przedszkola: Paluch Agata<br \/>\n<\/span><span style=\"color: #008080;\">Intendent: Janik Monika<br \/>\n<\/span><span style=\"color: #008080;\">Pomoc administracyjna: K\u0119pka &#8211; Ka\u0142u\u017ca Kamila <\/span><\/p>\n<p><span style=\"color: #000080;\"><strong>Obs\u0142uga techniczna:<\/strong><\/span><\/p>\n<p><span style=\"color: #333399;\">Pomoc nauczyciela:&nbsp;<\/span><span style=\"color: #333399;\">Nazimek Izabela<\/span><\/p>\n<p><span style=\"color: #333399;\"><span style=\"color: #800000;\"><strong>Wo\u017ane oddzia\u0142owe:<\/strong><\/span><br \/>\n<\/span><span style=\"color: #333399;\">Jantos Lidia &nbsp;<br \/>\n<\/span><span style=\"color: #333399;\">Krupa Anna<br \/>\n<\/span><span style=\"color: #333399;\">Jasi\u0144ska Magdalena<\/span><span style=\"color: #333399;\"><br \/>\nWargin Agata<\/span><\/p>\n<p>&nbsp;<span style=\"color: #ff0000;\"><strong>Kuchnia:&nbsp;<\/strong><\/span><\/p>\n<p><span style=\"color: #339966;\">&#8211; Kucharka: Hofman Karolina<br \/>\n<\/span><span style=\"color: #339966;\">&#8211; pomoc kuchenne:&nbsp;Wierzbicka&nbsp;Bo\u017cena<br \/>\n<\/span><span style=\"color: #339966;\">&nbsp; &nbsp; &nbsp; &nbsp; &nbsp; &nbsp; &nbsp; &nbsp; &nbsp; &nbsp; &nbsp; &nbsp; &nbsp; &nbsp; &nbsp; &nbsp; &nbsp; &nbsp; Turek Katarzyna<br \/>\n<\/span><span style=\"color: #339966;\">&nbsp; &nbsp; &nbsp; &nbsp; &nbsp; &nbsp; &nbsp; &nbsp; &nbsp; &nbsp; &nbsp; &nbsp; &nbsp; &nbsp; &nbsp; &nbsp; &nbsp; &nbsp; Jung Gizela<\/span><\/p>\n<p><span style=\"color: #339966;\">&nbsp;Konserwator: &nbsp;Szmigiel Adam<\/span><\/p>\n<p><span style=\"color: #33cccc;\">Nasi Pracownicy to osoby z wieloletnim do\u015bwiadczeniem w pracy z dzie\u0107mi;<br \/>\n<\/span><span style=\"color: #33cccc;\">utrzymuj\u0105 w &nbsp;czysto\u015bci nasze przedszkole, jak i teren wok\u00f3\u0142 niego,<br \/>\n<\/span><span style=\"color: #33cccc;\">podaj\u0105 posi\u0142ki, pomagaj\u0105 dzieciom i nauczycielowi,<br \/>\n<\/span><span style=\"color: #33cccc;\">a panie kucharki przygotowuj\u0105 zdrowie i smaczne posi\u0142ki.<\/span><\/p>\n","protected":false},"excerpt":{"rendered":"<p>Pracownicy Przedszkola mgr Tro\u015bcianka Ewa&nbsp;\u2013&nbsp;dyrektor przedszkola mgr St\u0119pie\u0144 Ma\u0142gorzata&nbsp;\u2013&nbsp;z-ca dyrektora Nauczyciele: mgr Herbe\u0107 Agnieszka &nbsp; mgr Lewandowska El\u017cbieta mgr Majowicz Malwina mgr Marcinkowska Violetta mgr Mizerna Agata mgr &nbsp;Olejnik Marzena mgr Piszcza\u0142ka Magdalena mgr Rychter Beata mgr Rygiel Alicja mgr&nbsp;Rzymkiewicz Ewa mgr Soko\u0142owska&nbsp;Beata mgr Surmi\u0144ska Katarzyna mgr Weso\u0142owska Izabela mgr [&hellip;]<\/p>\n","protected":false},"author":1,"featured_media":0,"parent":2202,"menu_order":0,"comment_status":"closed","ping_status":"closed","template":"","meta":{"ngg_post_thumbnail":0,"footnotes":""},"_links":{"self":[{"href":"https:\/\/pp8.kluczbork.pl\/index.php?rest_route=\/wp\/v2\/pages\/2219"}],"collection":[{"href":"https:\/\/pp8.kluczbork.pl\/index.php?rest_route=\/wp\/v2\/pages"}],"about":[{"href":"https:\/\/pp8.kluczbork.pl\/index.php?rest_route=\/wp\/v2\/types\/page"}],"author":[{"embeddable":true,"href":"https:\/\/pp8.kluczbork.pl\/index.php?rest_route=\/wp\/v2\/users\/1"}],"replies":[{"embeddable":true,"href":"https:\/\/pp8.kluczbork.pl\/index.php?rest_route=%2Fwp%2Fv2%2Fcomments&post=2219"}],"version-history":[{"count":13,"href":"https:\/\/pp8.kluczbork.pl\/index.php?rest_route=\/wp\/v2\/pages\/2219\/revisions"}],"predecessor-version":[{"id":5725,"href":"https:\/\/pp8.kluczbork.pl\/index.php?rest_route=\/wp\/v2\/pages\/2219\/revisions\/5725"}],"up":[{"embeddable":true,"href":"https:\/\/pp8.kluczbork.pl\/index.php?rest_route=\/wp\/v2\/pages\/2202"}],"wp:attachment":[{"href":"https:\/\/pp8.kluczbork.pl\/index.php?rest_route=%2Fwp%2Fv2%2Fmedia&parent=2219"}],"curies":[{"name":"wp","href":"https:\/\/api.w.org\/{rel}","templated":true}]}}