{"id":2214,"date":"2022-04-13T11:58:36","date_gmt":"2022-04-13T11:58:36","guid":{"rendered":"https:\/\/pp8.kluczbork.pl\/?page_id=2214"},"modified":"2022-04-13T11:59:09","modified_gmt":"2022-04-13T11:59:09","slug":"organizacja-przedszkola","status":"publish","type":"page","link":"https:\/\/pp8.kluczbork.pl\/?page_id=2214","title":{"rendered":"Organizacja przedszkola"},"content":{"rendered":"\t\t<div data-elementor-type=\"wp-page\" data-elementor-id=\"2214\" class=\"elementor elementor-2214\" data-elementor-settings=\"[]\">\n\t\t\t\t\t\t\t<div class=\"elementor-section-wrap\">\n\t\t\t\t\t\t\t<section class=\"elementor-section elementor-top-section elementor-element elementor-element-6f916b2 elementor-section-boxed elementor-section-height-default elementor-section-height-default\" data-id=\"6f916b2\" data-element_type=\"section\">\n\t\t\t\t\t\t<div class=\"elementor-container elementor-column-gap-default\">\n\t\t\t\t\t<div class=\"elementor-column elementor-col-100 elementor-top-column elementor-element elementor-element-04a2eac\" data-id=\"04a2eac\" data-element_type=\"column\">\n\t\t\t<div class=\"elementor-widget-wrap elementor-element-populated\">\n\t\t\t\t\t\t\t\t<div class=\"elementor-element elementor-element-396bf0a elementor-widget elementor-widget-text-editor\" data-id=\"396bf0a\" data-element_type=\"widget\" data-widget_type=\"text-editor.default\">\n\t\t\t\t<div class=\"elementor-widget-container\">\n\t\t\t\t\t\t\t\t<h2 class=\"dd-postheader\" style=\"text-align: center;\"><span class=\"dd-postheadericon\">Organizacja przedszkola<\/span><\/h2><p align=\"center\"><strong>PRZEDSZKOLE CZYNNE:<\/strong><\/p><p align=\"center\">od poniedzia\u0142ku do pi\u0105tku<\/p><p align=\"center\"><strong>w godz. 6.00 &#8211; 17.00<\/strong><\/p><p align=\"center\">\u00a0<\/p><p align=\"center\">\u00a0<\/p><p align=\"center\"><strong>RAMOWY ROZK\u0141AD DNIA<\/strong><\/p><p align=\"center\"><strong>\u00a0<\/strong><\/p><table border=\"1\" cellpadding=\"0\"><tbody><tr><td width=\"129\"><p align=\"center\">6.00 \u2013 8.00<\/p><\/td><td valign=\"top\" width=\"465\"><p>Codziennie rano z weso\u0142\u0105 min\u0105 przychodzimy do przedszkola.<\/p><p>Tu czekaj\u0105 na nas kole\u017canki, koledzy i nasze panie.<\/p><p>Witamy si\u0119 ze wszystkimi i rozpoczynamy zabaw\u0119.<\/p><p>Wybieramy to, co nas interesuje: klocki, lalki, samochody, puzzle, gry planszowe itp.<\/p><\/td><\/tr><tr><td width=\"129\"><p>\u00a0\u00a0 8.00 \u2013 8.30<\/p><\/td><td valign=\"top\" width=\"465\"><p>Bawimy si\u0119 z dzie\u0107mi i uczymy przestrzegania zasad r\u00f3wnego prawa do korzystania ze wsp\u00f3lnych zabawek. Tworzymy sytuacje doskonal\u0105ce pami\u0119\u0107, zdolno\u015b\u0107 kojarzenia, umiej\u0119tno\u015b\u0107 skupiania uwagi na osobach i rzeczach.<\/p><\/td><\/tr><tr><td width=\"129\"><p>\u00a0\u00a08.30 \u2013 9.00<\/p><\/td><td valign=\"top\" width=\"465\"><p>Porz\u0105dkujemy zabawki po sko\u0144czonej zabawie i czas na gimnastyk\u0119 porann\u0105 i zabawy ruchowe. Po zabawach ruchowych idziemy do \u0142azienki. Korzystamy z toalety i dok\u0142adnie myjemy r\u0119ce. Przygotowujemy sie do \u015bniadania.<\/p><\/td><\/tr><tr><td width=\"129\"><p>\u00a0\u00a09.00 \u2013 9.30<\/p><\/td><td valign=\"top\" width=\"465\"><p>Teraz zjadamy pyszne i zdrowe \u015bniadanie. Przekonujemy si\u0119, \u017ce mleko i inne potrawy s\u0105 nie tylko zdrowe, ale i smaczne. Wyrabiamy nawyki higieniczno \u2013 kulturalne zwi\u0105zanych ze spo\u017cywaniem \u015bniadania.<\/p><\/td><\/tr><tr><td width=\"129\"><p>\u00a0\u00a09.30 \u2013 10.30<\/p><\/td><td valign=\"top\" width=\"465\"><p>To czas, w kt\u00f3rym dzieje si\u0119 wiele ciekawych rzeczy.\u00a0<\/p><p>Powstaj\u0105 sytuacje edukacyjno &#8211; wychowawcze organizowane przez nauczycielk\u0119 wyzwalaj\u0105ce tw\u00f3rcz\u0105 postaw\u0119 i ekspresj\u0119 dzieci; zabawy ruchowe organizowane, inspirowane przez nauczyciela. Wzbogacamy swoje wiadomo\u015bci: uczymy si\u0119 wierszy, piosenek, ta\u0144czymy, liczymy, rozwi\u0105zujemy zagadki, nie zapominamy tak\u017ce o zabawach ruchowych.<\/p><\/td><\/tr><tr><td width=\"129\"><p align=\"center\">10.30 \u2013 11.30<\/p><\/td><td valign=\"top\" width=\"465\"><p>\u015awie\u017ce powietrze to zdrowie, dlatego jest to czas na zabawy na podw\u00f3rku przedszkolnym, gdzie rozwijamy swoj\u0105 wyobra\u017ani\u0119 tworz\u0105c wsp\u00f3lnie r\u00f3\u017cne zabawy i budowle z piasku. Spacerujemy po najbli\u017cszym otoczeniu, wybieramy si\u0119 na wycieczki, a tak\u017ce wspaniale bawimy si\u0119\u00a0na placu zabaw.<\/p><\/td><\/tr><tr><td width=\"129\"><p align=\"center\">11.30 \u2013 12.00<\/p><\/td><td valign=\"top\" width=\"465\"><p>To czas czynno\u015bci higieniczno &#8211; sanitarne i przygotowanie do obiadu. Dy\u017curni pomagaj\u0105 pani wo\u017anej w nakryciu stolik\u00f3w do spo\u017cywania posi\u0142k\u00f3w. Wszystkie dzieci pami\u0119taj\u0105 o dok\u0142adnym myciu r\u0105k i formach grzeczno\u015bciowych: smacznego i dzi\u0119kuj\u0119.<\/p><\/td><\/tr><tr><td width=\"129\"><p align=\"center\">12.00 \u2013 12.30<\/p><\/td><td valign=\"top\" width=\"465\"><p>Zjadamy pyszny obiadek i bogate w witaminy sur\u00f3wki przygotowane przez panie kucharki. Usprawniamy technik\u0119 samodzielnego spo\u017cywania posi\u0142k\u00f3w, pos\u0142ugiwania si\u0119 sztu\u0107cami, przezwyci\u0119\u017camy uprzedzenia i przyzwyczajenia do zdrowego \u017cywienia. Po posi\u0142ku myjemy z\u0119by.<\/p><\/td><\/tr><tr><td width=\"129\"><p align=\"center\">12.30 \u2013 13.00<\/p><\/td><td valign=\"top\" width=\"465\"><p>To czas na nasz\u0105 spontaniczn\u0105 i samorzutn\u0105 aktywno\u015b\u0107. Wybieramy to, co nas interesuje: klocki, lalki, samochody, puzzle, gry planszowe itp.<\/p><\/td><\/tr><tr><td rowspan=\"3\" width=\"129\"><p align=\"center\">13.00 \u2013 16.30<\/p><\/td><td valign=\"top\" width=\"465\"><p>Czas na odpoczynek i r\u00f3\u017cne formy relaksu. W poszczeg\u00f3lnych grupach wiekowych organizowane s\u0105 zaj\u0119cia zgodnie z potrzebami i\u00a0mo\u017cliwo\u015bciami dzieci. Czytamy bajki i rozwijamy zainteresowanie\u00a0literatur\u0105 dzieci\u0119c\u0105. To tak\u017ce czas na indywidualne ko\u0144czenie prac plastyczno \u2013 konstrukcyjnych, i zabawy swobodne.<\/p><\/td><\/tr><tr><td valign=\"top\" width=\"465\"><p>Podwieczorek i czynno\u015bci higieniczno-sanitarne.<\/p><\/td><\/tr><tr><td valign=\"top\" width=\"465\"><p>Organizowane s\u0105 warunk\u00f3w do tw\u00f3rczej aktywno\u015bci poprzez udzia\u0142 dzieci w zaj\u0119ciach dodatkowych prowadzonych przez specjalist\u00f3w.<\/p><\/td><\/tr><tr><td width=\"129\"><p>\u00a016.30 \u2013 17.00<\/p><\/td><td valign=\"top\" width=\"465\"><p>Ko\u0144czy si\u0119 dzie\u0144 w przedszkolu. Rodzice zabieraj\u0105 nas do dom\u00f3w. Ci kt\u00f3rzy jeszcze zostaj\u0105 maj\u0105 czas na zabaw\u0119.<\/p><p>\u00a0<\/p><\/td><\/tr><\/tbody><\/table>\t\t\t\t\t\t<\/div>\n\t\t\t\t<\/div>\n\t\t\t\t\t<\/div>\n\t\t<\/div>\n\t\t\t\t\t\t\t<\/div>\n\t\t<\/section>\n\t\t\t\t\t\t<\/div>\n\t\t\t\t\t<\/div>\n\t\t","protected":false},"excerpt":{"rendered":"<p>Organizacja przedszkola PRZEDSZKOLE CZYNNE: od poniedzia\u0142ku do pi\u0105tku w godz. 6.00 &#8211; 17.00 \u00a0 \u00a0 RAMOWY ROZK\u0141AD DNIA \u00a0 6.00 \u2013 8.00 Codziennie rano z weso\u0142\u0105 min\u0105 przychodzimy do przedszkola. Tu czekaj\u0105 na nas kole\u017canki, koledzy i nasze panie. Witamy si\u0119 ze wszystkimi i rozpoczynamy zabaw\u0119. Wybieramy to, co nas [&hellip;]<\/p>\n","protected":false},"author":1,"featured_media":0,"parent":2202,"menu_order":0,"comment_status":"closed","ping_status":"closed","template":"","meta":{"ngg_post_thumbnail":0,"footnotes":""},"_links":{"self":[{"href":"https:\/\/pp8.kluczbork.pl\/index.php?rest_route=\/wp\/v2\/pages\/2214"}],"collection":[{"href":"https:\/\/pp8.kluczbork.pl\/index.php?rest_route=\/wp\/v2\/pages"}],"about":[{"href":"https:\/\/pp8.kluczbork.pl\/index.php?rest_route=\/wp\/v2\/types\/page"}],"author":[{"embeddable":true,"href":"https:\/\/pp8.kluczbork.pl\/index.php?rest_route=\/wp\/v2\/users\/1"}],"replies":[{"embeddable":true,"href":"https:\/\/pp8.kluczbork.pl\/index.php?rest_route=%2Fwp%2Fv2%2Fcomments&post=2214"}],"version-history":[{"count":4,"href":"https:\/\/pp8.kluczbork.pl\/index.php?rest_route=\/wp\/v2\/pages\/2214\/revisions"}],"predecessor-version":[{"id":2218,"href":"https:\/\/pp8.kluczbork.pl\/index.php?rest_route=\/wp\/v2\/pages\/2214\/revisions\/2218"}],"up":[{"embeddable":true,"href":"https:\/\/pp8.kluczbork.pl\/index.php?rest_route=\/wp\/v2\/pages\/2202"}],"wp:attachment":[{"href":"https:\/\/pp8.kluczbork.pl\/index.php?rest_route=%2Fwp%2Fv2%2Fmedia&parent=2214"}],"curies":[{"name":"wp","href":"https:\/\/api.w.org\/{rel}","templated":true}]}}