{"id":2209,"date":"2022-04-13T11:57:26","date_gmt":"2022-04-13T11:57:26","guid":{"rendered":"https:\/\/pp8.kluczbork.pl\/?page_id=2209"},"modified":"2022-05-16T15:34:44","modified_gmt":"2022-05-16T15:34:44","slug":"o-nas","status":"publish","type":"page","link":"https:\/\/pp8.kluczbork.pl\/?page_id=2209","title":{"rendered":"O nas"},"content":{"rendered":"\t\t<div data-elementor-type=\"wp-page\" data-elementor-id=\"2209\" class=\"elementor elementor-2209\" data-elementor-settings=\"[]\">\n\t\t\t\t\t\t\t<div class=\"elementor-section-wrap\">\n\t\t\t\t\t\t\t<section class=\"elementor-section elementor-top-section elementor-element elementor-element-786ccc4 elementor-section-boxed elementor-section-height-default elementor-section-height-default\" data-id=\"786ccc4\" data-element_type=\"section\">\n\t\t\t\t\t\t<div class=\"elementor-container elementor-column-gap-default\">\n\t\t\t\t\t<div class=\"elementor-column elementor-col-100 elementor-top-column elementor-element elementor-element-71bd364\" data-id=\"71bd364\" data-element_type=\"column\">\n\t\t\t<div class=\"elementor-widget-wrap elementor-element-populated\">\n\t\t\t\t\t\t\t\t<div class=\"elementor-element elementor-element-e2450dd elementor-widget elementor-widget-text-editor\" data-id=\"e2450dd\" data-element_type=\"widget\" data-widget_type=\"text-editor.default\">\n\t\t\t\t<div class=\"elementor-widget-container\">\n\t\t\t\t\t\t\t\t<h2 style=\"text-align: center;\"><b>O nas<\/b><\/h2><p style=\"text-align: center;\">Serdecznie zapraszamy dzieci i rodzic\u00f3w do naszego przedszkola.<br \/>Proponujemy Pa\u0144stwu miejsce, w kt\u00f3rym dziecko jest najwa\u017cniejsz\u0105 osob\u0105.<br \/>Propagujemy rodzinny model wychowania, cenimy sobie \u015bcis\u0142\u0105 wsp\u00f3\u0142prac\u0119 z rodzicami,<\/p><p style=\"text-align: center;\">a dzieci darzymy mi\u0142o\u015bci\u0105, trosk\u0105, doceniamy jego indywidualno\u015b\u0107.<\/p><p style=\"text-align: center;\">Nasze\u00a0<strong>Przedszkole nr 8 w Kluczborku<\/strong>\u00a0powsta\u0142o w roku 1982.<\/p><p>Od wrze\u015bnia 2006 roku do przedszkola zosta\u0142y przy\u0142\u0105czone\u00a0oddzia\u0142y zamiejscowe w Krzywi\u017anie, Ligocie G\u00f3rnej i Smardach G\u00f3rnych. Z\u00a0pocz\u0105tkiem roku szkolnego 2007 zosta\u0142 zlikwidowany oddzia\u0142 zamiejscowy w Krzywi\u017anie.<br \/>Przedszkole w Kluczborku\u00a0zlokalizowane jest na osiedlu w\u015br\u00f3d blok\u00f3w mieszkalnych,\u00a0 przy ul. Ossowskiego 3 i.\u00a0Mie\u015bci si\u0119 w wolnostoj\u0105cym, nowoczesnym,\u00a0jednopi\u0119trowym budynku.\u00a0<br \/>Sale w przedszkolu s\u0105 wielofunkcyjne, du\u017ce, jasne, dostosowane do potrzeb i mo\u017cliwo\u015bci dzieci w wieku przedszkolnym, dobrze wyposa\u017cone i estetyczne.\u00a0<br \/>\u00a0\u00a0\u00a0\u00a0 Teren wok\u00f3\u0142 przedszkola jest spokojny i bezpieczny, otoczony zieleni\u0105, odleg\u0142y od ha\u0142asu miejskiego.\u00a0<\/p><p style=\"text-align: center;\"><strong>Co nas wyr\u00f3\u017cnia?<\/strong><br \/>\u00a0\u00a0\u00a0\u00a0W\u00a0prac\u0119 wychowawcz\u0105 i dydaktyczn\u0105\u00a0zaanga\u017cowany jest ca\u0142y personel pedagogiczny, administracyjno \u2013 obs\u0142ugowy, jak r\u00f3wnie\u017c rodzice, a efektem naszej wsp\u00f3lnej pracy jest przedszkole, w kt\u00f3rym dzieci czuj\u0105 si\u0119 wa\u017cne, bezpieczne,\u00a0i do kt\u00f3rego przychodz\u0105 z\u00a0rado\u015bci\u0105.\u00a0<br \/>Model \u00a0naszej pracy \u00a0jest efektem nieustannych poszukiwa\u0144 dokonywanych przez dyrektora, \u00a0grono pedagogiczne i personel przedszkola. \u00a0<\/p><p style=\"text-align: center;\"><strong>Rodzic jest partnerem<\/strong><br \/>Ch\u0119tnie rozmawiamy, doradzamy i s\u0142uchamy Pa\u0144stwa sugestii. Ustalamy wsp\u00f3lnie korzystne sposoby post\u0119powania z dzieckiem. \u00a0Szczeg\u00f3ln\u0105 uwag\u0119 przywi\u0105zujemy do dialogu z rodzicami oraz specjalistami w\u00a0r\u00f3\u017cnych dziedzinach, bo jeste\u015bmy przekonani, \u017ce razem znaczy lepiej i\u00a0wi\u0119cej.\u00a0Jeste\u015bmy otwarci na pomys\u0142y i\u00a0sugestie rodzic\u00f3w, oraz na aktywn\u0105 wsp\u00f3\u0142prac\u0119. Dla nas dziecko to ma\u0142a i delikatna ro\u015blinka,\u00a0 kt\u00f3r\u0105 trzeba wspiera\u0107 i piel\u0119gnowa\u0107, aby m\u00f3g\u0142 z niej wyrosn\u0105\u0107 pi\u0119kny kwiat.<\/p><p style=\"text-align: center;\">Propozycje naszej wsp\u00f3\u0142pracy z Rodzicami:<\/p><p style=\"text-align: center;\">\u2013 dla dzieci i rodzic\u00f3w wsp\u00f3\u0142prac\u0119 z poradni\u0105 psychologiczno-pedagogiczn\u0105\u00a0<br \/>\u2013 zaj\u0119cia otwarte;<\/p><p style=\"text-align: center;\">\u2013 dni\u00a0adaptacyjne dla dzieci 3 letnich i pierwszy raz przekraczaj\u0105cych pr\u00f3g przedszkola;<\/p><p style=\"text-align: center;\">\u2013 kontakty indywidualne;<\/p><p style=\"text-align: center;\">\u2013 wsp\u00f3lne uroczysto\u015bci przedszkolne;<\/p><p style=\"text-align: center;\">\u2013 rodzinne spotkania popo\u0142udniowe;<\/p><p style=\"text-align: center;\">\u2013 gazetk\u0119\u00a0 przedszkoln\u0105 \u201e\u00d3semeczka\u201d;<\/p><p style=\"text-align: center;\">\u2013 zebrania og\u00f3lne i grupowe.<\/p><p style=\"text-align: center;\"><strong>Zdolni absolwenci<\/strong><br \/>Dziecko ko\u0144cz\u0105ce nauk\u0119 w naszym przedszkolu potrafi rozwin\u0105\u0107 w sobie wiar\u0119 we w\u0142asne mo\u017cliwo\u015bci, samoakceptacj\u0119, otwarte i tw\u00f3rcze podej\u015bcie do rozwi\u0105zywanych problem\u00f3w. Szanuje siebie i drugiego cz\u0142owieka. Posiada kompetencje kluczowe, kt\u00f3re s\u0105 baz\u0105 do dobrego, pe\u0142nego sukces\u00f3w startu w edukacji szkolnej.\u00a0<\/p><p style=\"text-align: center;\"><strong>Pozwalamy Dzieciom rozkwitn\u0105\u0107..<br \/><\/strong>Pomagamy wydobywa\u0107 i rozwija\u0107 ukryte talenty.<\/p><p style=\"text-align: center;\"><strong>Przedszkole:<\/strong><\/p><p style=\"text-align: center;\">&#8211;\u00a0wspomaga wszechstronny rozw\u00f3j dziecka<br \/>&#8211;\u00a0rozwija indywidualne zainteresowania dzieci<br \/>&#8211;\u00a0uczy regu\u0142 wsp\u00f3\u0142\u017cycia w grupie r\u00f3wie\u015bniczej<br \/>&#8211;\u00a0przyswaja w\u0142asne normy post\u0119powania<br \/>&#8211;\u00a0przestrzega praw i obowi\u0105zk\u00f3w dzieci<br \/>&#8211;\u00a0rozwija sprawno\u015b\u0107 ruchow\u0105<br \/>&#8211;\u00a0uczy nawyk\u00f3w higienicznych i kulturalnych<\/p><p style=\"text-align: center;\">Oferuje\u00a0<strong>bezp\u0142atne zaj\u0119cia dodatkowe<\/strong>\u00a0(dla ka\u017cdej grupy wiekowej):<\/p><p>\u2013 nauk\u0119 j\u0119zyka angielskiego\u00a0<\/p><p style=\"text-align: center;\">\u2013 zaj\u0119cia umuzykalniaj\u0105ce z elementami rytmiki<\/p><p style=\"text-align: center;\">\u2013 zaj\u0119cia taneczne<\/p><p style=\"text-align: center;\">\u2013 k\u00f3\u0142ka zainteresowa\u0144<br \/>\u2013 Klub Europejczyka.<\/p><p style=\"text-align: center;\"><strong>Zapewniamy:<\/strong><\/p><p style=\"text-align: center;\">&#8211;\u00a0domow\u0105 atmosfer\u0119<br \/>&#8211;\u00a0mi\u0142\u0105 i przyjazn\u0105 dzieciom opiek\u0119<br \/>&#8211;\u00a0wykwalifikowan\u0105 kadr\u0119 pedagogiczn\u0105<\/p><p style=\"text-align: center;\">&#8211; zaj\u0119cia logopedyczne na terenie przedszkola<br \/>&#8211;\u00a0nowoczesne kolorowe zabawki<br \/>&#8211;\u00a0odpowiednie wyposa\u017cenie pomieszcze\u0144<br \/>&#8211;\u00a0pyszne i urozmaicone posi\u0142ki.<\/p>\t\t\t\t\t\t<\/div>\n\t\t\t\t<\/div>\n\t\t\t\t\t<\/div>\n\t\t<\/div>\n\t\t\t\t\t\t\t<\/div>\n\t\t<\/section>\n\t\t\t\t\t\t<\/div>\n\t\t\t\t\t<\/div>\n\t\t","protected":false},"excerpt":{"rendered":"<p>O nas Serdecznie zapraszamy dzieci i rodzic\u00f3w do naszego przedszkola.Proponujemy Pa\u0144stwu miejsce, w kt\u00f3rym dziecko jest najwa\u017cniejsz\u0105 osob\u0105.Propagujemy rodzinny model wychowania, cenimy sobie \u015bcis\u0142\u0105 wsp\u00f3\u0142prac\u0119 z rodzicami, a dzieci darzymy mi\u0142o\u015bci\u0105, trosk\u0105, doceniamy jego indywidualno\u015b\u0107. Nasze\u00a0Przedszkole nr 8 w Kluczborku\u00a0powsta\u0142o w roku 1982. Od wrze\u015bnia 2006 roku do przedszkola zosta\u0142y [&hellip;]<\/p>\n","protected":false},"author":1,"featured_media":0,"parent":2202,"menu_order":0,"comment_status":"closed","ping_status":"closed","template":"","meta":{"ngg_post_thumbnail":0,"footnotes":""},"_links":{"self":[{"href":"https:\/\/pp8.kluczbork.pl\/index.php?rest_route=\/wp\/v2\/pages\/2209"}],"collection":[{"href":"https:\/\/pp8.kluczbork.pl\/index.php?rest_route=\/wp\/v2\/pages"}],"about":[{"href":"https:\/\/pp8.kluczbork.pl\/index.php?rest_route=\/wp\/v2\/types\/page"}],"author":[{"embeddable":true,"href":"https:\/\/pp8.kluczbork.pl\/index.php?rest_route=\/wp\/v2\/users\/1"}],"replies":[{"embeddable":true,"href":"https:\/\/pp8.kluczbork.pl\/index.php?rest_route=%2Fwp%2Fv2%2Fcomments&post=2209"}],"version-history":[{"count":10,"href":"https:\/\/pp8.kluczbork.pl\/index.php?rest_route=\/wp\/v2\/pages\/2209\/revisions"}],"predecessor-version":[{"id":2354,"href":"https:\/\/pp8.kluczbork.pl\/index.php?rest_route=\/wp\/v2\/pages\/2209\/revisions\/2354"}],"up":[{"embeddable":true,"href":"https:\/\/pp8.kluczbork.pl\/index.php?rest_route=\/wp\/v2\/pages\/2202"}],"wp:attachment":[{"href":"https:\/\/pp8.kluczbork.pl\/index.php?rest_route=%2Fwp%2Fv2%2Fmedia&parent=2209"}],"curies":[{"name":"wp","href":"https:\/\/api.w.org\/{rel}","templated":true}]}}