{"id":2160,"date":"2022-04-13T11:36:11","date_gmt":"2022-04-13T11:36:11","guid":{"rendered":"https:\/\/pp8.kluczbork.pl\/?page_id=2160"},"modified":"2022-04-13T11:39:40","modified_gmt":"2022-04-13T11:39:40","slug":"zajecia-edukacyjne","status":"publish","type":"page","link":"https:\/\/pp8.kluczbork.pl\/?page_id=2160","title":{"rendered":"Zaj\u0119cia Edukacyjne"},"content":{"rendered":"\t\t<div data-elementor-type=\"wp-page\" data-elementor-id=\"2160\" class=\"elementor elementor-2160\" data-elementor-settings=\"[]\">\n\t\t\t\t\t\t\t<div class=\"elementor-section-wrap\">\n\t\t\t\t\t\t\t<section class=\"elementor-section elementor-top-section elementor-element elementor-element-a82b94c elementor-section-boxed elementor-section-height-default elementor-section-height-default\" data-id=\"a82b94c\" data-element_type=\"section\">\n\t\t\t\t\t\t<div class=\"elementor-container elementor-column-gap-default\">\n\t\t\t\t\t<div class=\"elementor-column elementor-col-100 elementor-top-column elementor-element elementor-element-169c1c0\" data-id=\"169c1c0\" data-element_type=\"column\">\n\t\t\t<div class=\"elementor-widget-wrap elementor-element-populated\">\n\t\t\t\t\t\t\t\t<div class=\"elementor-element elementor-element-ab7da82 elementor-widget elementor-widget-text-editor\" data-id=\"ab7da82\" data-element_type=\"widget\" data-widget_type=\"text-editor.default\">\n\t\t\t\t<div class=\"elementor-widget-container\">\n\t\t\t\t\t\t\t\t<h2 class=\"dd-postheader\" style=\"text-align: center;\"><span class=\"dd-postheadericon\">Wycieczka do biblioteki<\/span><\/h2><div class=\"dd-postheadericons dd-metadata-icons\" style=\"text-align: center;\">\u00a0<\/div><div class=\"dd-postcontent clearfix\"><div class=\"dd-article\"><p style=\"text-align: center;\">W bibliotece dzieci mi\u0142o sp\u0119dzi\u0142y czas &#8211; zapozna\u0142y si\u0119 z prac\u0105 bibliotekarza, ogl\u0105da\u0142y teatrzyk &#8222;M\u00f3j Przyjaciel Kamushi&#8221; oraz s\u0142ucha\u0142y bajki &#8222;Bardo g\u0142odna g\u0105sienica&#8221;, nast\u0119pnie wsp\u00f3lnie wykona\u0142y prac\u0119 plastyczn\u0105.<\/p><p style=\"text-align: center;\"><a href=\"https:\/\/flic.kr\/s\/aHsmXjisr5\">zdj\u0119cia<\/a><\/p><h2 class=\"dd-postheader\" style=\"text-align: center;\"><span class=\"dd-postheadericon\"><a href=\"https:\/\/www.pp8.kluczbork.pl\/index.php\/zajecia-edukacyjne\/2842-mikolaj-z-miry-spotkanie-z-pania-bibliotekarka\">Miko\u0142aj z Miry- spotkanie z Pani\u0105 Bibliotekark\u0105.<\/a><\/span><\/h2><div class=\"dd-postheadericons dd-metadata-icons\" style=\"text-align: center;\">\u00a0<\/div><div class=\"dd-postcontent clearfix\"><div class=\"dd-article\"><p style=\"text-align: center;\"><img loading=\"lazy\" decoding=\"async\" class=\"aligncenter\" src=\"https:\/\/www.pp8.kluczbork.pl\/images\/Mikoaj%20z%20Miry3.jpg\" alt=\"\" width=\"445\" height=\"445\" \/><\/p><p style=\"text-align: center;\">W ramach realizacji program\u00f3w czytelniczych<\/p><p style=\"text-align: center;\">oraz\u00a0<strong><em>Narodowego Programu Rozwoju Czytelnictwa<\/em><\/strong>,<\/p><p style=\"text-align: center;\">w grupie\u00a0<strong>M\u0105dre Sowy<\/strong>\u00a0go\u015bcili\u015bmy Pani\u0105 Agnieszk\u0119,<\/p><p style=\"text-align: center;\">z Miejsko-Gminnej Biblioteki Publicznej w Kluczborku.<\/p><p style=\"text-align: center;\">\u00a0<\/p><p style=\"text-align: center;\">Dzieci mia\u0142y okazj\u0119 obejrzenia bardzo ciekawej prezentacji<\/p><p style=\"text-align: center;\">oraz wys\u0142uchania opowiadania\u00a0o\u00a0<strong><em>\u015awi\u0119tym Miko\u0142aju z Miry<\/em><\/strong>\u00a0<\/p><p style=\"text-align: center;\">autorstwa Elizy Piotrowskiej. Pani Bibliotekarka przywioz\u0142a tak\u017ce<\/p><p style=\"text-align: center;\">ze sob\u0105 wiele ciekawych, kolorowych ksi\u0105\u017ceczek,<\/p><p style=\"text-align: center;\">kt\u00f3re przedszkolaki obejrza\u0142y z wielkim zaciekawieniem.<\/p><p style=\"text-align: center;\">Dzieci ch\u0119tnie rozmawia\u0142y z Pani\u0105 Bibliotekark\u0105 o swoich<\/p><p style=\"text-align: center;\">ulubionych ksi\u0105\u017ceczkach oraz podzieli\u0142y si\u0119 wiedz\u0105<\/p><p style=\"text-align: center;\">na temat tego jak i dlaczego nale\u017cy szanowa\u0107 ksi\u0105\u017cki.<\/p><p style=\"text-align: center;\">Na zako\u0144czenie przemi\u0142ego miko\u0142ajkowego spotkania,<\/p><p style=\"text-align: center;\">M\u0105dre Sowy zosta\u0142y zaproszone do biblioteki.<\/p><p style=\"text-align: center;\">Serdecznie dzi\u0119kujemy Pani Agnieszce<\/p><p style=\"text-align: center;\">za niezapomniane spotkanie.<\/p><p style=\"text-align: center;\">\u00a0<\/p><p class=\"hovered\" style=\"text-align: center;\"><a href=\"https:\/\/flic.kr\/s\/aHBqjzvEQL\"><strong>LINK do zdj\u0119\u0107 ze spotkania<\/strong><\/a><\/p><\/div><\/div><h2 class=\"dd-postheader\" style=\"text-align: center;\"><span class=\"dd-postheadericon\">Ksi\u0105\u017ceczki z naszej Biblioteczki<\/span><\/h2><div class=\"dd-postheadericons dd-metadata-icons\" style=\"text-align: center;\">\u00a0<\/div><div class=\"dd-postcontent clearfix\"><div class=\"dd-article\"><p style=\"text-align: center;\">Dzisiaj mieli\u015bmy zaj\u0119cie po\u015bwi\u0119cone ksi\u0105\u017ceczkom,<\/p><p style=\"text-align: center;\">kt\u00f3re wzbogaci\u0142y nasz\u0105 Biblioteczk\u0119,<\/p><p style=\"text-align: center;\">w ramach\u00a0<strong>Narodowego Programu Rozwoju Czytelnictwa<\/strong>.<\/p><p style=\"text-align: center;\">Ogladali\u015bmy wybrane ksi\u0105\u017ceczki<\/p><p style=\"text-align: center;\">i omawiali\u015bmy ich wygl\u0105d (du\u017ce, ma\u0142e, grube, cienkie,<\/p><p style=\"text-align: center;\">czy maj\u0105 ilustracje, czy jest ich du\u017co,<\/p><p style=\"text-align: center;\">co na tych ilustracjach jest &#8230;).<\/p><p style=\"text-align: center;\">Dzieci pr\u00f3bowa\u0142y odgadn\u0105\u0107<\/p><p style=\"text-align: center;\">o czym ta ksi\u0105\u017ceczka mo\u017ce opowiada\u0107.<\/p><p style=\"text-align: center;\">Dla wi\u0119kszo\u015bci 6 latk\u00f3w by\u0142o to zadanie proste,<\/p><p style=\"text-align: center;\">gdy\u017c ju\u017c potrafi\u0142y odczyta\u0107 tytu\u0142.<\/p><p style=\"text-align: center;\">Przeglada\u0142y ilustracje i wyszukiwa\u0142y na nich<\/p><p style=\"text-align: center;\">bohater\u00f3w ksi\u0105\u017ckowych.<\/p><p style=\"text-align: center;\">Na koniec Pani przeczyta\u0142a bajk\u0119<\/p><p style=\"text-align: center;\">z serii &#8222;Kicia &#8211; Kocia&#8221; pt. &#8222;Gdzie jest szcurek?&#8221;<\/p><p style=\"text-align: center;\">\u015amiechu i zgadywanie, gdzie jest szczurek (maskotka)<\/p><p style=\"text-align: center;\">by\u0142o bardzo fajne i weso\u0142e.<\/p><p style=\"text-align: center;\">Wszystkie dzieci z zaciekawieniem \u015bledzi\u0142y<\/p><p style=\"text-align: center;\">tok akcji bohatera ksi\u0105\u017ckowego.<\/p><p style=\"text-align: center;\">Zgodnie r\u00f3wie\u017c przyzna\u0142y, \u017ce z ch\u0119ci\u0105 poznaj\u0105<\/p><p style=\"text-align: center;\">jeszcze inne przygody Kicia &#8211; Koci.<\/p><p style=\"text-align: center;\"><a href=\"https:\/\/flic.kr\/s\/aHBqjzvxEJ\" target=\"_blank\" rel=\"noopener\">Galeria<\/a><\/p><h2 class=\"dd-postheader\" style=\"text-align: center;\"><span class=\"dd-postheadericon\">Spotkania w Bibliotece<\/span><\/h2><div class=\"dd-postheadericons dd-metadata-icons\" style=\"text-align: center;\">\u00a0<\/div><div class=\"dd-postcontent clearfix\"><div class=\"dd-article\"><p style=\"text-align: center;\">Jednym z wa\u017cnych dla nas zada\u0144 jakie w tym roku szkolnym realizujemy,<\/p><p style=\"text-align: center;\">jest\u00a0nasza sta\u0142a wsp\u00f3\u0142praca z Bibliotek\u0105.<\/p><p style=\"text-align: center;\">Wsp\u00f3\u0142organizujemy spotkania pod has\u0142em\u00a0<\/p><p style=\"text-align: center;\">\u201eNASZE SPOTKANIA W BIBLIOTECE\u201d.\u00a0<\/p><p style=\"text-align: center;\">Cykl ten jest kontynuacj\u0105 dzia\u0142a\u0144 z poprzedniego roku szkolnego,<\/p><p style=\"text-align: center;\">a g\u0142\u00f3wnym jego celem jest zaszczepienie w dzieciach mi\u0142o\u015bci do ksi\u0105\u017cki<\/p><p style=\"text-align: center;\">jako \u017ar\u00f3d\u0142a wiedzy i zabawy, a tak\u017ce wyrobienie w nich nawyku czytelniczego.<\/p><p style=\"text-align: center;\">Zaj\u0119cia w bibliotece maj\u0105 zach\u0119ci\u0107 dzieci do cz\u0119stego korzystania\u00a0z ksi\u0105\u017cek,<\/p><p style=\"text-align: center;\">ogl\u0105danie ich i czytania nie tylko w przedszkolu, ale tak\u017ce\u00a0<br \/>z rodzicami\u00a0\u00a0w domu.<\/p><p style=\"text-align: center;\">Zapraszamy do galeri:<\/p><p style=\"text-align: center;\"><strong><a href=\"https:\/\/www.flickr.com\/photos\/190694164@N08\/sets\/72157720276175230\/\" target=\"_blank\" rel=\"noopener\">\u00a0Smardy G.<\/a><\/strong><\/p><h2 class=\"dd-postheader\" style=\"text-align: center;\"><span class=\"dd-postheadericon\">Dzie\u0144 Pluszowego Misia<\/span><\/h2><div class=\"dd-postheadericons dd-metadata-icons\" style=\"text-align: center;\">\u00a0<\/div><div class=\"dd-postcontent clearfix\"><div class=\"dd-article\"><p style=\"text-align: center;\"><strong><em><img loading=\"lazy\" decoding=\"async\" class=\"aligncenter\" src=\"https:\/\/www.pp8.kluczbork.pl\/images\/Spark%205.gif\" alt=\"\" width=\"378\" height=\"248\" \/><br \/><\/em><\/strong><\/p><p style=\"text-align: center;\"><span style=\"color: #ff0000;\"><strong><em>\u201eMi\u015b jest ma\u0142y i puchaty<\/em><\/strong><\/span><\/p><p style=\"text-align: center;\"><span style=\"color: #ff0000;\"><strong><em>Mi\u015b jest \u015bwietny i kud\u0142aty<\/em><\/strong><\/span><\/p><p style=\"text-align: center;\"><span style=\"color: #ff0000;\"><strong><em>Mi\u015b jest gruby jak ta kula<\/em><\/strong><\/span><\/p><p style=\"text-align: center;\"><span style=\"color: #ff0000;\"><strong><em>Misia zawsze si\u0119 przytula\u201d.<\/em><\/strong><em>\u00a0<\/em><\/span><\/p><p style=\"text-align: center;\">25 listopada obchodzili\u015bmy w naszym przedszkolu\u00a0<strong>\u015awiatowy Dzie\u0144 Pluszowego Misia.<\/strong>\u00a0W tym dniu, dzieci z grupy Kubusie zapozna\u0142y si\u0119 z histori\u0105 narodzin Pluszowego Misia oraz obejrza\u0142y prezentacj\u0119 multimedialn\u0105 o znanych i mniej znanych misiach- bohaterach dzieci\u0119cych bajek.<\/p><p style=\"text-align: center;\">Dzie\u0144 Pluszowego Misia by\u0142 te\u017c wspania\u0142\u0105 okazj\u0105 do wys\u0142uchania bajki z misiem w roli g\u0142\u00f3wnej, za\u015bpiewania i zata\u0144czenia przy misiowych piosenkach oraz zrobienia sobie pami\u0105tkowego zdj\u0119cia w \u2018Misiowej Foto-budce&#8217;. Na zako\u0144czenie dzieci z zapa\u0142em wykona\u0142y prac\u0119 plastyczn\u0105, pt.\u00a0<em>\u201eM\u00f3j Ulubiony Mi\u015b\u201d,<\/em><\/p><p style=\"text-align: center;\">Dzie\u0144 Pluszowego Misia by\u0142 niezwyk\u0142ym i radosnym wydarzeniem, pe\u0142nym niezapomnianych wra\u017ce\u0144, kt\u00f3ry dostarczy\u0142 uczestnikom radosnych prze\u017cy\u0107 i wspania\u0142ych emocji.<\/p><p style=\"text-align: center;\">\u00a0<img decoding=\"async\" src=\"https:\/\/www.pp8.kluczbork.pl\/images\/adadad.gif\" alt=\"\" \/>\u00a0<\/p><p style=\"text-align: center;\"><strong><a href=\"https:\/\/flic.kr\/s\/aHsmXbCgQS\">Galeria zdj\u0119\u0107<\/a><\/strong><\/p><\/div><\/div><\/div><\/div><\/div><\/div><\/div><\/div>\t\t\t\t\t\t<\/div>\n\t\t\t\t<\/div>\n\t\t\t\t\t<\/div>\n\t\t<\/div>\n\t\t\t\t\t\t\t<\/div>\n\t\t<\/section>\n\t\t\t\t\t\t<\/div>\n\t\t\t\t\t<\/div>\n\t\t","protected":false},"excerpt":{"rendered":"<p>Wycieczka do biblioteki \u00a0 W bibliotece dzieci mi\u0142o sp\u0119dzi\u0142y czas &#8211; zapozna\u0142y si\u0119 z prac\u0105 bibliotekarza, ogl\u0105da\u0142y teatrzyk &#8222;M\u00f3j Przyjaciel Kamushi&#8221; oraz s\u0142ucha\u0142y bajki &#8222;Bardo g\u0142odna g\u0105sienica&#8221;, nast\u0119pnie wsp\u00f3lnie wykona\u0142y prac\u0119 plastyczn\u0105. zdj\u0119cia Miko\u0142aj z Miry- spotkanie z Pani\u0105 Bibliotekark\u0105. \u00a0 W ramach realizacji program\u00f3w czytelniczych oraz\u00a0Narodowego Programu Rozwoju Czytelnictwa, [&hellip;]<\/p>\n","protected":false},"author":1,"featured_media":0,"parent":2127,"menu_order":0,"comment_status":"closed","ping_status":"closed","template":"","meta":{"ngg_post_thumbnail":0,"footnotes":""},"_links":{"self":[{"href":"https:\/\/pp8.kluczbork.pl\/index.php?rest_route=\/wp\/v2\/pages\/2160"}],"collection":[{"href":"https:\/\/pp8.kluczbork.pl\/index.php?rest_route=\/wp\/v2\/pages"}],"about":[{"href":"https:\/\/pp8.kluczbork.pl\/index.php?rest_route=\/wp\/v2\/types\/page"}],"author":[{"embeddable":true,"href":"https:\/\/pp8.kluczbork.pl\/index.php?rest_route=\/wp\/v2\/users\/1"}],"replies":[{"embeddable":true,"href":"https:\/\/pp8.kluczbork.pl\/index.php?rest_route=%2Fwp%2Fv2%2Fcomments&post=2160"}],"version-history":[{"count":4,"href":"https:\/\/pp8.kluczbork.pl\/index.php?rest_route=\/wp\/v2\/pages\/2160\/revisions"}],"predecessor-version":[{"id":2164,"href":"https:\/\/pp8.kluczbork.pl\/index.php?rest_route=\/wp\/v2\/pages\/2160\/revisions\/2164"}],"up":[{"embeddable":true,"href":"https:\/\/pp8.kluczbork.pl\/index.php?rest_route=\/wp\/v2\/pages\/2127"}],"wp:attachment":[{"href":"https:\/\/pp8.kluczbork.pl\/index.php?rest_route=%2Fwp%2Fv2%2Fmedia&parent=2160"}],"curies":[{"name":"wp","href":"https:\/\/api.w.org\/{rel}","templated":true}]}}