{"id":2155,"date":"2022-04-13T11:34:22","date_gmt":"2022-04-13T11:34:22","guid":{"rendered":"https:\/\/pp8.kluczbork.pl\/?page_id=2155"},"modified":"2022-04-13T11:35:47","modified_gmt":"2022-04-13T11:35:47","slug":"ksiazki-dla-dzieci","status":"publish","type":"page","link":"https:\/\/pp8.kluczbork.pl\/?page_id=2155","title":{"rendered":"Ksi\u0105\u017cki dla dzieci"},"content":{"rendered":"\t\t<div data-elementor-type=\"wp-page\" data-elementor-id=\"2155\" class=\"elementor elementor-2155\" data-elementor-settings=\"[]\">\n\t\t\t\t\t\t\t<div class=\"elementor-section-wrap\">\n\t\t\t\t\t\t\t<section class=\"elementor-section elementor-top-section elementor-element elementor-element-6019dfe elementor-section-boxed elementor-section-height-default elementor-section-height-default\" data-id=\"6019dfe\" data-element_type=\"section\">\n\t\t\t\t\t\t<div class=\"elementor-container elementor-column-gap-default\">\n\t\t\t\t\t<div class=\"elementor-column elementor-col-100 elementor-top-column elementor-element elementor-element-1cfc7ad\" data-id=\"1cfc7ad\" data-element_type=\"column\">\n\t\t\t<div class=\"elementor-widget-wrap elementor-element-populated\">\n\t\t\t\t\t\t\t\t<div class=\"elementor-element elementor-element-7fe03c0 elementor-widget elementor-widget-text-editor\" data-id=\"7fe03c0\" data-element_type=\"widget\" data-widget_type=\"text-editor.default\">\n\t\t\t\t<div class=\"elementor-widget-container\">\n\t\t\t\t\t\t\t\t<article class=\"dd-post\"><div class=\"dd-postcontent clearfix\"><h2 style=\"text-align: center;\"><span class=\"subheading-category\">Ksi\u0105\u017cki dla dzieci<\/span><\/h2><\/div><\/article><div class=\"items-leading\"><div class=\"leading-0\"><article class=\"dd-post\"><h2 class=\"dd-postheader\" style=\"text-align: center;\"><span class=\"dd-postheadericon\">Bajki pomagajki, spis bajek.<\/span><\/h2><h6 class=\"western\"><strong>BAJKI TERAPEUTYCZNE DLA DZIECI I DOROS\u0141YCH<\/strong><\/h6><p>\u00a0<\/p><p><strong>&#8222;Bajki pomagajki&#8221;.<\/strong><\/p><p>\u00a0<\/p><p>Drodzy Rodzice obecna sytuacja wywo\u0142uje<\/p><p>w nas uczucia takie jak l\u0119k, stres i niepewno\u015b\u0107.<\/p><p>\u00a0<\/p><p>Zw\u0142aszcza dzieci silnie je odczuwaj\u0105.<\/p><p>\u00a0Chocia\u017c ka\u017cde dziecko inaczej radzi sobie z takimi emocjami,<\/p><p>to w obliczu zamkni\u0119tej szko\u0142y, przedszkola,<\/p><p>odwo\u0142anych wydarze\u0144 i izolacji od przyjaci\u00f3\u0142,<\/p><p>b\u0119d\u0105 musia\u0142y czu\u0107 wsparcie i mi\u0142o\u015b\u0107 najbli\u017cszych.<\/p><p>Drogi Rodzicu, teraz bardziej ni\u017c kiedykolwiek,<\/p><p>wspieraj i oka\u017c zrozumienie dla ich smutku i z\u0142o\u015bci z powodu strat,<\/p><p>kt\u00f3re op\u0142akuj\u0105.<\/p><p>Je\u015bli masz w\u0105tpliwo\u015bci jak si\u0119 zachowa\u0107,<\/p><p>to empatia i wsparcie s\u0105 najlepszym rozwi\u0105zaniem.<\/p><p>Bo nie chodzi o to by te emocje st\u0142umi\u0107, by im zaprzeczy\u0107<\/p><p>\u2013 chodzi o to, by nauczy\u0107 si\u0119 je poprawnie odczytywa\u0107<\/p><p>i posi\u0105\u015b\u0107 trudn\u0105 umiej\u0119tno\u015b\u0107 radzenia sobie z nimi.<\/p><p>Pozwalajmy dzieciom tupa\u0107 nogami czy krzycze\u0107 kiedy s\u0105 wkurzone,<\/p><p>pozwalajmy na ma\u0142e szale\u0144stwo i skoki rado\u015bci kiedy s\u0105 szcz\u0119\u015bliwe.<\/p><p>A je\u015bli chcemy im pom\u00f3c \u2013 zawsze mo\u017cemy si\u0119gn\u0105\u0107 po literatur\u0119 \u2013 czyli bajki.<\/p><p>\u00a0<\/p><p>Bajki to utwory najbli\u017csze dziecku, mo\u017cna powiedzie\u0107,<\/p><p>\u017ce towarzysz\u0105 mu niemal\u017ce od pierwszych chwil \u017cycia.<\/p><p>Ka\u017cda bajka wzbogaca do\u015bwiadczenia i wyobra\u017ani\u0119 dziecka,<\/p><p>ukazuje inne wzorce my\u015blenia. Ma\u0142y s\u0142uchacz mo\u017ce poczu\u0107,<\/p><p>\u017ce jest w podobnej sytuacji &#8211; w\u00f3wczas widzi, \u017ce nie jest sam ze swoim problemem.<\/p><p>Ale tak\u017ce, \u017ce inni te\u017c maj\u0105 problemy i potrafi\u0105 sobie z nim poradzi\u0107.<\/p><p>\u00a0<\/p><p>S\u0142uchaj\u0105c ba\u015bni czy bajek dziecko budzi wiar\u0119 w siebie i swoj\u0105 przysz\u0142o\u015b\u0107,<\/p><p>uczy si\u0119 sposob\u00f3w wyj\u015bcia z opresji, rozwija zasoby j\u0119zyka, poznaje metafory,<\/p><p>wzbogaca swoje \u017cycie wewn\u0119trzne i wnosi w nie atmosfer\u0119 cudowno\u015bci,<\/p><p>zaczyna rozumie\u0107, \u017ce pomy\u015blne \u017cycie jest dost\u0119pne<\/p><p>ka\u017cdemu mimo wielu przeszk\u00f3d, ale tylko wtedy, gdy nie ucieka si\u0119<\/p><p>od \u017cyciowych zmaga\u0144, ale stawia im czo\u0142o.<\/p><p>\u00a0<\/p><p>My\u015bl\u0119 \u017ce w dzisiejszych jak\u017ce trudnych nie tylko dla nas doros\u0142ych,<\/p><p>ale r\u00f3wnie\u017c dla dzieci czasach, musimy dopasowywa\u0107 si\u0119 do nowych zada\u0144<\/p><p>oraz odnajdywa\u0107 skuteczne sposoby radzenia sobie z nimi.<\/p><p>\u00a0<\/p><p>Zanim przeczytamy tak\u0105 bajk\u0119 dziecku,<\/p><p>powinni\u015bmy najpierw sami si\u0119 z ni\u0105 zapozna\u0107.<\/p><p>Sprawdzi\u0107, czy jest dostosowana do wieku naszego dziecka<\/p><p>i czy faktycznie uwa\u017camy,<\/p><p>\u017ce mo\u017ce mu pom\u00f3c.<\/p><p>My w przedszkolu po bajki terapeutyczne si\u0119gamy cz\u0119sto,<\/p><p>i chcemy zamieszcza\u0107 wam linki do stron z bajkami,<\/p><p>kt\u00f3re pomog\u0105 wam zmierzy\u0107 si\u0119 z nadmiarem emocji u waszych dzieci.<\/p><p>\u00a0<\/p><p><strong>Agresja r\u00f3wie\u015bnik\u00f3w \u2013 jako sobie z ni\u0105 radzi\u0107<\/strong><\/p><p>\u201eDzielna Emilka\u201d Dagmar Geisler<\/p><p><strong>Agresja w\u0142asna<\/strong><\/p><p>\u201eCzy lew mo\u017ce si\u0119 ba\u0107?\u201d, \u201eSzczurek z\u0142o\u015bnik\u201d oraz \u201eO \u015bnie\u017cnym stworku\u201d w \u201eZaczarowane bajki , kt\u00f3re lecz\u0105 dla dzieci i doros\u0142ych\u201d Anna Koz\u0142owska<\/p><p><strong>Akceptacja odmienno\u015bci<\/strong><\/p><p>do 4 lat \u201eElmer\u201d David McKee<\/p><p>\u201eAle ja tak chc\u0119\u201d Beata Ostrowicka<\/p><p>\u201eGrze\u015b\u201d Wies\u0142aw Piechota<\/p><p><strong>Badanie lekarskie<\/strong><\/p><p>\u201eFranklin idzie do szpitala\u201d Paulette Bourgeois<\/p><p>\u201eKamilka idzie do szpitala\u201d Aline Petingy , Nancy Delvaux<\/p><p><strong>B\u00f3l<\/strong><\/p><p>\u201eUfu\u015b\u201d w \u201eBajki terapeutyczne\u201d Maria Molicka<\/p><p><strong>Wytrwa\u0142o\u015b\u0107 w d\u0105\u017ceniu do celu<\/strong><\/p><p>\u201eSamotny tulipan\u201d oraz \u201eMr\u00f3wka czerwonooka\u201d Wies\u0142aw Piechota<\/p><p><strong>Brak wytrwa\u0142o\u015bci w d\u0105\u017ceniu do celu<\/strong><\/p><p>\u201eFranklin chce zdoby\u0107 odznak\u0119\u201d\u00a0Paulette Bourgeois<\/p><p><strong>Komputer<\/strong><\/p><p>\u201eFranklin i komputer\u201d\u00a0Paulette Bourgeois<\/p><p><strong>Konflikt, k\u0142\u00f3tnia<\/strong><\/p><p>\u201eNie k\u0142\u00f3\u0107my si\u0119 ju\u017c\u201d Katja Reider<\/p><p>\u201eWojna o bia\u0142y fartuch\u201d w serii \u201ePlastelinek\u201d Roksana J\u0119drzejewska \u2013 Wr\u00f3bel<\/p><p>\u201eRodze\u0144stwo starsze i m\u0142odsze\u201d w serii \u201ePlastelinek\u201d\u00a0Roksana J\u0119drzejewska \u2013 Wr\u00f3bel<\/p><p>\u201eRodze\u0144stwo \u2013 jak u\u0142atwi\u0107 dziecku trudne \u017cycie z bratem lub siostr\u0105\u201d w \u201eBajki, kt\u00f3re lecz\u0105 cz. 2\u201d Doris Brett<\/p><p><strong>L\u0119k przed now\u0105 sytuacj\u0105<\/strong><\/p><p>\u201e\u201dSmoczyca M\u0105dra, smok Wielki i ma\u0142y Smoczek\u201d w \u201eZaczarowane bajki,\u00a0kt\u00f3re lecz\u0105 dla dzieci i doros\u0142ych\u201d Anna Koz\u0142owska<\/p><p><strong>L\u0119ki pochodz\u0105ce z wyobra\u017ani (strachy, duchy, ciemno\u015b\u0107 itp.)<\/strong><\/p><p>\u201eDuch krecik\u201d\u00a0w \u201eBajki terapeutyczne cz\u0119\u015b\u0107 II\u201d Maria Molicka<\/p><p>\u201eFranklin boi si\u0119 ciemno\u015bci\u201d Paulette Bourgeois<\/p><p>\u201eMaciu\u015b i statki \u2013 potwory\u201d oraz \u201eMagda i krokodyle\u201d w \u201eKr\u00f3tkie opowiadania na pokonanie strachu\u201d Jan Uwe Rogge<\/p><p>\u201eOpowie\u015bci przeciwko l\u0119kom\u201d Linde von Keyserlingk<\/p><p>\u201eWujek Bogdan zna pewien trik\u201d oraz \u201eNiesamowita noc\u201d w \u201eJakub pogromca strachu\u201d Erika Meyer \u2013 Glitza<\/p><p><strong>Nie\u015bmia\u0142o\u015b\u0107<\/strong><\/p><p>\u201eChyba jestem nie\u015bmia\u0142y\u201d Barbara Cain<\/p><p>\u201eKucyk Kartofel\u201d w \u201eJakub pogromca strachu\u201d Erika Meyer \u2013 Glitza<\/p><p><strong>Niskie poczucie w\u0142asnej warto\u015bci<\/strong><\/p><p>\u201eElmer\u201d David McKee<\/p><p>\u201eKsi\u0119\u017cycowy domek\u201d w \u201eBajki terapeutyczne\u201d Maria Molicka<\/p><p>\u201eZosia szuka rady\u201d w\u00a0\u201eJakub pogromca strachu\u201d Erika Meyer \u2013 Glitza<\/p><p>\u201ePonurak\u201d Wies\u0142aw Piechota<\/p><p><strong>Nowe dziecko w rodzinie<\/strong><\/p><p>\u201eBajka o wiewi\u00f3rkach\u201d w\u00a0\u201eZaczarowane bajki,\u00a0kt\u00f3re lecz\u0105 dla dzieci i doros\u0142ych\u201d Anna Koz\u0142owska<\/p><p>\u201eFranklin czeka na siostrzyczk\u0119\u201d Paulette Bourgeois<\/p><p>\u201eO laleczce, kt\u00f3ra by\u0142a klaunem\u201d w\u00a0\u201eBajki terapeutyczne cz\u0119\u015b\u0107 II\u201d Maria Molicka<\/p><p>\u201eNast\u0119pne dziecko w rodzinie \u2013 jak przygotowa\u0107 swoj\u0105 pociech\u0119 do tego wydarzenia\u201d w\u00a0\u201eBajki, kt\u00f3re lecz\u0105 cz 1\u201d Doris Brett<\/p><p><strong>Odrzucenie przez grup\u0119, wy\u015bmianie<\/strong><\/p><p>\u201eDziewczynka z obrazka\u201d w\u00a0\u201eBajki terapeutyczne\u201d Maria Molicka<\/p><p>\u201eFranklin i kask rowerowy\u201d\u00a0Paulette Bourgeois<\/p><p>\u201eKarolina w krainie ba\u015bni\u201d w\u00a0\u201eBajki terapeutyczne cz\u0119\u015b\u0107 II\u201d Maria Molicka<\/p><p>\u201eKa\u017cdy jest inny\u201d w serii \u201ePlastelinek\u201d Roksana J\u0119drzejewska \u2013 Wr\u00f3bel<\/p><p>\u201eDokuczanie \u2013 jak temu zaradzi\u0107\u201d w \u201eBajki, kt\u00f3re lecz\u0105 cz 2\u201d Doris Brett<\/p><p><strong>Problem alkoholowy w rodzinie<\/strong><\/p><p>\u201eDziecko alkoholik\u00f3w \u2013 jak udzieli\u0107 im pomocy i wsparcia\u201d w \u201eBajki, kt\u00f3re lecz\u0105 cz 2\u201d Doris Brett<\/p><p>\u201eMa\u0142a Zuzia\u201d i \u201eRodzina Misi\u00f3w\u201d\u00a0\u00a0Helena Wrona<\/p><p><strong>Roz\u0142\u0105ka z rodzicem (ma\u0142a i du\u017ca)<\/strong><\/p><p>\u201eBajka o ma\u0142ym kr\u00f3lewiczu i jego dzielnym Tatusiu Kr\u00f3lu\u201d w \u201eBajkoterapia czyli dla ma\u0142ych i du\u017cych o tym, jak bajki mog\u0105 pomaga\u0107\u201d Krzysztof Ibisz<\/p><p>\u201eZuzi \u2013 Buzi\u201d w \u201eBajki terapeutyczne\u201d Maria Molicka<\/p><p><strong>Rozw\u00f3d<\/strong><\/p><p>\u201eIgie\u0142ek\u201d \u00a0w\u00a0\u201eJakub pogromca strachu\u201d Erika Meyer \u2013 Glitza<\/p><p>\u201eMa\u0142gosiu, nie jeste\u015b winna\u201d\u00a0w \u201eBajkoterapia czyli dla ma\u0142ych i du\u017cych o tym, jak bajki mog\u0105 pomaga\u0107\u201d Katarzyna Dowbor<\/p><p>\u201eMi\u015b Marcin i Weronika\u201d w \u201eKr\u00f3tkie opowiadania na pokonanie strachu\u201d Jan Uwe Rogge<\/p><p>\u201eNowe korzenie dla ma\u0142ych ludzi. O rozstaniach i nowych pocz\u0105tkach\u201d Linde von Keyserlingk<\/p><p>\u201eO gawrze i nied\u017awiedziej rodzinie\u201d w\u00a0\u201eZaczarowane bajki,\u00a0kt\u00f3re lecz\u0105 dla dzieci i doros\u0142ych\u201d Anna Koz\u0142owska<\/p><p>\u201eZ\u0142odzieje sn\u00f3w\u201d M. Str\u0119kowska \u2013 Zaremba<\/p><p>\u201eRozw\u00f3d \u2013 jak pom\u00f3c dziecku przetrwa\u0107 trudne chwile\u201d w\u00a0\u201eBajki, kt\u00f3re lecz\u0105 cz 1\u201d Doris Brett<\/p><p><strong>Sprz\u0105tanie<\/strong><\/p><p>\u201eMa\u0142gosia i niecodzienne porz\u0105dki\u201d Christine Merz i Betina Gotzen \u2013 Beek<\/p><p>\u201ePorz\u0105deczek i Ba\u0142aganiak\u201d\u00a0w \u201eBajkoterapia czyli dla ma\u0142ych i du\u017cych o tym, jak bajki mog\u0105 pomaga\u0107\u201d Ryszard Cebula<\/p><p><strong>Stres, napi\u0119cie, problem z zasypianiem<\/strong><\/p><p>\u201e33 odpr\u0119\u017caj\u0105ce opowiadania dla dzieci w wieku przedszkolnym i wczesnoszkolnym\u201d Gabriele Hermanns<\/p><p>\u201eCzy czujesz lekki powiew wiatru\u201d Maja von Vogel<\/p><p>\u201eJoasia i wilk\u201d Ted Lobby<\/p><p>\u201eLalki Pauliny\u201d w\u00a0\u201eJakub pogromca strachu\u201d Erika Meyer \u2013 Glitza<\/p><p>\u201ePoczuj ciep\u0142e promienie s\u0142o\u0144ca\u201d oraz \u201eWtul si\u0119 w mi\u0119kk\u0105 chmurk\u0119\u201d Sabine Kalwitzk<\/p><p><strong>\u015amier\u0107<\/strong><\/p><p>\u201eMa\u0142a ksi\u0105\u017cka o \u015bmierci\u201d Pernilla Stalfelt<\/p><p>\u201e\u017begnaj, panie Muffinie\u201d Ulf Nilsson, Anna \u2013 Clara Tidholm<\/p><p>\u201eJa\u015b i babcia\u201d\u00a0w \u201eKr\u00f3tkie opowiadania na pokonanie strachu\u201d Jan Uwe Rogge<\/p><p>\u201eLustro\u201d w \u201eBajki terapeutyczne\u201d Maria Molicka<\/p><p>\u201eSzymek i herszt rozb\u00f3jnik\u00f3w\u201d\u00a0w \u201eKr\u00f3tkie opowiadania na pokonanie strachu\u201d Jan Uwe Rogge<\/p><p>\u201e\u015amier\u0107 kogo\u015b bliskiego \u2013 jak pom\u00f3c dziecku prze\u017cy\u0107 strat\u0119\u201d\u00a0\u201eBajki, kt\u00f3re lecz\u0105 cz 1\u201d Doris Brett<\/p><p><strong>\u015amier\u0107 zwierz\u0105tka<\/strong><\/p><p>\u201eDomek na drzewie\u201d w \u201eBajki terapeutyczne cz 2\u201d Maria Molicka<\/p><p>\u201eI nagle zrobi\u0142o si\u0119 cicho\u201d Linde von Keyserlingk<\/p><p><strong>Uczenie odmowy, m\u00f3wienia \u201enie\u201d<\/strong><\/p><p>\u201eZbyt mi\u0142a\u201d Marjorie White Pellegrino<\/p><p>\u201eNie lubi\u0119 \u0142askotek\u201d Marcie Aboff<\/p><p>\u201eO zaj\u0105cu, kt\u00f3ry psom si\u0119 nie k\u0142ania\u0142\u201d w\u00a0\u201eBajkoterapia czyli dla ma\u0142ych i du\u017cych o tym, jak bajki mog\u0105 pomaga\u0107\u201d Paulina Holtz<\/p><p><strong>Utrata mlecznego z\u0119ba\u2019<\/strong><\/p><p>\u201eFranklin i wr\u00f3\u017cka z\u0119buszka\u201d Paulette Bouergois<\/p><p><strong>U\u017cywanie brzydkiego s\u0142ownictwa<\/strong><\/p><p>\u201ePo co na \u015bwiecie s\u0105 brzydkie s\u0142owa?\u201d w serii \u201ePlastelinek\u201d Roksana J\u0119drzejewska \u2013 Wr\u00f3bel<\/p><p><strong>Z\u0142o\u015b\u0107 \u2013 jak j\u0105 zrozumie\u0107, jak sobie z ni\u0105 radzi\u0107<\/strong><\/p><p>\u201ePo co si\u0119 z\u0142o\u015bci\u0107\u201d El\u017cbieta Zubrzycka\u201d<\/p><p>\u201eSzczurek z\u0142o\u015bnik\u201d, \u201eO \u015bnie\u017cnym stworku\u201d oraz\u00a0\u201eCzy lew mo\u017ce si\u0119 ba\u0107?\u201d w \u201eZaczarowane bajki , kt\u00f3re lecz\u0105 dla dzieci i doros\u0142ych\u201d Anna Koz\u0142owska<\/p><p>\u201eBilly jest z\u0142y\u201d Brigitta Stenberg, Mati Lepp<\/p><p>\u201eKapry\u015bny anio\u0142ek. Pawe\u0142 przestaje si\u0119 z\u0142o\u015bci\u0107\u201d Antonia Michaelis, Betina Gotzen \u2013 Beek<\/p><p>\u201eSmok Lubomi\u0142 i tajemnice z\u0142o\u015bci\u201d Wojciech Ko\u0142yszko<\/p><p>\u201ePawe\u0142 Porywczy\u201d, \u201eKiedy Kan-No-Mushi si\u0119 obudzi\u201d oraz \u201ePani Z\u0142o\u015b\u0107 i Pan Gniew\u201d w \u201eKiedy Pani Z\u0142o\u015b\u0107 przychodzi z wizyt\u0105\u201d Erika Meyer \u2013 Glitza<\/p><h2 class=\"dd-postheader\"><span class=\"dd-postheadericon\">Polecane Ksi\u0105\u017cki<\/span><\/h2><div class=\"dd-postheadericons dd-metadata-icons\">\u00a0<\/div><div class=\"dd-postcontent clearfix\"><div class=\"dd-article\"><p><strong>Linki do stron z ksi\u0105\u017ckami dla dzieci:<\/strong><\/p><p><strong><a href=\"https:\/\/babaryba.pl\/\" target=\"_blank\" rel=\"noopener\">Babaryba<\/a><\/strong><\/p><p><strong><a href=\"https:\/\/literia.pl\/blog\/11-najlepszych-ksiazek-dla-dzieci\/?gclid=Cj0KCQiA2NaNBhDvARIsAEw55hjH9szqCGxBlm7QJMNn1kdsaCDbfGD0kYSYqJtuMUGeX0M4q44Yp7kaAowWEALw_wcB\" target=\"_blank\" rel=\"noopener\">Literia<\/a><\/strong><\/p><p><strong><a href=\"https:\/\/nietylkodlamam.pl\/80-najlepszych-ksiazek-dla-dzieci\/\" target=\"_blank\" rel=\"noopener\">Nie tylko dla Mama<\/a><\/strong><\/p><p><strong><a href=\"https:\/\/najlepsze-ksiazki.pl\/najlepsze-ksiazki-dla-dzieci\/\" target=\"_blank\" rel=\"noopener\">Najlepsze ksi\u0105\u017cki dla dzieci<\/a><\/strong><\/p><p><strong><a href=\"https:\/\/www.empik.com\/ksiazki\/dla-dzieci\" target=\"_blank\" rel=\"noopener\">Empik<\/a><\/strong><\/p><p><strong><a href=\"https:\/\/www.taniaksiazka.pl\/bestsellery\/ksiazki-dla-dzieci-w-wieku-7-13-lat-11209\" target=\"_blank\" rel=\"noopener\">Tania Ksi\u0105\u017cka<\/a><\/strong><\/p><p><strong><a href=\"https:\/\/natuli.pl\/pl\/n\/Najpiekniejszenajlepsze-ksiazki-dla-dzieci-2020\/246\" target=\"_blank\" rel=\"noopener\">Natuli<\/a><\/strong><\/p><\/div><\/div><\/article><\/div><\/div>\t\t\t\t\t\t<\/div>\n\t\t\t\t<\/div>\n\t\t\t\t\t<\/div>\n\t\t<\/div>\n\t\t\t\t\t\t\t<\/div>\n\t\t<\/section>\n\t\t\t\t\t\t<\/div>\n\t\t\t\t\t<\/div>\n\t\t","protected":false},"excerpt":{"rendered":"<p>Ksi\u0105\u017cki dla dzieci Bajki pomagajki, spis bajek. BAJKI TERAPEUTYCZNE DLA DZIECI I DOROS\u0141YCH \u00a0 &#8222;Bajki pomagajki&#8221;. \u00a0 Drodzy Rodzice obecna sytuacja wywo\u0142uje w nas uczucia takie jak l\u0119k, stres i niepewno\u015b\u0107. \u00a0 Zw\u0142aszcza dzieci silnie je odczuwaj\u0105. \u00a0Chocia\u017c ka\u017cde dziecko inaczej radzi sobie z takimi emocjami, to w obliczu zamkni\u0119tej [&hellip;]<\/p>\n","protected":false},"author":1,"featured_media":0,"parent":2127,"menu_order":0,"comment_status":"closed","ping_status":"closed","template":"","meta":{"ngg_post_thumbnail":0,"footnotes":""},"_links":{"self":[{"href":"https:\/\/pp8.kluczbork.pl\/index.php?rest_route=\/wp\/v2\/pages\/2155"}],"collection":[{"href":"https:\/\/pp8.kluczbork.pl\/index.php?rest_route=\/wp\/v2\/pages"}],"about":[{"href":"https:\/\/pp8.kluczbork.pl\/index.php?rest_route=\/wp\/v2\/types\/page"}],"author":[{"embeddable":true,"href":"https:\/\/pp8.kluczbork.pl\/index.php?rest_route=\/wp\/v2\/users\/1"}],"replies":[{"embeddable":true,"href":"https:\/\/pp8.kluczbork.pl\/index.php?rest_route=%2Fwp%2Fv2%2Fcomments&post=2155"}],"version-history":[{"count":4,"href":"https:\/\/pp8.kluczbork.pl\/index.php?rest_route=\/wp\/v2\/pages\/2155\/revisions"}],"predecessor-version":[{"id":2159,"href":"https:\/\/pp8.kluczbork.pl\/index.php?rest_route=\/wp\/v2\/pages\/2155\/revisions\/2159"}],"up":[{"embeddable":true,"href":"https:\/\/pp8.kluczbork.pl\/index.php?rest_route=\/wp\/v2\/pages\/2127"}],"wp:attachment":[{"href":"https:\/\/pp8.kluczbork.pl\/index.php?rest_route=%2Fwp%2Fv2%2Fmedia&parent=2155"}],"curies":[{"name":"wp","href":"https:\/\/api.w.org\/{rel}","templated":true}]}}