{"id":2144,"date":"2022-04-13T11:30:16","date_gmt":"2022-04-13T11:30:16","guid":{"rendered":"https:\/\/pp8.kluczbork.pl\/?page_id=2144"},"modified":"2022-04-13T11:32:30","modified_gmt":"2022-04-13T11:32:30","slug":"konkurs-czytelniczy","status":"publish","type":"page","link":"https:\/\/pp8.kluczbork.pl\/?page_id=2144","title":{"rendered":"Konkurs Czytelniczy"},"content":{"rendered":"\t\t<div data-elementor-type=\"wp-page\" data-elementor-id=\"2144\" class=\"elementor elementor-2144\" data-elementor-settings=\"[]\">\n\t\t\t\t\t\t\t<div class=\"elementor-section-wrap\">\n\t\t\t\t\t\t\t<section class=\"elementor-section elementor-top-section elementor-element elementor-element-f8bbf01 elementor-section-boxed elementor-section-height-default elementor-section-height-default\" data-id=\"f8bbf01\" data-element_type=\"section\">\n\t\t\t\t\t\t<div class=\"elementor-container elementor-column-gap-default\">\n\t\t\t\t\t<div class=\"elementor-column elementor-col-100 elementor-top-column elementor-element elementor-element-0d49d74\" data-id=\"0d49d74\" data-element_type=\"column\">\n\t\t\t<div class=\"elementor-widget-wrap elementor-element-populated\">\n\t\t\t\t\t\t\t\t<div class=\"elementor-element elementor-element-4f625f7 elementor-widget elementor-widget-text-editor\" data-id=\"4f625f7\" data-element_type=\"widget\" data-widget_type=\"text-editor.default\">\n\t\t\t\t<div class=\"elementor-widget-container\">\n\t\t\t\t\t\t\t\t<h2 class=\"dd-postheader\" style=\"text-align: center;\"><span class=\"dd-postheadericon\">Rozstrzygni\u0119cie konkursu plastycznego pt. \u201eMoja ulubiona bajka\u201d<\/span><\/h2><p style=\"text-align: center;\"><img loading=\"lazy\" decoding=\"async\" class=\"alignnone size-full wp-image-2146\" src=\"https:\/\/pp8.kluczbork.pl\/wp-content\/uploads\/2022\/04\/IMG_2574.jpg\" alt=\"\" width=\"2048\" height=\"1536\" srcset=\"https:\/\/pp8.kluczbork.pl\/wp-content\/uploads\/2022\/04\/IMG_2574.jpg 2048w, https:\/\/pp8.kluczbork.pl\/wp-content\/uploads\/2022\/04\/IMG_2574-300x225.jpg 300w, https:\/\/pp8.kluczbork.pl\/wp-content\/uploads\/2022\/04\/IMG_2574-1024x768.jpg 1024w, https:\/\/pp8.kluczbork.pl\/wp-content\/uploads\/2022\/04\/IMG_2574-768x576.jpg 768w, https:\/\/pp8.kluczbork.pl\/wp-content\/uploads\/2022\/04\/IMG_2574-1536x1152.jpg 1536w\" sizes=\"(max-width: 2048px) 100vw, 2048px\" \/><\/p><p style=\"text-align: center;\">W dniu 14 grudnia 2021 r. w Publicznym Przedszkolu nr.8 im Kubusia Puchatka\u00a0w Kluczborku z Oddzia\u0142ami Zamiejscowymi w Ligocie G\u00f3rnej i Smardach G\u00f3rnych,\u00a0mia\u0142o miejsce rozstrzygni\u0119cie konkursu plastycznego pt.\u00a0<strong><em>\u201e<\/em><em>Moja ulubiona bajka<\/em><em>\u201d,<\/em><\/strong>\u00a0adresowanego do dzieci w wieku od 3 do 6 lat.<\/p><p style=\"text-align: center;\"><img loading=\"lazy\" decoding=\"async\" class=\"aligncenter\" src=\"https:\/\/www.pp8.kluczbork.pl\/images\/IMG_2579.JPEG\" alt=\"\" width=\"572\" height=\"762\" border=\"0\" \/><\/p><p style=\"text-align: center;\">Do konkursu zg\u0142oszono 47 prac. Dzieci bior\u0105ce udzia\u0142 w konkursie wykaza\u0142y si\u0119 du\u017c\u0105 wyobra\u017ani\u0105 i zdolno\u015bciami manualnymi. Komisja Konkursowa bior\u0105c pod uwag\u0119 nast\u0119puj\u0105ce kryteria: rozwijanie wyobra\u017ani i pomys\u0142owo\u015bci, walory estetyczne, umiej\u0119tno\u015b\u0107 wykorzystania r\u00f3\u017cnorodnych technik i materia\u0142\u00f3w plastycznych,\u00a0postanowi\u0142a nagrodzi\u0107 wszystkie prace.<\/p><p style=\"text-align: center;\"><img loading=\"lazy\" decoding=\"async\" class=\"aligncenter\" src=\"https:\/\/www.pp8.kluczbork.pl\/images\/IMG_2568.JPEG\" alt=\"\" width=\"508\" height=\"380\" border=\"0\" \/><\/p><p style=\"text-align: center;\">Wszyscy uczestnicy otrzymali ksi\u0105\u017ceczki wsp\u00f3\u0142finansowane z\u00a0<em>Narodowego Programu Rozwoju Czytelnictwa 2.0.<\/em><\/p><p style=\"text-align: center;\"><strong>Serdecznie gratulujemy wszystkim uczestnikom oraz dzi\u0119kujemy za udzia\u0142 w konkursie.<\/strong><\/p><p style=\"text-align: center;\"><a href=\"https:\/\/flic.kr\/s\/aHBqjzwBpa\">Galeria zdj\u0119\u0107<\/a><\/p><p style=\"text-align: center;\">\u00a0<\/p><h2 class=\"dd-postheader\" style=\"text-align: center;\"><span class=\"dd-postheadericon\">Konkurs Plastyczny<\/span><\/h2><div class=\"dd-postheadericons dd-metadata-icons\" style=\"text-align: center;\">\u00a0<\/div><div class=\"dd-postcontent clearfix\"><div class=\"dd-article\"><p style=\"text-align: center;\">W przedszkolu organizowany jest konkurs plastyczny<\/p><p style=\"text-align: center;\">w ramach Narodowego Programu Rozwoju Czytelnictwa<\/p><p style=\"text-align: center;\">pt.\u00a0<strong>&#8222;Moja ulubiona bajka&#8221;<\/strong>.<\/p><p style=\"text-align: center;\">Termin sk\u0142adania prac do\u00a0<strong>10.12.2021 r.<\/strong><\/p><p style=\"text-align: center;\">Zapraszamy Dzieci i Rodzic\u00f3w do wykonania wsp\u00f3lnej pracy.<\/p><p style=\"text-align: center;\">Dzi\u0119kujemy!<\/p><\/div><\/div>\t\t\t\t\t\t<\/div>\n\t\t\t\t<\/div>\n\t\t\t\t\t<\/div>\n\t\t<\/div>\n\t\t\t\t\t\t\t<\/div>\n\t\t<\/section>\n\t\t\t\t\t\t<\/div>\n\t\t\t\t\t<\/div>\n\t\t","protected":false},"excerpt":{"rendered":"<p>Rozstrzygni\u0119cie konkursu plastycznego pt. \u201eMoja ulubiona bajka\u201d W dniu 14 grudnia 2021 r. w Publicznym Przedszkolu nr.8 im Kubusia Puchatka\u00a0w Kluczborku z Oddzia\u0142ami Zamiejscowymi w Ligocie G\u00f3rnej i Smardach G\u00f3rnych,\u00a0mia\u0142o miejsce rozstrzygni\u0119cie konkursu plastycznego pt.\u00a0\u201eMoja ulubiona bajka\u201d,\u00a0adresowanego do dzieci w wieku od 3 do 6 lat. Do konkursu zg\u0142oszono 47 [&hellip;]<\/p>\n","protected":false},"author":1,"featured_media":0,"parent":2127,"menu_order":0,"comment_status":"closed","ping_status":"closed","template":"","meta":{"ngg_post_thumbnail":0,"footnotes":""},"_links":{"self":[{"href":"https:\/\/pp8.kluczbork.pl\/index.php?rest_route=\/wp\/v2\/pages\/2144"}],"collection":[{"href":"https:\/\/pp8.kluczbork.pl\/index.php?rest_route=\/wp\/v2\/pages"}],"about":[{"href":"https:\/\/pp8.kluczbork.pl\/index.php?rest_route=\/wp\/v2\/types\/page"}],"author":[{"embeddable":true,"href":"https:\/\/pp8.kluczbork.pl\/index.php?rest_route=\/wp\/v2\/users\/1"}],"replies":[{"embeddable":true,"href":"https:\/\/pp8.kluczbork.pl\/index.php?rest_route=%2Fwp%2Fv2%2Fcomments&post=2144"}],"version-history":[{"count":4,"href":"https:\/\/pp8.kluczbork.pl\/index.php?rest_route=\/wp\/v2\/pages\/2144\/revisions"}],"predecessor-version":[{"id":2149,"href":"https:\/\/pp8.kluczbork.pl\/index.php?rest_route=\/wp\/v2\/pages\/2144\/revisions\/2149"}],"up":[{"embeddable":true,"href":"https:\/\/pp8.kluczbork.pl\/index.php?rest_route=\/wp\/v2\/pages\/2127"}],"wp:attachment":[{"href":"https:\/\/pp8.kluczbork.pl\/index.php?rest_route=%2Fwp%2Fv2%2Fmedia&parent=2144"}],"curies":[{"name":"wp","href":"https:\/\/api.w.org\/{rel}","templated":true}]}}