{"id":2139,"date":"2022-04-13T11:29:33","date_gmt":"2022-04-13T11:29:33","guid":{"rendered":"https:\/\/pp8.kluczbork.pl\/?page_id=2139"},"modified":"2022-04-13T11:29:56","modified_gmt":"2022-04-13T11:29:56","slug":"maly-mis-w-swiecie-wielkiej-literatury","status":"publish","type":"page","link":"https:\/\/pp8.kluczbork.pl\/?page_id=2139","title":{"rendered":"Ma\u0142y Mi\u015b w \u015bwiecie wielkiej literatury"},"content":{"rendered":"\t\t<div data-elementor-type=\"wp-page\" data-elementor-id=\"2139\" class=\"elementor elementor-2139\" data-elementor-settings=\"[]\">\n\t\t\t\t\t\t\t<div class=\"elementor-section-wrap\">\n\t\t\t\t\t\t\t<section class=\"elementor-section elementor-top-section elementor-element elementor-element-7fece7e elementor-section-boxed elementor-section-height-default elementor-section-height-default\" data-id=\"7fece7e\" data-element_type=\"section\">\n\t\t\t\t\t\t<div class=\"elementor-container elementor-column-gap-default\">\n\t\t\t\t\t<div class=\"elementor-column elementor-col-100 elementor-top-column elementor-element elementor-element-9d506b5\" data-id=\"9d506b5\" data-element_type=\"column\">\n\t\t\t<div class=\"elementor-widget-wrap elementor-element-populated\">\n\t\t\t\t\t\t\t\t<div class=\"elementor-element elementor-element-8dbc74d elementor-widget elementor-widget-text-editor\" data-id=\"8dbc74d\" data-element_type=\"widget\" data-widget_type=\"text-editor.default\">\n\t\t\t\t<div class=\"elementor-widget-container\">\n\t\t\t\t\t\t\t\t<h2><span class=\"subheading-category\">Ma\u0142y Mi\u015b w \u015bwiecie wielkiej literatury<\/span><\/h2><p>Nauczycielki z oddzia\u0142u zamiejscowego w Smardach G.<\/p><p><strong>A. Herbe\u0107 i A. Rygiel<\/strong><\/p><p><strong>oraz nauczycielka E. Rzymkiewicz<\/strong><\/p><p>w grupie &#8222;Kubusie&#8221; i &#8222;M\u0105dre Sowy&#8221;<\/p><p>realizuj\u0105 projekt edukacyjny pt.<\/p><p><strong>&#8222;Ma\u0142y Mi\u015b w \u015bwiecie wielkiej literatury&#8221;<\/strong><\/p><p>pokonuj\u0105c poszczeg\u00f3lne modu\u0142y.<\/p><p><a href=\"https:\/\/www.mac.pl\/malymis#harmo\" target=\"_blank\" rel=\"noopener\">Zobacz<\/a><\/p>\t\t\t\t\t\t<\/div>\n\t\t\t\t<\/div>\n\t\t\t\t\t<\/div>\n\t\t<\/div>\n\t\t\t\t\t\t\t<\/div>\n\t\t<\/section>\n\t\t\t\t\t\t<\/div>\n\t\t\t\t\t<\/div>\n\t\t","protected":false},"excerpt":{"rendered":"<p>Ma\u0142y Mi\u015b w \u015bwiecie wielkiej literatury Nauczycielki z oddzia\u0142u zamiejscowego w Smardach G. A. Herbe\u0107 i A. Rygiel oraz nauczycielka E. Rzymkiewicz w grupie &#8222;Kubusie&#8221; i &#8222;M\u0105dre Sowy&#8221; realizuj\u0105 projekt edukacyjny pt. &#8222;Ma\u0142y Mi\u015b w \u015bwiecie wielkiej literatury&#8221; pokonuj\u0105c poszczeg\u00f3lne modu\u0142y. Zobacz<\/p>\n","protected":false},"author":1,"featured_media":0,"parent":2127,"menu_order":0,"comment_status":"closed","ping_status":"closed","template":"","meta":{"ngg_post_thumbnail":0,"footnotes":""},"_links":{"self":[{"href":"https:\/\/pp8.kluczbork.pl\/index.php?rest_route=\/wp\/v2\/pages\/2139"}],"collection":[{"href":"https:\/\/pp8.kluczbork.pl\/index.php?rest_route=\/wp\/v2\/pages"}],"about":[{"href":"https:\/\/pp8.kluczbork.pl\/index.php?rest_route=\/wp\/v2\/types\/page"}],"author":[{"embeddable":true,"href":"https:\/\/pp8.kluczbork.pl\/index.php?rest_route=\/wp\/v2\/users\/1"}],"replies":[{"embeddable":true,"href":"https:\/\/pp8.kluczbork.pl\/index.php?rest_route=%2Fwp%2Fv2%2Fcomments&post=2139"}],"version-history":[{"count":4,"href":"https:\/\/pp8.kluczbork.pl\/index.php?rest_route=\/wp\/v2\/pages\/2139\/revisions"}],"predecessor-version":[{"id":2143,"href":"https:\/\/pp8.kluczbork.pl\/index.php?rest_route=\/wp\/v2\/pages\/2139\/revisions\/2143"}],"up":[{"embeddable":true,"href":"https:\/\/pp8.kluczbork.pl\/index.php?rest_route=\/wp\/v2\/pages\/2127"}],"wp:attachment":[{"href":"https:\/\/pp8.kluczbork.pl\/index.php?rest_route=%2Fwp%2Fv2%2Fmedia&parent=2139"}],"curies":[{"name":"wp","href":"https:\/\/api.w.org\/{rel}","templated":true}]}}