{"id":2117,"date":"2022-04-10T13:25:00","date_gmt":"2022-04-10T13:25:00","guid":{"rendered":"https:\/\/pp8.kluczbork.pl\/?page_id=2117"},"modified":"2024-01-05T13:17:30","modified_gmt":"2024-01-05T13:17:30","slug":"opis-projektu","status":"publish","type":"page","link":"https:\/\/pp8.kluczbork.pl\/?page_id=2117","title":{"rendered":"GMINA KLUCZBORK PODNOSI JAKO\u015a\u0106 EDUKACJI PRZEDSZKOLNEJ"},"content":{"rendered":"\t\t<div data-elementor-type=\"wp-page\" data-elementor-id=\"2117\" class=\"elementor elementor-2117\" data-elementor-settings=\"[]\">\n\t\t\t\t\t\t\t<div class=\"elementor-section-wrap\">\n\t\t\t\t\t\t\t<section class=\"elementor-section elementor-top-section elementor-element elementor-element-f43fe3a elementor-section-boxed elementor-section-height-default elementor-section-height-default\" data-id=\"f43fe3a\" data-element_type=\"section\">\n\t\t\t\t\t\t<div class=\"elementor-container elementor-column-gap-default\">\n\t\t\t\t\t<div class=\"elementor-column elementor-col-100 elementor-top-column elementor-element elementor-element-c4ab52a\" data-id=\"c4ab52a\" data-element_type=\"column\">\n\t\t\t<div class=\"elementor-widget-wrap elementor-element-populated\">\n\t\t\t\t\t\t\t\t<div class=\"elementor-element elementor-element-53b770c elementor-widget elementor-widget-text-editor\" data-id=\"53b770c\" data-element_type=\"widget\" data-widget_type=\"text-editor.default\">\n\t\t\t\t<div class=\"elementor-widget-container\">\n\t\t\t\t\t\t\t\t<p class=\"Textbody\"><img loading=\"lazy\" decoding=\"async\" class=\"aligncenter\" src=\"https:\/\/www.pp8.kluczbork.pl\/images\/eu_opolskie.png\" alt=\"\" width=\"613\" height=\"63\" \/><\/p><p class=\"Textbody\" style=\"text-align: center;\"><span style=\"font-size: 14pt;\">Projekt pt.\u00a0\u00a0\u201e<b>GMINA KLUCZBORK PODNOSI JAKO\u015a\u0106 EDUKACJI PRZEDSZKOLNEJ\u201d<\/b><\/span><\/p><p class=\"Textbody\" style=\"text-align: center;\"><span style=\"font-size: 14pt;\">realizowany ze \u015brodk\u00f3w Europejskiego Funduszu Spo\u0142ecznego (EFS)\u00a0<\/span><\/p><p class=\"Textbody\" style=\"text-align: center;\"><span style=\"font-size: 14pt;\">\u00a0\u00a0w ramach Regionalnego Programu Operacyjnego Wojew\u00f3dztwa Opolskiego<\/span><\/p><p class=\"Textbody\" style=\"text-align: center;\"><span style=\"font-size: 14pt;\">na lata 2014-2020 (RPOWO) nr projektu RPOR.09.01.03-16-0005\/18.<\/span><\/p><p><b><img loading=\"lazy\" decoding=\"async\" class=\"aligncenter\" src=\"https:\/\/www.pp8.kluczbork.pl\/images\/PlakatMaly.jpg\" alt=\"\" width=\"425\" height=\"552\" \/><\/b><\/p><p><b>PROJEKT TRWA w latach 2019 &#8211;\u00a0\u00a02021.<\/b><\/p><p class=\"Textbody\">Projekt realizowany w 6 przedszkolach\u00a0na terenie Gminy Kluczbork.<br \/>Dzia\u0142aniem obj\u0119te kompleksowo 627 dzieci w wieku przedszkolnym (272K, 355M)<br \/>w formie zaj\u0119\u0107 dodatkowych oraz wyr\u00f3wnuj\u0105cych deficyty,<br \/>w tym wynikaj\u0105ce z\u00a0\u00a0niepe\u0142nosprawno\u015bci.<br \/>Adekwatnie do potrzeb dzieci zosta\u0142y podniesione<br \/>i uaktualnione kompetencji kadry dydaktycznej<br \/>&#8211; 76 nauczycieli (75K, 1M), w tym w zakresie pedagogiki specjalnej,<br \/>kszta\u0142towania my\u015blenia matematycznego i badawczego,<br \/>rozwijania kreatywno\u015bci dzieci oraz TIK.<br \/>Nauczyciele obj\u0119ci projektem nabyli r\u00f3wnie\u017c dodatkowe<br \/>kwalifikacje z zakresu pedagogiki specjalnej,<br \/>kt\u00f3re umo\u017cliwi\u0105 skuteczniejsz\u0105 terapi\u0119 dzieci z niedomaganiami rozwojowymi.<br \/>Na potrzeby realizacji projektu doposa\u017cono plac\u00f3wki<br \/>w pomoce i sprz\u0119ty dostosowane do potrzeb dzieci w wieku przedszkolnym.<br \/>Przedszkola otrzyma\u0142y nowoczesne i bezpieczne place zabaw.<\/p><p class=\"Textbody\"><b>ZADANIA W RAMACH PROJEKTU w naszym przedszkolu:<br \/><\/b>&#8211; organizacja dodatkowych zaj\u0119\u0107 wyr\u00f3wnuj\u0105cych szanse edukacyjne<br \/>dzieci w zakresie stwierdzonych deficyt\u00f3w w przedszkolach w Gminie Kluczbork:\u00a0<br \/>&#8211; logopedia,\u00a0<br \/>&#8211; zaj\u0119cia specjalistyczne <br \/>&#8211; w zakresie integracji sensorycznej,\u00a0<br \/>&#8211; zaj\u0119\u0107 specjalistycznych &#8211; gimnastyka korekcyjna;<br \/>&#8211; kompetencje kluczowe zwi\u0105zane z my\u015bleniem matematycznym;<br \/>&#8211; dodatkowe zaj\u0119cia edukacyjne rozwijaj\u0105ce u dzieci<br \/>w wieku przedszkolnym kompetencje kluczowe przyrodnicze oraz j\u0119zykowe;<br \/>&#8211; zaj\u0119cia edukacyjne rozwijaj\u0105ce u dzieci w wieku przedszkolnym<br \/>&#8211; umiej\u0119tno\u015bci uniwersalne zwi\u0105zane z kreatywno\u015bci\u0105 i prac\u0105 zespo\u0142ow\u0105;<br \/>&#8211; prowadzonych przez Gmin\u0119 Kluczbork do pracy z dzie\u0107mi w wieku przedszkolnym,<br \/>w zakresie stosowania metod i form organizacyjnych sprzyjaj\u0105cych kszta\u0142towaniu \u00a0i rozwijaniu u dzieci <br \/>w wieku przedszkolnym kompetencji kluczowych i umiej\u0119tno\u015bci uniwersalnych;<\/p><p>Doposa\u017cenie przedszkoli prowadzonych przez Gmin\u0119 Kluczbork:\u00a0<br \/>&#8211; w sprz\u0119ty i pomoce do prowadzenia terapii i diagnozy <br \/>oraz pomoce dostosowane do potrzeb zwi\u0105zanych\u00a0<br \/>z edukacj\u0105 dzieci w wieku przedszkolnym;<br \/>&#8211; wyposa\u017cenie nowoczesnych i bezpiecznych plac\u00f3w zabaw<br \/>w przedszkolach prowadzonych przez Gmin\u0119 Kluczbork.<\/p>\t\t\t\t\t\t<\/div>\n\t\t\t\t<\/div>\n\t\t\t\t\t<\/div>\n\t\t<\/div>\n\t\t\t\t\t\t\t<\/div>\n\t\t<\/section>\n\t\t\t\t\t\t<\/div>\n\t\t\t\t\t<\/div>\n\t\t","protected":false},"excerpt":{"rendered":"<p>Projekt pt.\u00a0\u00a0\u201eGMINA KLUCZBORK PODNOSI JAKO\u015a\u0106 EDUKACJI PRZEDSZKOLNEJ\u201d realizowany ze \u015brodk\u00f3w Europejskiego Funduszu Spo\u0142ecznego (EFS)\u00a0 \u00a0\u00a0w ramach Regionalnego Programu Operacyjnego Wojew\u00f3dztwa Opolskiego na lata 2014-2020 (RPOWO) nr projektu RPOR.09.01.03-16-0005\/18. PROJEKT TRWA w latach 2019 &#8211;\u00a0\u00a02021. Projekt realizowany w 6 przedszkolach\u00a0na terenie Gminy Kluczbork.Dzia\u0142aniem obj\u0119te kompleksowo 627 dzieci w wieku przedszkolnym (272K, [&hellip;]<\/p>\n","protected":false},"author":1,"featured_media":0,"parent":2074,"menu_order":0,"comment_status":"closed","ping_status":"closed","template":"","meta":{"ngg_post_thumbnail":0,"footnotes":""},"_links":{"self":[{"href":"https:\/\/pp8.kluczbork.pl\/index.php?rest_route=\/wp\/v2\/pages\/2117"}],"collection":[{"href":"https:\/\/pp8.kluczbork.pl\/index.php?rest_route=\/wp\/v2\/pages"}],"about":[{"href":"https:\/\/pp8.kluczbork.pl\/index.php?rest_route=\/wp\/v2\/types\/page"}],"author":[{"embeddable":true,"href":"https:\/\/pp8.kluczbork.pl\/index.php?rest_route=\/wp\/v2\/users\/1"}],"replies":[{"embeddable":true,"href":"https:\/\/pp8.kluczbork.pl\/index.php?rest_route=%2Fwp%2Fv2%2Fcomments&post=2117"}],"version-history":[{"count":8,"href":"https:\/\/pp8.kluczbork.pl\/index.php?rest_route=\/wp\/v2\/pages\/2117\/revisions"}],"predecessor-version":[{"id":4727,"href":"https:\/\/pp8.kluczbork.pl\/index.php?rest_route=\/wp\/v2\/pages\/2117\/revisions\/4727"}],"up":[{"embeddable":true,"href":"https:\/\/pp8.kluczbork.pl\/index.php?rest_route=\/wp\/v2\/pages\/2074"}],"wp:attachment":[{"href":"https:\/\/pp8.kluczbork.pl\/index.php?rest_route=%2Fwp%2Fv2%2Fmedia&parent=2117"}],"curies":[{"name":"wp","href":"https:\/\/api.w.org\/{rel}","templated":true}]}}