{"id":2080,"date":"2022-04-10T13:19:22","date_gmt":"2022-04-10T13:19:22","guid":{"rendered":"https:\/\/pp8.kluczbork.pl\/?page_id=2080"},"modified":"2022-04-10T13:19:55","modified_gmt":"2022-04-10T13:19:55","slug":"integracja-sensoryczna","status":"publish","type":"page","link":"https:\/\/pp8.kluczbork.pl\/?page_id=2080","title":{"rendered":"Integracja Sensoryczna"},"content":{"rendered":"\t\t<div data-elementor-type=\"wp-page\" data-elementor-id=\"2080\" class=\"elementor elementor-2080\" data-elementor-settings=\"[]\">\n\t\t\t\t\t\t\t<div class=\"elementor-section-wrap\">\n\t\t\t\t\t\t\t<section class=\"elementor-section elementor-top-section elementor-element elementor-element-9c37c9e elementor-section-boxed elementor-section-height-default elementor-section-height-default\" data-id=\"9c37c9e\" data-element_type=\"section\">\n\t\t\t\t\t\t<div class=\"elementor-container elementor-column-gap-default\">\n\t\t\t\t\t<div class=\"elementor-column elementor-col-100 elementor-top-column elementor-element elementor-element-8bbed67\" data-id=\"8bbed67\" data-element_type=\"column\">\n\t\t\t<div class=\"elementor-widget-wrap elementor-element-populated\">\n\t\t\t\t\t\t\t\t<div class=\"elementor-element elementor-element-2ed6587 elementor-widget elementor-widget-text-editor\" data-id=\"2ed6587\" data-element_type=\"widget\" data-widget_type=\"text-editor.default\">\n\t\t\t\t<div class=\"elementor-widget-container\">\n\t\t\t\t\t\t\t\t<p><span style=\"font-size: 14pt; color: #339966;\"><strong>Integracja sensoryczna<\/strong>\u00a0jest to proces,<\/span><\/p><p><span style=\"font-size: 14pt; color: #339966;\">dzi\u0119ki kt\u00f3remu m\u00f3zg prawid\u0142owo rozpoznaje,<\/span><\/p><p><span style=\"font-size: 14pt; color: #339966;\">przekszta\u0142ca i integruje informacje<\/span><\/p><p><span style=\"font-size: 14pt; color: #339966;\">ze wszystkich system\u00f3w zmys\u0142owych<\/span><\/p><p><span style=\"font-size: 14pt; color: #339966;\">\u00a0\u0142\u0105cz\u0105c je z wcze\u015bniejszymi do\u015bwiadczeniami.<\/span><\/p><p><span style=\"font-size: 14pt; color: #339966;\">Jest to proces niezb\u0119dny do prawid\u0142owego<\/span><\/p><p><span style=\"font-size: 14pt; color: #339966;\">przetwarzania tych informacji<\/span><\/p><p><span style=\"font-size: 14pt; color: #339966;\">oraz kolejno do celowego dzia\u0142ania.<\/span><\/p><p><span style=\"font-size: 14pt; color: #339966;\">W trakcie procesu integracji sensorycznej<\/span><\/p><p><span style=\"font-size: 14pt; color: #339966;\">powstaj\u0105 reakcje adaptacyjne, kt\u00f3re s\u0105 podstaw\u0105 dla prawid\u0142owego rozwoju.<\/span><\/p><p><span style=\"font-size: 14pt; color: #339966;\">Zaj\u0119cia w ramach integracji sensorycznej mia\u0142y charakter<\/span><\/p><p><span style=\"font-size: 14pt; color: #339966;\">\u201ezabawy naukowej\u201d w trakcie,<\/span><\/p><p><span style=\"font-size: 14pt; color: #339966;\">kt\u00f3rej dziecko pod opiek\u0105 nauczyciela\u00a0\u00a0&#8211; terapeuty\u00a0\u00a0SI<\/span><\/p><p><span style=\"font-size: 14pt; color: #339966;\">uczy\u0142o si\u0119 efektywniej przetwarza\u0107<\/span><\/p><p><span style=\"font-size: 14pt; color: #339966;\">i wykorzystywa\u0107 informacje sensoryczne docieraj\u0105ce z receptor\u00f3w.\u00a0<\/span><\/p><p><span style=\"font-size: 14pt; color: #339966;\">W czasie zaj\u0119\u0107 wzmacnia\u0142o si\u0119 procesy nerwowe le\u017c\u0105ce<\/span><\/p><p><span style=\"font-size: 14pt; color: #339966;\">u podstaw konkretnych umiej\u0119tno\u015bci.<\/span><\/p><p><span style=\"font-size: 14pt; color: #339966;\">Zadania te by\u0142y odpowiednio wywa\u017cone, czyli skonstruowane tak,<\/span><\/p><p><span style=\"font-size: 14pt; color: #339966;\">by by\u0107 jak najbli\u017cej sfery rozwoju dziecka \u2013 nie by\u0142y ani zbyt \u0142atwe,<\/span><\/p><p><span style=\"font-size: 14pt; color: #339966;\">ani zbyt trudne, a co wi\u0119cej \u2013 atrakcyjne i interesuj\u0105ce dla dziecka.<\/span><\/p>\t\t\t\t\t\t<\/div>\n\t\t\t\t<\/div>\n\t\t\t\t\t<\/div>\n\t\t<\/div>\n\t\t\t\t\t\t\t<\/div>\n\t\t<\/section>\n\t\t\t\t\t\t<\/div>\n\t\t\t\t\t<\/div>\n\t\t","protected":false},"excerpt":{"rendered":"<p>Integracja sensoryczna\u00a0jest to proces, dzi\u0119ki kt\u00f3remu m\u00f3zg prawid\u0142owo rozpoznaje, przekszta\u0142ca i integruje informacje ze wszystkich system\u00f3w zmys\u0142owych \u00a0\u0142\u0105cz\u0105c je z wcze\u015bniejszymi do\u015bwiadczeniami. Jest to proces niezb\u0119dny do prawid\u0142owego przetwarzania tych informacji oraz kolejno do celowego dzia\u0142ania. W trakcie procesu integracji sensorycznej powstaj\u0105 reakcje adaptacyjne, kt\u00f3re s\u0105 podstaw\u0105 dla prawid\u0142owego rozwoju. [&hellip;]<\/p>\n","protected":false},"author":1,"featured_media":0,"parent":2074,"menu_order":0,"comment_status":"closed","ping_status":"closed","template":"","meta":{"ngg_post_thumbnail":0,"footnotes":""},"_links":{"self":[{"href":"https:\/\/pp8.kluczbork.pl\/index.php?rest_route=\/wp\/v2\/pages\/2080"}],"collection":[{"href":"https:\/\/pp8.kluczbork.pl\/index.php?rest_route=\/wp\/v2\/pages"}],"about":[{"href":"https:\/\/pp8.kluczbork.pl\/index.php?rest_route=\/wp\/v2\/types\/page"}],"author":[{"embeddable":true,"href":"https:\/\/pp8.kluczbork.pl\/index.php?rest_route=\/wp\/v2\/users\/1"}],"replies":[{"embeddable":true,"href":"https:\/\/pp8.kluczbork.pl\/index.php?rest_route=%2Fwp%2Fv2%2Fcomments&post=2080"}],"version-history":[{"count":4,"href":"https:\/\/pp8.kluczbork.pl\/index.php?rest_route=\/wp\/v2\/pages\/2080\/revisions"}],"predecessor-version":[{"id":2084,"href":"https:\/\/pp8.kluczbork.pl\/index.php?rest_route=\/wp\/v2\/pages\/2080\/revisions\/2084"}],"up":[{"embeddable":true,"href":"https:\/\/pp8.kluczbork.pl\/index.php?rest_route=\/wp\/v2\/pages\/2074"}],"wp:attachment":[{"href":"https:\/\/pp8.kluczbork.pl\/index.php?rest_route=%2Fwp%2Fv2%2Fmedia&parent=2080"}],"curies":[{"name":"wp","href":"https:\/\/api.w.org\/{rel}","templated":true}]}}